{"id":53,"date":"2023-10-05T15:38:42","date_gmt":"2023-10-05T13:38:42","guid":{"rendered":"https:\/\/zarzadzanie.smarthost.pl\/sp1\/sp\/?page_id=53"},"modified":"2025-09-05T14:52:23","modified_gmt":"2025-09-05T12:52:23","slug":"zajecia-pozalekcyjne-2025-26","status":"publish","type":"page","link":"https:\/\/spolecznajedynka.pl\/sp\/zajecia-pozalekcyjne-2025-26\/","title":{"rendered":"Zaj\u0119cia pozalekcyjne 2025\/26"},"content":{"rendered":"<p>Zapisy na zaj\u0119cia pozalekcyjne zostan\u0105 uruchomione w poniedzia\u0142ek 8 wrze\u015bnia 2025 o godzinie 17:00 w aplikacji Pagaspot.<\/p>\n<p>Zaj\u0119cia pozalekcyjne rozpoczynaj\u0105 si\u0119 we wtorek, 9 wrze\u015bnia 2025.<\/p>\n<p><a href=\"https:\/\/spolecznajedynka.pl\/sp\/wp-content\/uploads\/sites\/3\/2025\/09\/Instrukcja-zapisow-na-zajecia-pozalekcyjne.pdf\" target=\"_blank\" rel=\"noopener\">Instrukcja zapis\u00f3w (PDF, 0.5MB)<\/a><\/p>\n<p><iframe loading=\"lazy\" src=\"https:\/\/docs.google.com\/spreadsheets\/d\/e\/2PACX-1vTi1FrYf8Om2plhx4KrAklMz2-PzTGpM585yz-Y4ok7Ld1JWABIESWT12ljEeXLeLFWDmASdt74XSFZ\/pubhtml?gid=2065826539&amp;single=true&amp;widget=true&amp;headers=false\" width=\"100%\" height=\"1200\"><\/iframe><\/p>\n<p>&nbsp;<\/p>\n<p><span style=\"font-weight: 400;\">Zaj\u0119cia pozalekcyjne w szko\u0142ach pozwalaj\u0105 wykracza\u0107 poza podstawowy plan nauczania, w kt\u00f3rym nie zawsze jest czas na skupienie si\u0119 na jednostkach i ich zainteresowaniach. Du\u017ca ilo\u015b\u0107 materia\u0142u nie sprzyja wydobywaniu potencja\u0142u czy odkrywaniu talent\u00f3w. Dodatkowe lekcje to mo\u017cliwo\u015b\u0107 wszechstronnego rozwoju. Pomagaj\u0105 dziecku poznawa\u0107 tajemnice otaczaj\u0105cego nas \u015bwiata, towarzysz\u0105cych mu zjawisk oraz zwyczaje i obyczaje spo\u0142eczne. Zaj\u0119cia dodatkowe w szkole podstawowej to dobry pomys\u0142, aby ju\u017c od najm\u0142odszych lat odpowiada\u0107 na indywidualne potrzeby uczni\u00f3w, odkrywa\u0107 ich najmocniejsze strony i wspiera\u0107 ich rozw\u00f3j.<\/span><\/p>\n<p><span style=\"font-weight: 400;\">Zaj\u0119cia pozalekcyjne w szkole to dobry spos\u00f3b na:<\/span><\/p>\n<ul>\n<li style=\"font-weight: 400;\" aria-level=\"1\"><span style=\"font-weight: 400;\">nauk\u0119 kreatywnego my\u015blenia,<\/span><\/li>\n<li style=\"font-weight: 400;\" aria-level=\"1\"><span style=\"font-weight: 400;\">zach\u0119cenie do dzia\u0142ania,<\/span><\/li>\n<li style=\"font-weight: 400;\" aria-level=\"1\"><span style=\"font-weight: 400;\">pokazanie dziecku, jak prawid\u0142owo organizowa\u0107 czas i nim zarz\u0105dza\u0107, aby podo\u0142a\u0107 r\u00f3\u017cnym obowi\u0105zkom,<\/span><\/li>\n<li style=\"font-weight: 400;\" aria-level=\"1\"><span style=\"font-weight: 400;\">odkrycie talent\u00f3w w\u015br\u00f3d jednostek wybitnych w r\u00f3\u017cnych dziedzinach,<\/span><\/li>\n<li style=\"font-weight: 400;\" aria-level=\"1\"><span style=\"font-weight: 400;\">tw\u00f3rcze wykorzystanie czasu wolnego,<\/span><\/li>\n<li style=\"font-weight: 400;\" aria-level=\"1\"><span style=\"font-weight: 400;\">\u00a0rozszerzenie szkolnej wiedzy,<\/span><\/li>\n<li style=\"font-weight: 400;\" aria-level=\"1\"><span style=\"font-weight: 400;\">uczestnictwo w grupowych projektach, kt\u00f3re rozwijaj\u0105 umiej\u0119tno\u015bci spo\u0142eczne, ucz\u0105 nawi\u0105zywania relacji i podnosz\u0105 kompetencje komunikacyjne.<\/span><\/li>\n<\/ul>\n","protected":false},"excerpt":{"rendered":"<p>Zapisy na zaj\u0119cia pozalekcyjne zostan\u0105 uruchomione w poniedzia\u0142ek 8 wrze\u015bnia 2025 o godzinie 17:00 w aplikacji Pagaspot. Zaj\u0119cia pozalekcyjne rozpoczynaj\u0105&#8230;<\/p>\n","protected":false},"author":2,"featured_media":0,"parent":0,"menu_order":0,"comment_status":"closed","ping_status":"closed","template":"","meta":{"_acf_changed":false,"footnotes":""},"class_list":["post-53","page","type-page","status-publish","hentry"],"acf":[],"yoast_head":"<!-- This site is optimized with the Yoast SEO plugin v27.5 - https:\/\/yoast.com\/product\/yoast-seo-wordpress\/ -->\n<title>Zaj\u0119cia pozalekcyjne 2025\/26 - Szko\u0142a Podstawowa<\/title>\n<meta name=\"robots\" content=\"index, follow, max-snippet:-1, max-image-preview:large, max-video-preview:-1\" \/>\n<link rel=\"canonical\" href=\"https:\/\/spolecznajedynka.pl\/sp\/zajecia-pozalekcyjne-2025-26\/\" \/>\n<meta property=\"og:locale\" content=\"pl_PL\" \/>\n<meta property=\"og:type\" content=\"article\" \/>\n<meta property=\"og:title\" content=\"Zaj\u0119cia pozalekcyjne 2025\/26 - Szko\u0142a Podstawowa\" \/>\n<meta property=\"og:description\" content=\"Zapisy na zaj\u0119cia pozalekcyjne zostan\u0105 uruchomione w poniedzia\u0142ek 8 wrze\u015bnia 2025 o godzinie 17:00 w aplikacji Pagaspot. Zaj\u0119cia pozalekcyjne rozpoczynaj\u0105...\" \/>\n<meta property=\"og:url\" content=\"https:\/\/spolecznajedynka.pl\/sp\/zajecia-pozalekcyjne-2025-26\/\" \/>\n<meta property=\"og:site_name\" content=\"Szko\u0142a Podstawowa\" \/>\n<meta property=\"article:publisher\" content=\"https:\/\/www.facebook.com\/spolecznajedynkapoznan\/\" \/>\n<meta property=\"article:modified_time\" content=\"2025-09-05T12:52:23+00:00\" \/>\n<meta name=\"twitter:card\" content=\"summary_large_image\" \/>\n<meta name=\"twitter:label1\" content=\"Szacowany czas czytania\" \/>\n\t<meta name=\"twitter:data1\" content=\"2 minuty\" \/>\n<script type=\"application\/ld+json\" class=\"yoast-schema-graph\">{\"@context\":\"https:\\\/\\\/schema.org\",\"@graph\":[{\"@type\":\"WebPage\",\"@id\":\"https:\\\/\\\/spolecznajedynka.pl\\\/sp\\\/zajecia-pozalekcyjne-2025-26\\\/\",\"url\":\"https:\\\/\\\/spolecznajedynka.pl\\\/sp\\\/zajecia-pozalekcyjne-2025-26\\\/\",\"name\":\"Zaj\u0119cia pozalekcyjne 2025\\\/26 - Szko\u0142a Podstawowa\",\"isPartOf\":{\"@id\":\"https:\\\/\\\/spolecznajedynka.pl\\\/sp\\\/#website\"},\"datePublished\":\"2023-10-05T13:38:42+00:00\",\"dateModified\":\"2025-09-05T12:52:23+00:00\",\"breadcrumb\":{\"@id\":\"https:\\\/\\\/spolecznajedynka.pl\\\/sp\\\/zajecia-pozalekcyjne-2025-26\\\/#breadcrumb\"},\"inLanguage\":\"pl-PL\",\"potentialAction\":[{\"@type\":\"ReadAction\",\"target\":[\"https:\\\/\\\/spolecznajedynka.pl\\\/sp\\\/zajecia-pozalekcyjne-2025-26\\\/\"]}]},{\"@type\":\"BreadcrumbList\",\"@id\":\"https:\\\/\\\/spolecznajedynka.pl\\\/sp\\\/zajecia-pozalekcyjne-2025-26\\\/#breadcrumb\",\"itemListElement\":[{\"@type\":\"ListItem\",\"position\":1,\"name\":\"Strona g\u0142\u00f3wna\",\"item\":\"https:\\\/\\\/spolecznajedynka.pl\\\/sp\\\/\"},{\"@type\":\"ListItem\",\"position\":2,\"name\":\"Zaj\u0119cia pozalekcyjne 2025\\\/26\"}]},{\"@type\":\"WebSite\",\"@id\":\"https:\\\/\\\/spolecznajedynka.pl\\\/sp\\\/#website\",\"url\":\"https:\\\/\\\/spolecznajedynka.pl\\\/sp\\\/\",\"name\":\"Szko\u0142a Podstawowa Spo\u0142eczna Jedynka Pozna\u0144\",\"description\":\"\",\"publisher\":{\"@id\":\"https:\\\/\\\/spolecznajedynka.pl\\\/sp\\\/#organization\"},\"potentialAction\":[{\"@type\":\"SearchAction\",\"target\":{\"@type\":\"EntryPoint\",\"urlTemplate\":\"https:\\\/\\\/spolecznajedynka.pl\\\/sp\\\/?s={search_term_string}\"},\"query-input\":{\"@type\":\"PropertyValueSpecification\",\"valueRequired\":true,\"valueName\":\"search_term_string\"}}],\"inLanguage\":\"pl-PL\"},{\"@type\":\"Organization\",\"@id\":\"https:\\\/\\\/spolecznajedynka.pl\\\/sp\\\/#organization\",\"name\":\"Szko\u0142a Podstawowa Spo\u0142eczna Jedynka Pozna\u0144\",\"url\":\"https:\\\/\\\/spolecznajedynka.pl\\\/sp\\\/\",\"logo\":{\"@type\":\"ImageObject\",\"inLanguage\":\"pl-PL\",\"@id\":\"https:\\\/\\\/spolecznajedynka.pl\\\/sp\\\/#\\\/schema\\\/logo\\\/image\\\/\",\"url\":\"https:\\\/\\\/spolecznajedynka.pl\\\/sp\\\/wp-content\\\/uploads\\\/sites\\\/3\\\/2023\\\/10\\\/logo.png\",\"contentUrl\":\"https:\\\/\\\/spolecznajedynka.pl\\\/sp\\\/wp-content\\\/uploads\\\/sites\\\/3\\\/2023\\\/10\\\/logo.png\",\"width\":75,\"height\":124,\"caption\":\"Szko\u0142a Podstawowa Spo\u0142eczna Jedynka Pozna\u0144\"},\"image\":{\"@id\":\"https:\\\/\\\/spolecznajedynka.pl\\\/sp\\\/#\\\/schema\\\/logo\\\/image\\\/\"},\"sameAs\":[\"https:\\\/\\\/www.facebook.com\\\/spolecznajedynkapoznan\\\/\",\"https:\\\/\\\/www.instagram.com\\\/spolecznajedynka\\\/\"]}]}<\/script>\n<!-- \/ Yoast SEO plugin. -->","yoast_head_json":{"title":"Zaj\u0119cia pozalekcyjne 2025\/26 - Szko\u0142a Podstawowa","robots":{"index":"index","follow":"follow","max-snippet":"max-snippet:-1","max-image-preview":"max-image-preview:large","max-video-preview":"max-video-preview:-1"},"canonical":"https:\/\/spolecznajedynka.pl\/sp\/zajecia-pozalekcyjne-2025-26\/","og_locale":"pl_PL","og_type":"article","og_title":"Zaj\u0119cia pozalekcyjne 2025\/26 - Szko\u0142a Podstawowa","og_description":"Zapisy na zaj\u0119cia pozalekcyjne zostan\u0105 uruchomione w poniedzia\u0142ek 8 wrze\u015bnia 2025 o godzinie 17:00 w aplikacji Pagaspot. Zaj\u0119cia pozalekcyjne rozpoczynaj\u0105...","og_url":"https:\/\/spolecznajedynka.pl\/sp\/zajecia-pozalekcyjne-2025-26\/","og_site_name":"Szko\u0142a Podstawowa","article_publisher":"https:\/\/www.facebook.com\/spolecznajedynkapoznan\/","article_modified_time":"2025-09-05T12:52:23+00:00","twitter_card":"summary_large_image","twitter_misc":{"Szacowany czas czytania":"2 minuty"},"schema":{"@context":"https:\/\/schema.org","@graph":[{"@type":"WebPage","@id":"https:\/\/spolecznajedynka.pl\/sp\/zajecia-pozalekcyjne-2025-26\/","url":"https:\/\/spolecznajedynka.pl\/sp\/zajecia-pozalekcyjne-2025-26\/","name":"Zaj\u0119cia pozalekcyjne 2025\/26 - Szko\u0142a Podstawowa","isPartOf":{"@id":"https:\/\/spolecznajedynka.pl\/sp\/#website"},"datePublished":"2023-10-05T13:38:42+00:00","dateModified":"2025-09-05T12:52:23+00:00","breadcrumb":{"@id":"https:\/\/spolecznajedynka.pl\/sp\/zajecia-pozalekcyjne-2025-26\/#breadcrumb"},"inLanguage":"pl-PL","potentialAction":[{"@type":"ReadAction","target":["https:\/\/spolecznajedynka.pl\/sp\/zajecia-pozalekcyjne-2025-26\/"]}]},{"@type":"BreadcrumbList","@id":"https:\/\/spolecznajedynka.pl\/sp\/zajecia-pozalekcyjne-2025-26\/#breadcrumb","itemListElement":[{"@type":"ListItem","position":1,"name":"Strona g\u0142\u00f3wna","item":"https:\/\/spolecznajedynka.pl\/sp\/"},{"@type":"ListItem","position":2,"name":"Zaj\u0119cia pozalekcyjne 2025\/26"}]},{"@type":"WebSite","@id":"https:\/\/spolecznajedynka.pl\/sp\/#website","url":"https:\/\/spolecznajedynka.pl\/sp\/","name":"Szko\u0142a Podstawowa Spo\u0142eczna Jedynka Pozna\u0144","description":"","publisher":{"@id":"https:\/\/spolecznajedynka.pl\/sp\/#organization"},"potentialAction":[{"@type":"SearchAction","target":{"@type":"EntryPoint","urlTemplate":"https:\/\/spolecznajedynka.pl\/sp\/?s={search_term_string}"},"query-input":{"@type":"PropertyValueSpecification","valueRequired":true,"valueName":"search_term_string"}}],"inLanguage":"pl-PL"},{"@type":"Organization","@id":"https:\/\/spolecznajedynka.pl\/sp\/#organization","name":"Szko\u0142a Podstawowa Spo\u0142eczna Jedynka Pozna\u0144","url":"https:\/\/spolecznajedynka.pl\/sp\/","logo":{"@type":"ImageObject","inLanguage":"pl-PL","@id":"https:\/\/spolecznajedynka.pl\/sp\/#\/schema\/logo\/image\/","url":"https:\/\/spolecznajedynka.pl\/sp\/wp-content\/uploads\/sites\/3\/2023\/10\/logo.png","contentUrl":"https:\/\/spolecznajedynka.pl\/sp\/wp-content\/uploads\/sites\/3\/2023\/10\/logo.png","width":75,"height":124,"caption":"Szko\u0142a Podstawowa Spo\u0142eczna Jedynka Pozna\u0144"},"image":{"@id":"https:\/\/spolecznajedynka.pl\/sp\/#\/schema\/logo\/image\/"},"sameAs":["https:\/\/www.facebook.com\/spolecznajedynkapoznan\/","https:\/\/www.instagram.com\/spolecznajedynka\/"]}]}},"_links":{"self":[{"href":"https:\/\/spolecznajedynka.pl\/sp\/wp-json\/wp\/v2\/pages\/53","targetHints":{"allow":["GET"]}}],"collection":[{"href":"https:\/\/spolecznajedynka.pl\/sp\/wp-json\/wp\/v2\/pages"}],"about":[{"href":"https:\/\/spolecznajedynka.pl\/sp\/wp-json\/wp\/v2\/types\/page"}],"author":[{"embeddable":true,"href":"https:\/\/spolecznajedynka.pl\/sp\/wp-json\/wp\/v2\/users\/2"}],"replies":[{"embeddable":true,"href":"https:\/\/spolecznajedynka.pl\/sp\/wp-json\/wp\/v2\/comments?post=53"}],"version-history":[{"count":5,"href":"https:\/\/spolecznajedynka.pl\/sp\/wp-json\/wp\/v2\/pages\/53\/revisions"}],"predecessor-version":[{"id":4420,"href":"https:\/\/spolecznajedynka.pl\/sp\/wp-json\/wp\/v2\/pages\/53\/revisions\/4420"}],"wp:attachment":[{"href":"https:\/\/spolecznajedynka.pl\/sp\/wp-json\/wp\/v2\/media?parent=53"}],"curies":[{"name":"wp","href":"https:\/\/api.w.org\/{rel}","templated":true}]}}