{"id":458,"date":"2023-10-15T23:07:38","date_gmt":"2023-10-15T21:07:38","guid":{"rendered":"https:\/\/zarzadzanie.smarthost.pl\/sp1\/sp\/?page_id=458"},"modified":"2023-10-30T00:47:18","modified_gmt":"2023-10-29T23:47:18","slug":"edukacja-jezykowa","status":"publish","type":"page","link":"https:\/\/spolecznajedynka.pl\/sp\/edukacja-jezykowa\/","title":{"rendered":"Edukacja j\u0119zykowa"},"content":{"rendered":"<p><strong>W Spo\u0142ecznej Jedynce edukacja j\u0119zykowa to nie tylko przekazywanie regu\u0142 gramatycznych czy listy s\u0142\u00f3wek. To fascynuj\u0105ca podr\u00f3\u017c w \u015bwiat s\u0142owa, rozwijanie umiej\u0119tno\u015bci komunikacyjnych i kszta\u0142towanie mi\u0142o\u015bci do j\u0119zyka jako narz\u0119dzia wyra\u017cania siebie.<\/strong><\/p>\n<p><strong>1. Szeroki wyb\u00f3r j\u0119zyk\u00f3w obcych<\/strong><\/p>\n<p>Naszym uczniom i uczennicom proponujemy wysoki poziom j\u0119zyka angielskiego oraz innych j\u0119zyk\u00f3w obcych.<\/p>\n<p>Jako drugi j\u0119zyk obcy nasi uczniowie i uczennice mog\u0105 wybiera\u0107 mi\u0119dzy: j\u0119zykiem hiszpa\u0144skim, j\u0119zykiem niemieckim i j\u0119zykiem francuskim.<\/p>\n<p><strong>2. Indywidualne podej\u015bcie do ucznia<\/strong><\/p>\n<p>Ka\u017cdy ucze\u0144 &#8211; wraz z jego mo\u017cliwo\u015bciami, zainteresowaniami i wyzwaniami &#8211; jest dla nas indywidualno\u015bci\u0105.<\/p>\n<p>Dzi\u0119ki indywidualnemu podej\u015bciu do ka\u017cdego ucznia ci, kt\u00f3rzy potrzebuj\u0105 wsparcia, zawsze je otrzymuj\u0105 &#8211; a ci, kt\u00f3rzy potrzebuj\u0105 wyzwa\u0144, mog\u0105 wznosi\u0107 swoje j\u0119zykowe umiej\u0119tno\u015bci na jeszcze wy\u017cszy poziom.<\/p>\n<p><strong>3. Wysoki poziom nauczania<\/strong><\/p>\n<p>O wysokim poziomie nauczania w obszarze j\u0119zyk\u00f3w obcych \u015bwiadczy r\u00f3wnie\u017c fakt, \u017ce od lat \u015brednia wynik\u00f3w egzamin\u00f3w z j\u0119zyk\u00f3w obcych uczni\u00f3w i uczennic Spo\u0142ecznej Jedynki jest wy\u017csza od \u015bredniej krajowej.<\/p>\n<p>W roku 2023 nasi uczniowie i uczennice zdali egzamin z j\u0119zyka angielskiego \u015brednio na 94% (\u015brednia krajowa: 66%), a z j\u0119zyka hiszpa\u0144skiego &#8211; na 100% (\u015brednia krajowa: 63%).<\/p>\n<p><strong>4. J\u0119zyki obce poza lekcjami<\/strong><\/p>\n<p>Uczniowie Spo\u0142ecznej Jedynki maj\u0105 mo\u017cliwo\u015b\u0107 uczestnictwa w zaj\u0119ciach pozalekcyjnych, kt\u00f3re wynosz\u0105 ich umiej\u0119tno\u015bci j\u0119zykowe na wy\u017cszy poziom.<\/p>\n<p>Liczne konkursy j\u0119zykowe s\u0105 szans\u0105 na sprawdzenie poziomu j\u0119zyka i jeszcze jedn\u0105 okazj\u0105 do doskonalenia umiej\u0119tno\u015bci j\u0119zykowych oraz pog\u0142\u0119biania wiedzy o krajach angloj\u0119zycznych.<\/p>\n<p>Od lat w czerwcu jeste\u015bmy uczestnikami Festiwalu Film\u00f3w Angloj\u0119zycznych &#8211; nasi uczniowie staj\u0105 si\u0119 wtedy re\u017cyserami, scenarzystami, aktorami i t\u0142umaczami.<\/p>\n<p>Nasi uczniowie regularnie przyst\u0119puj\u0105 do egzamin\u00f3w certyfikacyjnych z j\u0119zyk\u00f3w obcych &#8211; jest to dla nich tak motywacja do rozwoju, jak i inwestycja w przysz\u0142o\u015b\u0107.<\/p>\n<p><strong>5. Projekty mi\u0119dzynarodowe w Spo\u0142ecznej Jedynce<\/strong><\/p>\n<p>Dzi\u0119ki naszej akredytacji w programie Erasmus+ podopieczni Spo\u0142ecznej Jedynki w ci\u0105gu roku szkolnego bior\u0105 udzia\u0142 w wymianach mi\u0119dzynarodowych, zagranicznych kursach j\u0119zykowych oraz d\u0142ugoterminowych pobytach w szko\u0142ach za granic\u0105. Ka\u017cdy wyjazd to okazja do wielu godzin konwersacji z native speakerami, poszerzenia kulturowych horyzont\u00f3w i nawi\u0105zania mi\u0119dzynarodowych znajomo\u015bci.<\/p>\n<p>Za granic\u0105 sukcesywnie dokszta\u0142caj\u0105 si\u0119 te\u017c nasi nauczyciele &#8211; w trakcie kurs\u00f3w za granic\u0105 nie tylko poznaj\u0105 lepiej j\u0119zyki obce, ale doskonal\u0105 warsztat metodyczny i wymieniaj\u0105 do\u015bwiadczenia z pracownikami o\u015bwiaty z ca\u0142ej Europy.<\/p>\n<p>&nbsp;<\/p>\n<p><strong>Edukacja j\u0119zykowa w Spo\u0142ecznej Jedynce to nie tylko nauka konkretnego j\u0119zyka, ale r\u00f3wnie\u017c rozwijanie umiej\u0119tno\u015bci komunikacyjnych, kulturowej \u015bwiadomo\u015bci i pasji do s\u0142owa pisanego i m\u00f3wionego.<\/strong><\/p>\n<p><strong>Dzi\u0119ki nowoczesnym metodom nauczania, praktycznemu podej\u015bciu i kontaktom z r\u00f3wie\u015bnikami z innych kraj\u00f3w uczniowie zdobywaj\u0105 nie tylko ksi\u0105\u017ckow\u0105 wiedz\u0119, ale przede wszystkim pewno\u015b\u0107 w pos\u0142ugiwaniu si\u0119 j\u0119zykiem obcym.<\/strong><\/p>\n<p>&nbsp;<\/p>\n\n\t\t<style type=\"text\/css\">\n\t\t\t#gallery-1 {\n\t\t\t\tmargin: auto;\n\t\t\t}\n\t\t\t#gallery-1 .gallery-item {\n\t\t\t\tfloat: left;\n\t\t\t\tmargin-top: 10px;\n\t\t\t\ttext-align: center;\n\t\t\t\twidth: 33%;\n\t\t\t}\n\t\t\t#gallery-1 img {\n\t\t\t\tborder: 2px solid #cfcfcf;\n\t\t\t}\n\t\t\t#gallery-1 .gallery-caption {\n\t\t\t\tmargin-left: 0;\n\t\t\t}\n\t\t\t\/* see gallery_shortcode() in wp-includes\/media.php *\/\n\t\t<\/style>\n\t\t<div id='gallery-1' class='gallery galleryid-458 gallery-columns-3 gallery-size-thumbnail'><dl class='gallery-item'>\n\t\t\t<dt class='gallery-icon landscape'>\n\t\t\t\t<a href='https:\/\/spolecznajedynka.pl\/sp\/edukacja-jezykowa\/attachment\/278069725_3332722500289805_8136295198453667337_n\/'><img loading=\"lazy\" decoding=\"async\" width=\"150\" height=\"150\" src=\"https:\/\/spolecznajedynka.pl\/sp\/wp-content\/uploads\/sites\/3\/2023\/10\/278069725_3332722500289805_8136295198453667337_n-150x150.jpg\" class=\"attachment-thumbnail size-thumbnail\" alt=\"\" \/><\/a>\n\t\t\t<\/dt><\/dl><dl class='gallery-item'>\n\t\t\t<dt class='gallery-icon landscape'>\n\t\t\t\t<a href='https:\/\/spolecznajedynka.pl\/sp\/edukacja-jezykowa\/attachment\/261281412_3234808853414504_8250386548796278030_n\/'><img loading=\"lazy\" decoding=\"async\" width=\"150\" height=\"150\" src=\"https:\/\/spolecznajedynka.pl\/sp\/wp-content\/uploads\/sites\/3\/2023\/10\/261281412_3234808853414504_8250386548796278030_n-150x150.jpg\" class=\"attachment-thumbnail size-thumbnail\" alt=\"\" \/><\/a>\n\t\t\t<\/dt><\/dl><dl class='gallery-item'>\n\t\t\t<dt class='gallery-icon landscape'>\n\t\t\t\t<a href='https:\/\/spolecznajedynka.pl\/sp\/edukacja-jezykowa\/attachment\/242879860_3186947998200590_5439320960661645824_n\/'><img loading=\"lazy\" decoding=\"async\" width=\"150\" height=\"150\" src=\"https:\/\/spolecznajedynka.pl\/sp\/wp-content\/uploads\/sites\/3\/2023\/10\/242879860_3186947998200590_5439320960661645824_n-150x150.jpg\" class=\"attachment-thumbnail size-thumbnail\" alt=\"\" \/><\/a>\n\t\t\t<\/dt><\/dl><br style=\"clear: both\" \/><dl class='gallery-item'>\n\t\t\t<dt class='gallery-icon landscape'>\n\t\t\t\t<a href='https:\/\/spolecznajedynka.pl\/sp\/edukacja-jezykowa\/attachment\/242709340_3186947944867262_4424537166601697654_n\/'><img loading=\"lazy\" decoding=\"async\" width=\"150\" height=\"150\" src=\"https:\/\/spolecznajedynka.pl\/sp\/wp-content\/uploads\/sites\/3\/2023\/10\/242709340_3186947944867262_4424537166601697654_n-150x150.jpg\" class=\"attachment-thumbnail size-thumbnail\" alt=\"\" \/><\/a>\n\t\t\t<\/dt><\/dl><dl class='gallery-item'>\n\t\t\t<dt class='gallery-icon landscape'>\n\t\t\t\t<a href='https:\/\/spolecznajedynka.pl\/sp\/edukacja-jezykowa\/attachment\/286999131_3380318035530251_8950662720572305743_n\/'><img loading=\"lazy\" decoding=\"async\" width=\"150\" height=\"150\" src=\"https:\/\/spolecznajedynka.pl\/sp\/wp-content\/uploads\/sites\/3\/2023\/10\/286999131_3380318035530251_8950662720572305743_n-150x150.jpg\" class=\"attachment-thumbnail size-thumbnail\" alt=\"\" \/><\/a>\n\t\t\t<\/dt><\/dl><dl class='gallery-item'>\n\t\t\t<dt class='gallery-icon landscape'>\n\t\t\t\t<a href='https:\/\/spolecznajedynka.pl\/sp\/edukacja-jezykowa\/attachment\/286606535_3378692399026148_6085954916354533903_n\/'><img loading=\"lazy\" decoding=\"async\" width=\"150\" height=\"150\" src=\"https:\/\/spolecznajedynka.pl\/sp\/wp-content\/uploads\/sites\/3\/2023\/10\/286606535_3378692399026148_6085954916354533903_n-150x150.jpg\" class=\"attachment-thumbnail size-thumbnail\" alt=\"\" \/><\/a>\n\t\t\t<\/dt><\/dl><br style=\"clear: both\" \/><dl class='gallery-item'>\n\t\t\t<dt class='gallery-icon landscape'>\n\t\t\t\t<a href='https:\/\/spolecznajedynka.pl\/sp\/edukacja-jezykowa\/attachment\/277744390_3330485270513528_3992379335298810827_n\/'><img loading=\"lazy\" decoding=\"async\" width=\"150\" height=\"150\" src=\"https:\/\/spolecznajedynka.pl\/sp\/wp-content\/uploads\/sites\/3\/2023\/10\/277744390_3330485270513528_3992379335298810827_n-150x150.jpg\" class=\"attachment-thumbnail size-thumbnail\" alt=\"\" \/><\/a>\n\t\t\t<\/dt><\/dl><dl class='gallery-item'>\n\t\t\t<dt class='gallery-icon landscape'>\n\t\t\t\t<a href='https:\/\/spolecznajedynka.pl\/sp\/edukacja-jezykowa\/attachment\/338132027_619035580084915_4382205258662397268_n\/'><img loading=\"lazy\" decoding=\"async\" width=\"150\" height=\"150\" src=\"https:\/\/spolecznajedynka.pl\/sp\/wp-content\/uploads\/sites\/3\/2023\/10\/338132027_619035580084915_4382205258662397268_n-150x150.jpg\" class=\"attachment-thumbnail size-thumbnail\" alt=\"\" \/><\/a>\n\t\t\t<\/dt><\/dl>\n\t\t\t<br style='clear: both' \/>\n\t\t<\/div>\n\n","protected":false},"excerpt":{"rendered":"<p>W Spo\u0142ecznej Jedynce edukacja j\u0119zykowa to nie tylko przekazywanie regu\u0142 gramatycznych czy listy s\u0142\u00f3wek. To fascynuj\u0105ca podr\u00f3\u017c w \u015bwiat s\u0142owa,&#8230;<\/p>\n","protected":false},"author":2,"featured_media":0,"parent":0,"menu_order":0,"comment_status":"closed","ping_status":"closed","template":"","meta":{"_acf_changed":false,"footnotes":""},"class_list":["post-458","page","type-page","status-publish","hentry"],"acf":[],"yoast_head":"<!-- This site is optimized with the Yoast SEO plugin v27.5 - https:\/\/yoast.com\/product\/yoast-seo-wordpress\/ -->\n<title>Edukacja j\u0119zykowa - Szko\u0142a Podstawowa<\/title>\n<meta name=\"robots\" content=\"index, follow, max-snippet:-1, max-image-preview:large, max-video-preview:-1\" \/>\n<link rel=\"canonical\" href=\"https:\/\/spolecznajedynka.pl\/sp\/edukacja-jezykowa\/\" \/>\n<meta property=\"og:locale\" content=\"pl_PL\" \/>\n<meta property=\"og:type\" content=\"article\" \/>\n<meta property=\"og:title\" content=\"Edukacja j\u0119zykowa - Szko\u0142a Podstawowa\" \/>\n<meta property=\"og:description\" content=\"W Spo\u0142ecznej Jedynce edukacja j\u0119zykowa to nie tylko przekazywanie regu\u0142 gramatycznych czy listy s\u0142\u00f3wek. To fascynuj\u0105ca podr\u00f3\u017c w \u015bwiat s\u0142owa,...\" \/>\n<meta property=\"og:url\" content=\"https:\/\/spolecznajedynka.pl\/sp\/edukacja-jezykowa\/\" \/>\n<meta property=\"og:site_name\" content=\"Szko\u0142a Podstawowa\" \/>\n<meta property=\"article:publisher\" content=\"https:\/\/www.facebook.com\/spolecznajedynkapoznan\/\" \/>\n<meta property=\"article:modified_time\" content=\"2023-10-29T23:47:18+00:00\" \/>\n<meta property=\"og:image\" content=\"https:\/\/spolecznajedynka.pl\/sp\/wp-content\/uploads\/sites\/3\/2023\/10\/278069725_3332722500289805_8136295198453667337_n-150x150.jpg\" \/>\n<meta name=\"twitter:card\" content=\"summary_large_image\" \/>\n<meta name=\"twitter:label1\" content=\"Szacowany czas czytania\" \/>\n\t<meta name=\"twitter:data1\" content=\"3 minuty\" \/>\n<script type=\"application\/ld+json\" class=\"yoast-schema-graph\">{\"@context\":\"https:\\\/\\\/schema.org\",\"@graph\":[{\"@type\":\"WebPage\",\"@id\":\"https:\\\/\\\/spolecznajedynka.pl\\\/sp\\\/edukacja-jezykowa\\\/\",\"url\":\"https:\\\/\\\/spolecznajedynka.pl\\\/sp\\\/edukacja-jezykowa\\\/\",\"name\":\"Edukacja j\u0119zykowa - Szko\u0142a Podstawowa\",\"isPartOf\":{\"@id\":\"https:\\\/\\\/spolecznajedynka.pl\\\/sp\\\/#website\"},\"datePublished\":\"2023-10-15T21:07:38+00:00\",\"dateModified\":\"2023-10-29T23:47:18+00:00\",\"breadcrumb\":{\"@id\":\"https:\\\/\\\/spolecznajedynka.pl\\\/sp\\\/edukacja-jezykowa\\\/#breadcrumb\"},\"inLanguage\":\"pl-PL\",\"potentialAction\":[{\"@type\":\"ReadAction\",\"target\":[\"https:\\\/\\\/spolecznajedynka.pl\\\/sp\\\/edukacja-jezykowa\\\/\"]}]},{\"@type\":\"BreadcrumbList\",\"@id\":\"https:\\\/\\\/spolecznajedynka.pl\\\/sp\\\/edukacja-jezykowa\\\/#breadcrumb\",\"itemListElement\":[{\"@type\":\"ListItem\",\"position\":1,\"name\":\"Strona g\u0142\u00f3wna\",\"item\":\"https:\\\/\\\/spolecznajedynka.pl\\\/sp\\\/\"},{\"@type\":\"ListItem\",\"position\":2,\"name\":\"Edukacja j\u0119zykowa\"}]},{\"@type\":\"WebSite\",\"@id\":\"https:\\\/\\\/spolecznajedynka.pl\\\/sp\\\/#website\",\"url\":\"https:\\\/\\\/spolecznajedynka.pl\\\/sp\\\/\",\"name\":\"Szko\u0142a Podstawowa Spo\u0142eczna Jedynka Pozna\u0144\",\"description\":\"\",\"publisher\":{\"@id\":\"https:\\\/\\\/spolecznajedynka.pl\\\/sp\\\/#organization\"},\"potentialAction\":[{\"@type\":\"SearchAction\",\"target\":{\"@type\":\"EntryPoint\",\"urlTemplate\":\"https:\\\/\\\/spolecznajedynka.pl\\\/sp\\\/?s={search_term_string}\"},\"query-input\":{\"@type\":\"PropertyValueSpecification\",\"valueRequired\":true,\"valueName\":\"search_term_string\"}}],\"inLanguage\":\"pl-PL\"},{\"@type\":\"Organization\",\"@id\":\"https:\\\/\\\/spolecznajedynka.pl\\\/sp\\\/#organization\",\"name\":\"Szko\u0142a Podstawowa Spo\u0142eczna Jedynka Pozna\u0144\",\"url\":\"https:\\\/\\\/spolecznajedynka.pl\\\/sp\\\/\",\"logo\":{\"@type\":\"ImageObject\",\"inLanguage\":\"pl-PL\",\"@id\":\"https:\\\/\\\/spolecznajedynka.pl\\\/sp\\\/#\\\/schema\\\/logo\\\/image\\\/\",\"url\":\"https:\\\/\\\/spolecznajedynka.pl\\\/sp\\\/wp-content\\\/uploads\\\/sites\\\/3\\\/2023\\\/10\\\/logo.png\",\"contentUrl\":\"https:\\\/\\\/spolecznajedynka.pl\\\/sp\\\/wp-content\\\/uploads\\\/sites\\\/3\\\/2023\\\/10\\\/logo.png\",\"width\":75,\"height\":124,\"caption\":\"Szko\u0142a Podstawowa Spo\u0142eczna Jedynka Pozna\u0144\"},\"image\":{\"@id\":\"https:\\\/\\\/spolecznajedynka.pl\\\/sp\\\/#\\\/schema\\\/logo\\\/image\\\/\"},\"sameAs\":[\"https:\\\/\\\/www.facebook.com\\\/spolecznajedynkapoznan\\\/\",\"https:\\\/\\\/www.instagram.com\\\/spolecznajedynka\\\/\"]}]}<\/script>\n<!-- \/ Yoast SEO plugin. -->","yoast_head_json":{"title":"Edukacja j\u0119zykowa - Szko\u0142a Podstawowa","robots":{"index":"index","follow":"follow","max-snippet":"max-snippet:-1","max-image-preview":"max-image-preview:large","max-video-preview":"max-video-preview:-1"},"canonical":"https:\/\/spolecznajedynka.pl\/sp\/edukacja-jezykowa\/","og_locale":"pl_PL","og_type":"article","og_title":"Edukacja j\u0119zykowa - Szko\u0142a Podstawowa","og_description":"W Spo\u0142ecznej Jedynce edukacja j\u0119zykowa to nie tylko przekazywanie regu\u0142 gramatycznych czy listy s\u0142\u00f3wek. To fascynuj\u0105ca podr\u00f3\u017c w \u015bwiat s\u0142owa,...","og_url":"https:\/\/spolecznajedynka.pl\/sp\/edukacja-jezykowa\/","og_site_name":"Szko\u0142a Podstawowa","article_publisher":"https:\/\/www.facebook.com\/spolecznajedynkapoznan\/","article_modified_time":"2023-10-29T23:47:18+00:00","og_image":[{"url":"https:\/\/spolecznajedynka.pl\/sp\/wp-content\/uploads\/sites\/3\/2023\/10\/278069725_3332722500289805_8136295198453667337_n-150x150.jpg","type":"","width":"","height":""}],"twitter_card":"summary_large_image","twitter_misc":{"Szacowany czas czytania":"3 minuty"},"schema":{"@context":"https:\/\/schema.org","@graph":[{"@type":"WebPage","@id":"https:\/\/spolecznajedynka.pl\/sp\/edukacja-jezykowa\/","url":"https:\/\/spolecznajedynka.pl\/sp\/edukacja-jezykowa\/","name":"Edukacja j\u0119zykowa - Szko\u0142a Podstawowa","isPartOf":{"@id":"https:\/\/spolecznajedynka.pl\/sp\/#website"},"datePublished":"2023-10-15T21:07:38+00:00","dateModified":"2023-10-29T23:47:18+00:00","breadcrumb":{"@id":"https:\/\/spolecznajedynka.pl\/sp\/edukacja-jezykowa\/#breadcrumb"},"inLanguage":"pl-PL","potentialAction":[{"@type":"ReadAction","target":["https:\/\/spolecznajedynka.pl\/sp\/edukacja-jezykowa\/"]}]},{"@type":"BreadcrumbList","@id":"https:\/\/spolecznajedynka.pl\/sp\/edukacja-jezykowa\/#breadcrumb","itemListElement":[{"@type":"ListItem","position":1,"name":"Strona g\u0142\u00f3wna","item":"https:\/\/spolecznajedynka.pl\/sp\/"},{"@type":"ListItem","position":2,"name":"Edukacja j\u0119zykowa"}]},{"@type":"WebSite","@id":"https:\/\/spolecznajedynka.pl\/sp\/#website","url":"https:\/\/spolecznajedynka.pl\/sp\/","name":"Szko\u0142a Podstawowa Spo\u0142eczna Jedynka Pozna\u0144","description":"","publisher":{"@id":"https:\/\/spolecznajedynka.pl\/sp\/#organization"},"potentialAction":[{"@type":"SearchAction","target":{"@type":"EntryPoint","urlTemplate":"https:\/\/spolecznajedynka.pl\/sp\/?s={search_term_string}"},"query-input":{"@type":"PropertyValueSpecification","valueRequired":true,"valueName":"search_term_string"}}],"inLanguage":"pl-PL"},{"@type":"Organization","@id":"https:\/\/spolecznajedynka.pl\/sp\/#organization","name":"Szko\u0142a Podstawowa Spo\u0142eczna Jedynka Pozna\u0144","url":"https:\/\/spolecznajedynka.pl\/sp\/","logo":{"@type":"ImageObject","inLanguage":"pl-PL","@id":"https:\/\/spolecznajedynka.pl\/sp\/#\/schema\/logo\/image\/","url":"https:\/\/spolecznajedynka.pl\/sp\/wp-content\/uploads\/sites\/3\/2023\/10\/logo.png","contentUrl":"https:\/\/spolecznajedynka.pl\/sp\/wp-content\/uploads\/sites\/3\/2023\/10\/logo.png","width":75,"height":124,"caption":"Szko\u0142a Podstawowa Spo\u0142eczna Jedynka Pozna\u0144"},"image":{"@id":"https:\/\/spolecznajedynka.pl\/sp\/#\/schema\/logo\/image\/"},"sameAs":["https:\/\/www.facebook.com\/spolecznajedynkapoznan\/","https:\/\/www.instagram.com\/spolecznajedynka\/"]}]}},"_links":{"self":[{"href":"https:\/\/spolecznajedynka.pl\/sp\/wp-json\/wp\/v2\/pages\/458","targetHints":{"allow":["GET"]}}],"collection":[{"href":"https:\/\/spolecznajedynka.pl\/sp\/wp-json\/wp\/v2\/pages"}],"about":[{"href":"https:\/\/spolecznajedynka.pl\/sp\/wp-json\/wp\/v2\/types\/page"}],"author":[{"embeddable":true,"href":"https:\/\/spolecznajedynka.pl\/sp\/wp-json\/wp\/v2\/users\/2"}],"replies":[{"embeddable":true,"href":"https:\/\/spolecznajedynka.pl\/sp\/wp-json\/wp\/v2\/comments?post=458"}],"version-history":[{"count":9,"href":"https:\/\/spolecznajedynka.pl\/sp\/wp-json\/wp\/v2\/pages\/458\/revisions"}],"predecessor-version":[{"id":579,"href":"https:\/\/spolecznajedynka.pl\/sp\/wp-json\/wp\/v2\/pages\/458\/revisions\/579"}],"wp:attachment":[{"href":"https:\/\/spolecznajedynka.pl\/sp\/wp-json\/wp\/v2\/media?parent=458"}],"curies":[{"name":"wp","href":"https:\/\/api.w.org\/{rel}","templated":true}]}}