{"id":418,"date":"2023-10-08T22:49:32","date_gmt":"2023-10-08T20:49:32","guid":{"rendered":"https:\/\/zarzadzanie.smarthost.pl\/sp1\/sp\/?page_id=418"},"modified":"2025-10-15T12:28:58","modified_gmt":"2025-10-15T10:28:58","slug":"samorzad-uczniowski-sp","status":"publish","type":"page","link":"https:\/\/spolecznajedynka.pl\/sp\/samorzad-uczniowski-sp\/","title":{"rendered":"Samorz\u0105d Uczniowski SP"},"content":{"rendered":"<p>W Spo\u0142ecznej Jedynce idea samorz\u0105dno\u015bci uczniowskiej odgrywa kluczow\u0105 rol\u0119 w kszta\u0142towaniu szkolnej wsp\u00f3lnoty.<\/p>\n<p>Dzia\u0142alno\u015b\u0107 w ramach samorz\u0105du uczniowskiego umo\u017cliwia uczniom i uczennicom aktywne uczestnictwo w \u017cyciu szko\u0142y oraz wsp\u00f3\u0142tworzenie \u015brodowiska, w kt\u00f3rym zdobywaj\u0105 wiedz\u0119. Pe\u0142nienie r\u00f3\u017cnorodnych funkcji w samorz\u0105dzie staje si\u0119 nauk\u0105 zarz\u0105dzania, podejmowania decyzji i kszta\u0142towania kompetencji interpersonalnych.<\/p>\n<p>Dzia\u0142alno\u015b\u0107 samorz\u0105du skupia si\u0119 nie tylko na organizacji cyklicznych wydarze\u0144, ale r\u00f3wnie\u017c na inicjowaniu projekt\u00f3w spo\u0142ecznych, co wspiera rozw\u00f3j odpowiedzialno\u015bci uczni\u00f3w.<\/p>\n<p><strong><span data-originalfontsize=\"14pt\" data-originalcomputedfontsize=\"18.66666603088379\">Sk\u0142ad Samorz\u0105du Uczniowskiego w roku szkolnym 2025\/2026:<\/span><\/strong><\/p>\n<p>&nbsp;<\/p>\n<ol>\n<li dir=\"ltr\">\n<p dir=\"ltr\" role=\"presentation\">Klara Drzewiecka\u00a0 &#8211; przewodnicz\u0105ca szko\u0142y<\/p>\n<\/li>\n<li dir=\"ltr\">\n<p dir=\"ltr\" role=\"presentation\">Ignacy Brzozowski\u00a0 &#8211; zast\u0119pca przewodnicz\u0105cej<\/p>\n<\/li>\n<li dir=\"ltr\">\n<p dir=\"ltr\" role=\"presentation\">Miko\u0142aj Grzemski\u00a0 &#8211; skarbnik<\/p>\n<\/li>\n<li dir=\"ltr\">\n<p dir=\"ltr\" role=\"presentation\">Maria Bro\u017cek &#8211; sekretarz szko\u0142y<\/p>\n<\/li>\n<li dir=\"ltr\">\n<p dir=\"ltr\" role=\"presentation\">Stanis\u0142aw Filipiak\u00a0 &#8211; sekretarz szko\u0142y<\/p>\n<\/li>\n<\/ol>\n<p>&nbsp;<\/p>\n<p>Opiekunki Samorz\u0105du Uczniowskiego:<\/p>\n<div>\n<ol>\n<li>\n<p role=\"presentation\">Agnieszka Antkowiak<\/p>\n<\/li>\n<li>\n<p role=\"presentation\">Dorota Ma\u0142ek<\/p>\n<\/li>\n<li>Anna Skrzypczak<\/li>\n<\/ol>\n<\/div>\n<p><img loading=\"lazy\" decoding=\"async\" class=\"alignleft wp-image-4541\" src=\"https:\/\/spolecznajedynka.pl\/sp\/wp-content\/uploads\/sites\/3\/2025\/10\/Zdjecie-WhatsApp-2025-10-14-o-09.37.39_2a03083e-1024x768.jpg\" alt=\"\" width=\"598\" height=\"449\" srcset=\"https:\/\/spolecznajedynka.pl\/sp\/wp-content\/uploads\/sites\/3\/2025\/10\/Zdjecie-WhatsApp-2025-10-14-o-09.37.39_2a03083e-1024x768.jpg 1024w, https:\/\/spolecznajedynka.pl\/sp\/wp-content\/uploads\/sites\/3\/2025\/10\/Zdjecie-WhatsApp-2025-10-14-o-09.37.39_2a03083e-300x225.jpg 300w, https:\/\/spolecznajedynka.pl\/sp\/wp-content\/uploads\/sites\/3\/2025\/10\/Zdjecie-WhatsApp-2025-10-14-o-09.37.39_2a03083e-768x576.jpg 768w, https:\/\/spolecznajedynka.pl\/sp\/wp-content\/uploads\/sites\/3\/2025\/10\/Zdjecie-WhatsApp-2025-10-14-o-09.37.39_2a03083e-1536x1152.jpg 1536w, https:\/\/spolecznajedynka.pl\/sp\/wp-content\/uploads\/sites\/3\/2025\/10\/Zdjecie-WhatsApp-2025-10-14-o-09.37.39_2a03083e.jpg 1600w\" sizes=\"auto, (max-width: 598px) 100vw, 598px\" \/><\/p>\n","protected":false},"excerpt":{"rendered":"<p>W Spo\u0142ecznej Jedynce idea samorz\u0105dno\u015bci uczniowskiej odgrywa kluczow\u0105 rol\u0119 w kszta\u0142towaniu szkolnej wsp\u00f3lnoty. Dzia\u0142alno\u015b\u0107 w ramach samorz\u0105du uczniowskiego umo\u017cliwia uczniom&#8230;<\/p>\n","protected":false},"author":2,"featured_media":0,"parent":0,"menu_order":0,"comment_status":"closed","ping_status":"closed","template":"","meta":{"_acf_changed":false,"footnotes":""},"class_list":["post-418","page","type-page","status-publish","hentry"],"acf":[],"yoast_head":"<!-- This site is optimized with the Yoast SEO plugin v27.4 - https:\/\/yoast.com\/product\/yoast-seo-wordpress\/ -->\n<title>Samorz\u0105d Uczniowski SP - Szko\u0142a Podstawowa<\/title>\n<meta name=\"robots\" content=\"index, follow, max-snippet:-1, max-image-preview:large, max-video-preview:-1\" \/>\n<link rel=\"canonical\" href=\"https:\/\/spolecznajedynka.pl\/sp\/samorzad-uczniowski-sp\/\" \/>\n<meta property=\"og:locale\" content=\"pl_PL\" \/>\n<meta property=\"og:type\" content=\"article\" \/>\n<meta property=\"og:title\" content=\"Samorz\u0105d Uczniowski SP - Szko\u0142a Podstawowa\" \/>\n<meta property=\"og:description\" content=\"W Spo\u0142ecznej Jedynce idea samorz\u0105dno\u015bci uczniowskiej odgrywa kluczow\u0105 rol\u0119 w kszta\u0142towaniu szkolnej wsp\u00f3lnoty. Dzia\u0142alno\u015b\u0107 w ramach samorz\u0105du uczniowskiego umo\u017cliwia uczniom...\" \/>\n<meta property=\"og:url\" content=\"https:\/\/spolecznajedynka.pl\/sp\/samorzad-uczniowski-sp\/\" \/>\n<meta property=\"og:site_name\" content=\"Szko\u0142a Podstawowa\" \/>\n<meta property=\"article:publisher\" content=\"https:\/\/www.facebook.com\/spolecznajedynkapoznan\/\" \/>\n<meta property=\"article:modified_time\" content=\"2025-10-15T10:28:58+00:00\" \/>\n<meta property=\"og:image\" content=\"https:\/\/spolecznajedynka.pl\/sp\/wp-content\/uploads\/sites\/3\/2025\/10\/Zdjecie-WhatsApp-2025-10-14-o-09.37.39_2a03083e.jpg\" \/>\n\t<meta property=\"og:image:width\" content=\"1600\" \/>\n\t<meta property=\"og:image:height\" content=\"1200\" \/>\n\t<meta property=\"og:image:type\" content=\"image\/jpeg\" \/>\n<meta name=\"twitter:card\" content=\"summary_large_image\" \/>\n<meta name=\"twitter:label1\" content=\"Szacowany czas czytania\" \/>\n\t<meta name=\"twitter:data1\" content=\"1 minuta\" \/>\n<script type=\"application\/ld+json\" class=\"yoast-schema-graph\">{\"@context\":\"https:\\\/\\\/schema.org\",\"@graph\":[{\"@type\":\"WebPage\",\"@id\":\"https:\\\/\\\/spolecznajedynka.pl\\\/sp\\\/samorzad-uczniowski-sp\\\/\",\"url\":\"https:\\\/\\\/spolecznajedynka.pl\\\/sp\\\/samorzad-uczniowski-sp\\\/\",\"name\":\"Samorz\u0105d Uczniowski SP - Szko\u0142a Podstawowa\",\"isPartOf\":{\"@id\":\"https:\\\/\\\/spolecznajedynka.pl\\\/sp\\\/#website\"},\"primaryImageOfPage\":{\"@id\":\"https:\\\/\\\/spolecznajedynka.pl\\\/sp\\\/samorzad-uczniowski-sp\\\/#primaryimage\"},\"image\":{\"@id\":\"https:\\\/\\\/spolecznajedynka.pl\\\/sp\\\/samorzad-uczniowski-sp\\\/#primaryimage\"},\"thumbnailUrl\":\"https:\\\/\\\/spolecznajedynka.pl\\\/sp\\\/wp-content\\\/uploads\\\/sites\\\/3\\\/2025\\\/10\\\/Zdjecie-WhatsApp-2025-10-14-o-09.37.39_2a03083e-1024x768.jpg\",\"datePublished\":\"2023-10-08T20:49:32+00:00\",\"dateModified\":\"2025-10-15T10:28:58+00:00\",\"breadcrumb\":{\"@id\":\"https:\\\/\\\/spolecznajedynka.pl\\\/sp\\\/samorzad-uczniowski-sp\\\/#breadcrumb\"},\"inLanguage\":\"pl-PL\",\"potentialAction\":[{\"@type\":\"ReadAction\",\"target\":[\"https:\\\/\\\/spolecznajedynka.pl\\\/sp\\\/samorzad-uczniowski-sp\\\/\"]}]},{\"@type\":\"ImageObject\",\"inLanguage\":\"pl-PL\",\"@id\":\"https:\\\/\\\/spolecznajedynka.pl\\\/sp\\\/samorzad-uczniowski-sp\\\/#primaryimage\",\"url\":\"https:\\\/\\\/spolecznajedynka.pl\\\/sp\\\/wp-content\\\/uploads\\\/sites\\\/3\\\/2025\\\/10\\\/Zdjecie-WhatsApp-2025-10-14-o-09.37.39_2a03083e.jpg\",\"contentUrl\":\"https:\\\/\\\/spolecznajedynka.pl\\\/sp\\\/wp-content\\\/uploads\\\/sites\\\/3\\\/2025\\\/10\\\/Zdjecie-WhatsApp-2025-10-14-o-09.37.39_2a03083e.jpg\",\"width\":1600,\"height\":1200},{\"@type\":\"BreadcrumbList\",\"@id\":\"https:\\\/\\\/spolecznajedynka.pl\\\/sp\\\/samorzad-uczniowski-sp\\\/#breadcrumb\",\"itemListElement\":[{\"@type\":\"ListItem\",\"position\":1,\"name\":\"Strona g\u0142\u00f3wna\",\"item\":\"https:\\\/\\\/spolecznajedynka.pl\\\/sp\\\/\"},{\"@type\":\"ListItem\",\"position\":2,\"name\":\"Samorz\u0105d Uczniowski SP\"}]},{\"@type\":\"WebSite\",\"@id\":\"https:\\\/\\\/spolecznajedynka.pl\\\/sp\\\/#website\",\"url\":\"https:\\\/\\\/spolecznajedynka.pl\\\/sp\\\/\",\"name\":\"Szko\u0142a Podstawowa Spo\u0142eczna Jedynka Pozna\u0144\",\"description\":\"\",\"publisher\":{\"@id\":\"https:\\\/\\\/spolecznajedynka.pl\\\/sp\\\/#organization\"},\"potentialAction\":[{\"@type\":\"SearchAction\",\"target\":{\"@type\":\"EntryPoint\",\"urlTemplate\":\"https:\\\/\\\/spolecznajedynka.pl\\\/sp\\\/?s={search_term_string}\"},\"query-input\":{\"@type\":\"PropertyValueSpecification\",\"valueRequired\":true,\"valueName\":\"search_term_string\"}}],\"inLanguage\":\"pl-PL\"},{\"@type\":\"Organization\",\"@id\":\"https:\\\/\\\/spolecznajedynka.pl\\\/sp\\\/#organization\",\"name\":\"Szko\u0142a Podstawowa Spo\u0142eczna Jedynka Pozna\u0144\",\"url\":\"https:\\\/\\\/spolecznajedynka.pl\\\/sp\\\/\",\"logo\":{\"@type\":\"ImageObject\",\"inLanguage\":\"pl-PL\",\"@id\":\"https:\\\/\\\/spolecznajedynka.pl\\\/sp\\\/#\\\/schema\\\/logo\\\/image\\\/\",\"url\":\"https:\\\/\\\/spolecznajedynka.pl\\\/sp\\\/wp-content\\\/uploads\\\/sites\\\/3\\\/2023\\\/10\\\/logo.png\",\"contentUrl\":\"https:\\\/\\\/spolecznajedynka.pl\\\/sp\\\/wp-content\\\/uploads\\\/sites\\\/3\\\/2023\\\/10\\\/logo.png\",\"width\":75,\"height\":124,\"caption\":\"Szko\u0142a Podstawowa Spo\u0142eczna Jedynka Pozna\u0144\"},\"image\":{\"@id\":\"https:\\\/\\\/spolecznajedynka.pl\\\/sp\\\/#\\\/schema\\\/logo\\\/image\\\/\"},\"sameAs\":[\"https:\\\/\\\/www.facebook.com\\\/spolecznajedynkapoznan\\\/\",\"https:\\\/\\\/www.instagram.com\\\/spolecznajedynka\\\/\"]}]}<\/script>\n<!-- \/ Yoast SEO plugin. -->","yoast_head_json":{"title":"Samorz\u0105d Uczniowski SP - Szko\u0142a Podstawowa","robots":{"index":"index","follow":"follow","max-snippet":"max-snippet:-1","max-image-preview":"max-image-preview:large","max-video-preview":"max-video-preview:-1"},"canonical":"https:\/\/spolecznajedynka.pl\/sp\/samorzad-uczniowski-sp\/","og_locale":"pl_PL","og_type":"article","og_title":"Samorz\u0105d Uczniowski SP - Szko\u0142a Podstawowa","og_description":"W Spo\u0142ecznej Jedynce idea samorz\u0105dno\u015bci uczniowskiej odgrywa kluczow\u0105 rol\u0119 w kszta\u0142towaniu szkolnej wsp\u00f3lnoty. Dzia\u0142alno\u015b\u0107 w ramach samorz\u0105du uczniowskiego umo\u017cliwia uczniom...","og_url":"https:\/\/spolecznajedynka.pl\/sp\/samorzad-uczniowski-sp\/","og_site_name":"Szko\u0142a Podstawowa","article_publisher":"https:\/\/www.facebook.com\/spolecznajedynkapoznan\/","article_modified_time":"2025-10-15T10:28:58+00:00","og_image":[{"width":1600,"height":1200,"url":"https:\/\/spolecznajedynka.pl\/sp\/wp-content\/uploads\/sites\/3\/2025\/10\/Zdjecie-WhatsApp-2025-10-14-o-09.37.39_2a03083e.jpg","type":"image\/jpeg"}],"twitter_card":"summary_large_image","twitter_misc":{"Szacowany czas czytania":"1 minuta"},"schema":{"@context":"https:\/\/schema.org","@graph":[{"@type":"WebPage","@id":"https:\/\/spolecznajedynka.pl\/sp\/samorzad-uczniowski-sp\/","url":"https:\/\/spolecznajedynka.pl\/sp\/samorzad-uczniowski-sp\/","name":"Samorz\u0105d Uczniowski SP - Szko\u0142a Podstawowa","isPartOf":{"@id":"https:\/\/spolecznajedynka.pl\/sp\/#website"},"primaryImageOfPage":{"@id":"https:\/\/spolecznajedynka.pl\/sp\/samorzad-uczniowski-sp\/#primaryimage"},"image":{"@id":"https:\/\/spolecznajedynka.pl\/sp\/samorzad-uczniowski-sp\/#primaryimage"},"thumbnailUrl":"https:\/\/spolecznajedynka.pl\/sp\/wp-content\/uploads\/sites\/3\/2025\/10\/Zdjecie-WhatsApp-2025-10-14-o-09.37.39_2a03083e-1024x768.jpg","datePublished":"2023-10-08T20:49:32+00:00","dateModified":"2025-10-15T10:28:58+00:00","breadcrumb":{"@id":"https:\/\/spolecznajedynka.pl\/sp\/samorzad-uczniowski-sp\/#breadcrumb"},"inLanguage":"pl-PL","potentialAction":[{"@type":"ReadAction","target":["https:\/\/spolecznajedynka.pl\/sp\/samorzad-uczniowski-sp\/"]}]},{"@type":"ImageObject","inLanguage":"pl-PL","@id":"https:\/\/spolecznajedynka.pl\/sp\/samorzad-uczniowski-sp\/#primaryimage","url":"https:\/\/spolecznajedynka.pl\/sp\/wp-content\/uploads\/sites\/3\/2025\/10\/Zdjecie-WhatsApp-2025-10-14-o-09.37.39_2a03083e.jpg","contentUrl":"https:\/\/spolecznajedynka.pl\/sp\/wp-content\/uploads\/sites\/3\/2025\/10\/Zdjecie-WhatsApp-2025-10-14-o-09.37.39_2a03083e.jpg","width":1600,"height":1200},{"@type":"BreadcrumbList","@id":"https:\/\/spolecznajedynka.pl\/sp\/samorzad-uczniowski-sp\/#breadcrumb","itemListElement":[{"@type":"ListItem","position":1,"name":"Strona g\u0142\u00f3wna","item":"https:\/\/spolecznajedynka.pl\/sp\/"},{"@type":"ListItem","position":2,"name":"Samorz\u0105d Uczniowski SP"}]},{"@type":"WebSite","@id":"https:\/\/spolecznajedynka.pl\/sp\/#website","url":"https:\/\/spolecznajedynka.pl\/sp\/","name":"Szko\u0142a Podstawowa Spo\u0142eczna Jedynka Pozna\u0144","description":"","publisher":{"@id":"https:\/\/spolecznajedynka.pl\/sp\/#organization"},"potentialAction":[{"@type":"SearchAction","target":{"@type":"EntryPoint","urlTemplate":"https:\/\/spolecznajedynka.pl\/sp\/?s={search_term_string}"},"query-input":{"@type":"PropertyValueSpecification","valueRequired":true,"valueName":"search_term_string"}}],"inLanguage":"pl-PL"},{"@type":"Organization","@id":"https:\/\/spolecznajedynka.pl\/sp\/#organization","name":"Szko\u0142a Podstawowa Spo\u0142eczna Jedynka Pozna\u0144","url":"https:\/\/spolecznajedynka.pl\/sp\/","logo":{"@type":"ImageObject","inLanguage":"pl-PL","@id":"https:\/\/spolecznajedynka.pl\/sp\/#\/schema\/logo\/image\/","url":"https:\/\/spolecznajedynka.pl\/sp\/wp-content\/uploads\/sites\/3\/2023\/10\/logo.png","contentUrl":"https:\/\/spolecznajedynka.pl\/sp\/wp-content\/uploads\/sites\/3\/2023\/10\/logo.png","width":75,"height":124,"caption":"Szko\u0142a Podstawowa Spo\u0142eczna Jedynka Pozna\u0144"},"image":{"@id":"https:\/\/spolecznajedynka.pl\/sp\/#\/schema\/logo\/image\/"},"sameAs":["https:\/\/www.facebook.com\/spolecznajedynkapoznan\/","https:\/\/www.instagram.com\/spolecznajedynka\/"]}]}},"_links":{"self":[{"href":"https:\/\/spolecznajedynka.pl\/sp\/wp-json\/wp\/v2\/pages\/418","targetHints":{"allow":["GET"]}}],"collection":[{"href":"https:\/\/spolecznajedynka.pl\/sp\/wp-json\/wp\/v2\/pages"}],"about":[{"href":"https:\/\/spolecznajedynka.pl\/sp\/wp-json\/wp\/v2\/types\/page"}],"author":[{"embeddable":true,"href":"https:\/\/spolecznajedynka.pl\/sp\/wp-json\/wp\/v2\/users\/2"}],"replies":[{"embeddable":true,"href":"https:\/\/spolecznajedynka.pl\/sp\/wp-json\/wp\/v2\/comments?post=418"}],"version-history":[{"count":6,"href":"https:\/\/spolecznajedynka.pl\/sp\/wp-json\/wp\/v2\/pages\/418\/revisions"}],"predecessor-version":[{"id":4546,"href":"https:\/\/spolecznajedynka.pl\/sp\/wp-json\/wp\/v2\/pages\/418\/revisions\/4546"}],"wp:attachment":[{"href":"https:\/\/spolecznajedynka.pl\/sp\/wp-json\/wp\/v2\/media?parent=418"}],"curies":[{"name":"wp","href":"https:\/\/api.w.org\/{rel}","templated":true}]}}