{"id":411,"date":"2023-10-08T22:45:03","date_gmt":"2023-10-08T20:45:03","guid":{"rendered":"https:\/\/zarzadzanie.smarthost.pl\/sp1\/sp\/?page_id=411"},"modified":"2025-03-16T18:32:50","modified_gmt":"2025-03-16T17:32:50","slug":"historia-szkoly","status":"publish","type":"page","link":"https:\/\/spolecznajedynka.pl\/sp\/historia-szkoly\/","title":{"rendered":"Historia szko\u0142y"},"content":{"rendered":"<p><section class=\"kc-elm kc-css-376152 kc_row\"><div class=\"kc-row-container  kc-container\"><div class=\"kc-wrap-columns\"><div class=\"kc-elm kc-css-246295 kc_col-sm-12 kc_column kc_col-sm-12\"><div class=\"kc-col-container\"><div class=\"kc-elm kc-css-126376 kc_row kc_row_inner\"><div class=\"kc-elm kc-css-188574 kc_col-sm-12 kc_column_inner kc_col-sm-12\"><div class=\"kc_wrapper kc-col-inner-container\">\n<div class=\"kc-elm kc-css-571035 kc-title-wrap \">\n\n\t<h1 class=\"kc_title\">Spo\u0142eczna Jedynka - 35 lat do\u015bwiadczenia!<\/h1>\n<\/div>\n<div class=\"kc-elm kc-css-107563\" style=\"height: 40px; clear: both; width:100%;\"><\/div><div class=\"kc-elm kc-css-24639 kc_text_block\"><\/p>\n<p><center><iframe loading=\"lazy\" title=\"YouTube video player\" src=\"https:\/\/www.youtube.com\/embed\/O6qIWsk2yzs?si=zJE6-auuVH7VmPzL\" width=\"700\" height=\"315\" frameborder=\"0\" allowfullscreen=\"allowfullscreen\"><\/iframe><br \/><\/center><\/p>\n<p>\n<\/div><div class=\"kc-elm kc-css-241775\" style=\"height: 40px; clear: both; width:100%;\"><\/div><\/div><\/div><\/div>\n<div class=\"kc-elm kc-css-91062 kc-title-wrap \">\n\n\t<h4 class=\"kc_title\">Jeste\u015bmy szko\u0142\u0105, za kt\u00f3r\u0105 stoi ponad trzydzie\u015bci lat do\u015bwiadczenia w edukacji!<\/h4>\n<\/div>\n<div class=\"kc-elm kc-css-855842\" style=\"height: 20px; clear: both; width:100%;\"><\/div><div class=\"kc-elm kc-css-408224 kc_text_block\"><\/p>\n<p><b>Szko\u0142a STO &#8211; pierwsza w Poznaniu<\/b><\/p>\n<p><span style=\"font-weight: 400;\">Historia szko\u0142y si\u0119ga roku 1989, kiedy to zmiany ustrojowe w Polsce umo\u017cliwi\u0142y powstawanie niezale\u017cnych plac\u00f3wek o\u015bwiatowych. We wrze\u015bniu tego roku, w prywatnym mieszkaniu, rozpocz\u0119\u0142y si\u0119 zaj\u0119cia dla kilkorga sze\u015bciolatk\u00f3w daj\u0105c pocz\u0105tek pierwszej w Poznaniu szkole powsta\u0142ej z inicjatywy Spo\u0142ecznego Towarzystwa O\u015bwiatowego. Wkr\u00f3tce Kuratorium O\u015bwiaty i Wychowania wyda\u0142o zgod\u0119 na prowadzenie niepa\u0144stwowej szko\u0142y pod nazw\u0105 Spo\u0142eczna Szko\u0142a Podstawowa nr 1 z siedzib\u0105 przy ulicy Grunwaldzkiej 154.\u00a0<\/span><\/p>\n<p><span style=\"font-weight: 400;\">Ju\u017c we 1 wrze\u015bnia 1990 roku w szkole rozpocz\u0119\u0142o nauk\u0119 75 dzieci. Dla nich zosta\u0142o wyremontowane i przystosowane do potrzeb pi\u0119tro by\u0142ej bursy.\u00a0<\/span><\/p>\n<p><b>Pocz\u0105tki<\/b><\/p>\n<p><span style=\"font-weight: 400;\">\u00a0<\/span><span style=\"font-weight: 400;\">W kolejnych latach szko\u0142a intensywnie si\u0119 rozwija\u0142a\u00a0 \u2013 przybywa\u0142o uczni\u00f3w, <\/span><span style=\"font-weight: 400;\">a<\/span><span style=\"font-weight: 400;\"> z czasem ca\u0142y budynek zosta\u0142 <\/span><span style=\"font-weight: 400;\">zaadaptowany <\/span><span style=\"font-weight: 400;\">na jej potrzeby. 25 czerwca 1993 roku szko\u0142a prze\u017cywa\u0142a podnios\u0142\u0105 uroczysto\u015b\u0107 po\u015bwi\u0119cenia sztandaru. Wyhaftowane na nim drzewo symbolizuj\u0105ce wsp\u00f3lnot\u0119 uczni\u00f3w, ich rodzic\u00f3w i nauczycieli sta\u0142o si\u0119 logo szko\u0142y<\/span><span style=\"font-weight: 400;\">, <\/span><span style=\"font-weight: 400;\">a has\u0142o \u201emi\u0142o\u015b\u0107, m\u0105dro\u015b\u0107\u201d <\/span><span style=\"font-weight: 400;\">&#8211; <\/span><span style=\"font-weight: 400;\">my\u015bl\u0105 przewodni\u0105 wszelkich jej dzia\u0142a\u0144. <\/span><span style=\"font-weight: 400;\">Od <\/span><span style=\"font-weight: 400;\">10 listopada 1994 roku<\/span><span style=\"font-weight: 400;\">, w obecno\u015bci w\u0142adz ko\u015bcielnych i \u015bwieckich miasta, szkole zosta\u0142o nadane<\/span><span style=\"font-weight: 400;\">\u00a0imi\u0119 <\/span><span style=\"font-weight: 400;\">b\u0142ogos\u0142awionej (obecnie \u015bwi\u0119tej)<\/span> <span style=\"font-weight: 400;\">Urszuli Led\u00f3chowskiej. Dzie\u0144 ten przeszed\u0142 do tradycji jako corocznie obchodzone \u015awi\u0119to Szko\u0142y.\u00a0<\/span><\/p>\n<p><span style=\"font-weight: 400;\">W roku szkolnym 1996\/97 szko\u0142a po raz pierwszy sta\u0142a si\u0119 pe\u0142n\u0105, o\u015bmioklasow\u0105 plac\u00f3wk\u0105 z oddzia\u0142em zer\u00f3wkowym. W czerwcu 1997 mury szko\u0142y opu\u015bcili pierwsi absolwenci. Na skutek reformy o\u015bwiaty, za zgod\u0105 Wydzia\u0142u O\u015bwiaty Miasta Poznania, w maju 1999 roku zosta\u0142a powo\u0142ana nowa szko\u0142a \u2013 Spo\u0142eczne Gimnazjum nr 1. <\/span><span style=\"font-weight: 400;\">\u00a0Od 1 wrze\u015bnia 1999 roku w budynku dzia\u0142a\u0142y dwie plac\u00f3wki: szko\u0142a podstawowa zajmuj\u0105ca parter i pierwsze pi\u0119tro oraz gimnazjum z siedzib\u0105 na drugim pi\u0119trze.\u00a0<\/span><\/p>\n<p><span style=\"font-weight: 400;\">W 2002 roku szko\u0142a przej\u0119\u0142a s\u0105siaduj\u0105cy budynek<\/span><span style=\"font-weight: 400;\"> i<\/span> <span style=\"font-weight: 400;\">kosztem ogromnych nak\u0142ad\u00f3w finansowych<\/span><span style=\"font-weight: 400;\"> dokona\u0142a <\/span><span style=\"font-weight: 400;\">jego <\/span><span style=\"font-weight: 400;\">kapitalnego remontu. Dzi\u0119ki tej inwestycji<\/span><span style=\"font-weight: 400;\">\u00a0<\/span><span style=\"font-weight: 400;\">plac\u00f3wka poszerzy\u0142a powierzchni\u0119 o<\/span><span style=\"font-weight: 400;\"> sale gimnastyczne, rytmiczne, dobrze wyposa\u017cone gabinety przedmiotowe, przestronn\u0105 \u015bwietlic\u0119, sal\u0119 teatraln\u0105<\/span><span style=\"font-weight: 400;\">,<\/span><span style=\"font-weight: 400;\"> a tak\u017ce kawiarenk\u0119.\u00a0<\/span><\/p>\n<p><span style=\"font-weight: 400;\">Latem 2003 roku budynki zosta\u0142y po\u0142\u0105czone nowo wybudowanym \u0142\u0105cznikiem stanowi\u0105cym reprezentacyjny hol szko\u0142y. W maju 2003 w Rzymie, reprezentacja obu szk\u00f3\u0142 wzi\u0119\u0142a udzia\u0142 w uroczysto\u015bciach kanonizacyjnych Matki Urszuli. Sztandary obu szk\u00f3\u0142 zosta\u0142y po\u015bwi\u0119cone przez papie\u017ca Jana Paw\u0142a II.<\/span><\/p>\n<\/p>\n<p>\n<\/div><div class=\"kc-elm kc-css-252653\" style=\"height: 20px; clear: both; width:100%;\"><\/div><\/div><\/div><\/div><\/div><\/section><section class=\"kc-elm kc-css-937121 kc_row\"><div class=\"kc-row-container  kc-container\"><div class=\"kc-wrap-columns\"><\/div><\/div><\/section><section class=\"kc-elm kc-css-924466 kc_row\"><div class=\"kc-row-container  kc-container\"><div class=\"kc-wrap-columns\"><div class=\"kc-elm kc-css-7540 kc_col-sm-12 kc_column kc_col-sm-12\"><div class=\"kc-col-container\">\n<div class=\"kc-elm kc-css-570791 kc-title-wrap \">\n\n\t<h1 class=\"kc_title\">Hymn szko\u0142y<\/h1>\n<\/div>\n<div class=\"kc-elm kc-css-148655\" style=\"height: 40px; clear: both; width:100%;\"><\/div><div class=\"kc-elm kc-css-324284 kc_text_block\"><\/p>\n<p><span style=\"text-align: -webkit-center;\"><iframe loading=\"lazy\" title=\"YouTube video player\" src=\"https:\/\/www.youtube.com\/embed\/yTRazbe9q10?si=PVGa-7lNdeVUaPqT\" width=\"560\" height=\"315\" frameborder=\"0\" allowfullscreen=\"allowfullscreen\"><\/iframe><\/span><\/p>\n<p>\n<\/div><\/div><\/div><\/div><\/div><\/section><\/p>\n","protected":false},"excerpt":{"rendered":"","protected":false},"author":2,"featured_media":0,"parent":0,"menu_order":0,"comment_status":"closed","ping_status":"closed","template":"","meta":{"_acf_changed":false,"footnotes":""},"class_list":["post-411","page","type-page","status-publish","hentry"],"acf":[],"yoast_head":"<!-- This site is optimized with the Yoast SEO plugin v27.5 - https:\/\/yoast.com\/product\/yoast-seo-wordpress\/ -->\n<title>Historia szko\u0142y - Szko\u0142a Podstawowa<\/title>\n<meta name=\"robots\" content=\"index, follow, max-snippet:-1, max-image-preview:large, max-video-preview:-1\" \/>\n<link rel=\"canonical\" href=\"https:\/\/spolecznajedynka.pl\/sp\/historia-szkoly\/\" \/>\n<meta property=\"og:locale\" content=\"pl_PL\" \/>\n<meta property=\"og:type\" content=\"article\" \/>\n<meta property=\"og:title\" content=\"Historia szko\u0142y - Szko\u0142a Podstawowa\" \/>\n<meta property=\"og:description\" content=\"Spo\u0142eczna Jedynka &#8211; 35 lat do\u015bwiadczenia! Jeste\u015bmy szko\u0142\u0105, za kt\u00f3r\u0105 stoi ponad trzydzie\u015bci lat do\u015bwiadczenia w edukacji! Szko\u0142a STO &#8211;...\" \/>\n<meta property=\"og:url\" content=\"https:\/\/spolecznajedynka.pl\/sp\/historia-szkoly\/\" \/>\n<meta property=\"og:site_name\" content=\"Szko\u0142a Podstawowa\" \/>\n<meta property=\"article:publisher\" content=\"https:\/\/www.facebook.com\/spolecznajedynkapoznan\/\" \/>\n<meta property=\"article:modified_time\" content=\"2025-03-16T17:32:50+00:00\" \/>\n<meta property=\"og:image\" content=\"https:\/\/spolecznajedynka.pl\/sp\/wp-content\/uploads\/sites\/3\/2023\/10\/rada-pedagogiczna.jpg\" \/>\n<meta name=\"twitter:card\" content=\"summary_large_image\" \/>\n<meta name=\"twitter:label1\" content=\"Szacowany czas czytania\" \/>\n\t<meta name=\"twitter:data1\" content=\"3 minuty\" \/>\n<script type=\"application\/ld+json\" class=\"yoast-schema-graph\">{\"@context\":\"https:\\\/\\\/schema.org\",\"@graph\":[{\"@type\":\"WebPage\",\"@id\":\"https:\\\/\\\/spolecznajedynka.pl\\\/sp\\\/historia-szkoly\\\/\",\"url\":\"https:\\\/\\\/spolecznajedynka.pl\\\/sp\\\/historia-szkoly\\\/\",\"name\":\"Historia szko\u0142y - Szko\u0142a Podstawowa\",\"isPartOf\":{\"@id\":\"https:\\\/\\\/spolecznajedynka.pl\\\/sp\\\/#website\"},\"primaryImageOfPage\":{\"@id\":\"https:\\\/\\\/spolecznajedynka.pl\\\/sp\\\/historia-szkoly\\\/#primaryimage\"},\"image\":{\"@id\":\"https:\\\/\\\/spolecznajedynka.pl\\\/sp\\\/historia-szkoly\\\/#primaryimage\"},\"thumbnailUrl\":\"https:\\\/\\\/spolecznajedynka.pl\\\/sp\\\/wp-content\\\/uploads\\\/sites\\\/3\\\/2023\\\/10\\\/rada-pedagogiczna.jpg\",\"datePublished\":\"2023-10-08T20:45:03+00:00\",\"dateModified\":\"2025-03-16T17:32:50+00:00\",\"breadcrumb\":{\"@id\":\"https:\\\/\\\/spolecznajedynka.pl\\\/sp\\\/historia-szkoly\\\/#breadcrumb\"},\"inLanguage\":\"pl-PL\",\"potentialAction\":[{\"@type\":\"ReadAction\",\"target\":[\"https:\\\/\\\/spolecznajedynka.pl\\\/sp\\\/historia-szkoly\\\/\"]}]},{\"@type\":\"ImageObject\",\"inLanguage\":\"pl-PL\",\"@id\":\"https:\\\/\\\/spolecznajedynka.pl\\\/sp\\\/historia-szkoly\\\/#primaryimage\",\"url\":\"https:\\\/\\\/spolecznajedynka.pl\\\/sp\\\/wp-content\\\/uploads\\\/sites\\\/3\\\/2023\\\/10\\\/rada-pedagogiczna.jpg\",\"contentUrl\":\"https:\\\/\\\/spolecznajedynka.pl\\\/sp\\\/wp-content\\\/uploads\\\/sites\\\/3\\\/2023\\\/10\\\/rada-pedagogiczna.jpg\"},{\"@type\":\"BreadcrumbList\",\"@id\":\"https:\\\/\\\/spolecznajedynka.pl\\\/sp\\\/historia-szkoly\\\/#breadcrumb\",\"itemListElement\":[{\"@type\":\"ListItem\",\"position\":1,\"name\":\"Strona g\u0142\u00f3wna\",\"item\":\"https:\\\/\\\/spolecznajedynka.pl\\\/sp\\\/\"},{\"@type\":\"ListItem\",\"position\":2,\"name\":\"Historia szko\u0142y\"}]},{\"@type\":\"WebSite\",\"@id\":\"https:\\\/\\\/spolecznajedynka.pl\\\/sp\\\/#website\",\"url\":\"https:\\\/\\\/spolecznajedynka.pl\\\/sp\\\/\",\"name\":\"Szko\u0142a Podstawowa Spo\u0142eczna Jedynka Pozna\u0144\",\"description\":\"\",\"publisher\":{\"@id\":\"https:\\\/\\\/spolecznajedynka.pl\\\/sp\\\/#organization\"},\"potentialAction\":[{\"@type\":\"SearchAction\",\"target\":{\"@type\":\"EntryPoint\",\"urlTemplate\":\"https:\\\/\\\/spolecznajedynka.pl\\\/sp\\\/?s={search_term_string}\"},\"query-input\":{\"@type\":\"PropertyValueSpecification\",\"valueRequired\":true,\"valueName\":\"search_term_string\"}}],\"inLanguage\":\"pl-PL\"},{\"@type\":\"Organization\",\"@id\":\"https:\\\/\\\/spolecznajedynka.pl\\\/sp\\\/#organization\",\"name\":\"Szko\u0142a Podstawowa Spo\u0142eczna Jedynka Pozna\u0144\",\"url\":\"https:\\\/\\\/spolecznajedynka.pl\\\/sp\\\/\",\"logo\":{\"@type\":\"ImageObject\",\"inLanguage\":\"pl-PL\",\"@id\":\"https:\\\/\\\/spolecznajedynka.pl\\\/sp\\\/#\\\/schema\\\/logo\\\/image\\\/\",\"url\":\"https:\\\/\\\/spolecznajedynka.pl\\\/sp\\\/wp-content\\\/uploads\\\/sites\\\/3\\\/2023\\\/10\\\/logo.png\",\"contentUrl\":\"https:\\\/\\\/spolecznajedynka.pl\\\/sp\\\/wp-content\\\/uploads\\\/sites\\\/3\\\/2023\\\/10\\\/logo.png\",\"width\":75,\"height\":124,\"caption\":\"Szko\u0142a Podstawowa Spo\u0142eczna Jedynka Pozna\u0144\"},\"image\":{\"@id\":\"https:\\\/\\\/spolecznajedynka.pl\\\/sp\\\/#\\\/schema\\\/logo\\\/image\\\/\"},\"sameAs\":[\"https:\\\/\\\/www.facebook.com\\\/spolecznajedynkapoznan\\\/\",\"https:\\\/\\\/www.instagram.com\\\/spolecznajedynka\\\/\"]}]}<\/script>\n<!-- \/ Yoast SEO plugin. -->","yoast_head_json":{"title":"Historia szko\u0142y - Szko\u0142a Podstawowa","robots":{"index":"index","follow":"follow","max-snippet":"max-snippet:-1","max-image-preview":"max-image-preview:large","max-video-preview":"max-video-preview:-1"},"canonical":"https:\/\/spolecznajedynka.pl\/sp\/historia-szkoly\/","og_locale":"pl_PL","og_type":"article","og_title":"Historia szko\u0142y - Szko\u0142a Podstawowa","og_description":"Spo\u0142eczna Jedynka &#8211; 35 lat do\u015bwiadczenia! Jeste\u015bmy szko\u0142\u0105, za kt\u00f3r\u0105 stoi ponad trzydzie\u015bci lat do\u015bwiadczenia w edukacji! Szko\u0142a STO &#8211;...","og_url":"https:\/\/spolecznajedynka.pl\/sp\/historia-szkoly\/","og_site_name":"Szko\u0142a Podstawowa","article_publisher":"https:\/\/www.facebook.com\/spolecznajedynkapoznan\/","article_modified_time":"2025-03-16T17:32:50+00:00","og_image":[{"url":"https:\/\/spolecznajedynka.pl\/sp\/wp-content\/uploads\/sites\/3\/2023\/10\/rada-pedagogiczna.jpg","type":"","width":"","height":""}],"twitter_card":"summary_large_image","twitter_misc":{"Szacowany czas czytania":"3 minuty"},"schema":{"@context":"https:\/\/schema.org","@graph":[{"@type":"WebPage","@id":"https:\/\/spolecznajedynka.pl\/sp\/historia-szkoly\/","url":"https:\/\/spolecznajedynka.pl\/sp\/historia-szkoly\/","name":"Historia szko\u0142y - Szko\u0142a Podstawowa","isPartOf":{"@id":"https:\/\/spolecznajedynka.pl\/sp\/#website"},"primaryImageOfPage":{"@id":"https:\/\/spolecznajedynka.pl\/sp\/historia-szkoly\/#primaryimage"},"image":{"@id":"https:\/\/spolecznajedynka.pl\/sp\/historia-szkoly\/#primaryimage"},"thumbnailUrl":"https:\/\/spolecznajedynka.pl\/sp\/wp-content\/uploads\/sites\/3\/2023\/10\/rada-pedagogiczna.jpg","datePublished":"2023-10-08T20:45:03+00:00","dateModified":"2025-03-16T17:32:50+00:00","breadcrumb":{"@id":"https:\/\/spolecznajedynka.pl\/sp\/historia-szkoly\/#breadcrumb"},"inLanguage":"pl-PL","potentialAction":[{"@type":"ReadAction","target":["https:\/\/spolecznajedynka.pl\/sp\/historia-szkoly\/"]}]},{"@type":"ImageObject","inLanguage":"pl-PL","@id":"https:\/\/spolecznajedynka.pl\/sp\/historia-szkoly\/#primaryimage","url":"https:\/\/spolecznajedynka.pl\/sp\/wp-content\/uploads\/sites\/3\/2023\/10\/rada-pedagogiczna.jpg","contentUrl":"https:\/\/spolecznajedynka.pl\/sp\/wp-content\/uploads\/sites\/3\/2023\/10\/rada-pedagogiczna.jpg"},{"@type":"BreadcrumbList","@id":"https:\/\/spolecznajedynka.pl\/sp\/historia-szkoly\/#breadcrumb","itemListElement":[{"@type":"ListItem","position":1,"name":"Strona g\u0142\u00f3wna","item":"https:\/\/spolecznajedynka.pl\/sp\/"},{"@type":"ListItem","position":2,"name":"Historia szko\u0142y"}]},{"@type":"WebSite","@id":"https:\/\/spolecznajedynka.pl\/sp\/#website","url":"https:\/\/spolecznajedynka.pl\/sp\/","name":"Szko\u0142a Podstawowa Spo\u0142eczna Jedynka Pozna\u0144","description":"","publisher":{"@id":"https:\/\/spolecznajedynka.pl\/sp\/#organization"},"potentialAction":[{"@type":"SearchAction","target":{"@type":"EntryPoint","urlTemplate":"https:\/\/spolecznajedynka.pl\/sp\/?s={search_term_string}"},"query-input":{"@type":"PropertyValueSpecification","valueRequired":true,"valueName":"search_term_string"}}],"inLanguage":"pl-PL"},{"@type":"Organization","@id":"https:\/\/spolecznajedynka.pl\/sp\/#organization","name":"Szko\u0142a Podstawowa Spo\u0142eczna Jedynka Pozna\u0144","url":"https:\/\/spolecznajedynka.pl\/sp\/","logo":{"@type":"ImageObject","inLanguage":"pl-PL","@id":"https:\/\/spolecznajedynka.pl\/sp\/#\/schema\/logo\/image\/","url":"https:\/\/spolecznajedynka.pl\/sp\/wp-content\/uploads\/sites\/3\/2023\/10\/logo.png","contentUrl":"https:\/\/spolecznajedynka.pl\/sp\/wp-content\/uploads\/sites\/3\/2023\/10\/logo.png","width":75,"height":124,"caption":"Szko\u0142a Podstawowa Spo\u0142eczna Jedynka Pozna\u0144"},"image":{"@id":"https:\/\/spolecznajedynka.pl\/sp\/#\/schema\/logo\/image\/"},"sameAs":["https:\/\/www.facebook.com\/spolecznajedynkapoznan\/","https:\/\/www.instagram.com\/spolecznajedynka\/"]}]}},"_links":{"self":[{"href":"https:\/\/spolecznajedynka.pl\/sp\/wp-json\/wp\/v2\/pages\/411","targetHints":{"allow":["GET"]}}],"collection":[{"href":"https:\/\/spolecznajedynka.pl\/sp\/wp-json\/wp\/v2\/pages"}],"about":[{"href":"https:\/\/spolecznajedynka.pl\/sp\/wp-json\/wp\/v2\/types\/page"}],"author":[{"embeddable":true,"href":"https:\/\/spolecznajedynka.pl\/sp\/wp-json\/wp\/v2\/users\/2"}],"replies":[{"embeddable":true,"href":"https:\/\/spolecznajedynka.pl\/sp\/wp-json\/wp\/v2\/comments?post=411"}],"version-history":[{"count":6,"href":"https:\/\/spolecznajedynka.pl\/sp\/wp-json\/wp\/v2\/pages\/411\/revisions"}],"predecessor-version":[{"id":3338,"href":"https:\/\/spolecznajedynka.pl\/sp\/wp-json\/wp\/v2\/pages\/411\/revisions\/3338"}],"wp:attachment":[{"href":"https:\/\/spolecznajedynka.pl\/sp\/wp-json\/wp\/v2\/media?parent=411"}],"curies":[{"name":"wp","href":"https:\/\/api.w.org\/{rel}","templated":true}]}}