{"id":957,"date":"2024-04-05T23:48:08","date_gmt":"2024-04-05T21:48:08","guid":{"rendered":"https:\/\/spolecznajedynka.pl\/lo\/?page_id=957"},"modified":"2024-11-29T01:09:39","modified_gmt":"2024-11-29T00:09:39","slug":"projekty","status":"publish","type":"page","link":"https:\/\/spolecznajedynka.pl\/lo\/projekty\/","title":{"rendered":"Metoda projektowa"},"content":{"rendered":"<p><section class=\"kc-elm kc-css-838978 kc_row\"><div class=\"kc-row-container  kc-container\"><div class=\"kc-wrap-columns\"><div class=\"kc-elm kc-css-857673 kc_col-sm-12 kc_column kc_col-sm-12\"><div class=\"kc-col-container\">\n<div class=\"kc-elm kc-css-46408 kc-title-wrap \">\n\n\t<h2 class=\"kc_title\">Projekty edukacyjne ju\u017c od wielu lat stanowi\u0105 integraln\u0105 cz\u0119\u015b\u0107 procesu uczenia si\u0119 w szkole podstawowej. \r\n\r\nTak\u017ce w liceum sta\u0142y si\u0119 jedn\u0105 z cz\u0119sto stosowanych metod. <\/h2>\n<\/div>\n<\/div><\/div><\/div><\/div><\/section><section class=\"kc-elm kc-css-915036 kc_row\"><div class=\"kc-row-container  kc-container\"><div class=\"kc-wrap-columns\"><div class=\"kc-elm kc-css-377336 kc_col-sm-12 kc_column kc_col-sm-12\"><div class=\"kc-col-container\">\n<div class=\"kc-elm kc-css-532252 kc-title-wrap \">\n\n\t<h4 class=\"kc_title\">Dla klas pierwszych SLO nie by\u0142o lepszego terminu    na zaprezentowanie i podsumowanie projektu \u201eJedziemy na wycieczk\u0119\u201d jak pierwszy wiosenny czwartek oraz pi\u0105tek. \r\n<\/h4>\n<\/div>\n<\/div><\/div><\/div><\/div><\/section><section class=\"kc-elm kc-css-744306 kc_row\"><div class=\"kc-row-container  kc-container\"><div class=\"kc-wrap-columns\"><div class=\"kc-elm kc-css-82747 kc_col-sm-12 kc_column kc_col-sm-12\"><div class=\"kc-col-container\"><div class=\"kc-elm kc-css-674486\">\n\t<div class=\"kc-carousel_images kc-elm kc-css-674486\">\n\t\n\t\t<div class=\"kc-carousel-images owl-carousel-images kc-sync1 \" data-owl-i-options='{\"items\":\"3\",\"tablet\":\"2\",\"mobile\":\"1\",\"speed\":\"500\",\"navigation\":\"\",\"pagination\":\"yes\",\"autoheight\":\"\",\"progressbar\":\"\",\"delay\":\"8\",\"autoplay\":\"yes\",\"showthumb\":\"\",\"num_thumb\":\"5\"}'>\n\t\n\t\t\t\t\t<div class=\"item\">\n\t\n\t\t\t\t\t\t\t<img decoding=\"async\" src=\"https:\/\/spolecznajedynka.pl\/lo\/wp-content\/uploads\/sites\/2\/2024\/04\/434030024_404422262330611_4817968510704240513_n.jpg\"  alt=\"\"\/>\n\t\n\t\t\t\t\n\t\t\t<\/div>\n\t\n\t\t\t\t\t<div class=\"item\">\n\t\n\t\t\t\t\t\t\t<img decoding=\"async\" src=\"https:\/\/spolecznajedynka.pl\/lo\/wp-content\/uploads\/sites\/2\/2024\/04\/434475590_404422398997264_3208319765776423839_n.jpg\"  alt=\"\"\/>\n\t\n\t\t\t\t\n\t\t\t<\/div>\n\t\n\t\t\t\t\t<div class=\"item\">\n\t\n\t\t\t\t\t\t\t<img decoding=\"async\" src=\"https:\/\/spolecznajedynka.pl\/lo\/wp-content\/uploads\/sites\/2\/2024\/04\/433938162_404424038997100_205429489125594745_n.jpg\"  alt=\"\"\/>\n\t\n\t\t\t\t\n\t\t\t<\/div>\n\t\n\t\t\t\t\t<div class=\"item\">\n\t\n\t\t\t\t\t\t\t<img decoding=\"async\" src=\"https:\/\/spolecznajedynka.pl\/lo\/wp-content\/uploads\/sites\/2\/2024\/04\/434411807_404424538997050_8188167171022988166_n.jpg\"  alt=\"\"\/>\n\t\n\t\t\t\t\n\t\t\t<\/div>\n\t\n\t\t\t\t\t<div class=\"item\">\n\t\n\t\t\t\t\t\t\t<img decoding=\"async\" src=\"https:\/\/spolecznajedynka.pl\/lo\/wp-content\/uploads\/sites\/2\/2024\/04\/434027434_404423198997184_366793414310707499_n.jpg\"  alt=\"\"\/>\n\t\n\t\t\t\t\n\t\t\t<\/div>\n\t\n\t\t\t\t\t<div class=\"item\">\n\t\n\t\t\t\t\t\t\t<img decoding=\"async\" src=\"https:\/\/spolecznajedynka.pl\/lo\/wp-content\/uploads\/sites\/2\/2024\/04\/433919096_404423852330452_328198862725740922_n.jpg\"  alt=\"\"\/>\n\t\n\t\t\t\t\n\t\t\t<\/div>\n\t\n\t\t\t\n\t\t<\/div>\n\t\n\t\t\t<\/div>\n<\/div>\n<\/div><\/div><\/div><\/div><\/section><section class=\"kc-elm kc-css-722805 kc_row\"><div class=\"kc-row-container  kc-container\"><div class=\"kc-wrap-columns\"><div class=\"kc-elm kc-css-125459 kc_col-sm-12 kc_column kc_col-sm-12\"><div class=\"kc-col-container\">\n<div class=\"kc-elm kc-css-65281 kc-title-wrap \">\n\n\t<h4 class=\"kc_title\">Zadaniem uczni\u00f3w by\u0142o przygotowanie planu jednodniowej wycieczki po Wielkopolsce \u0142\u0105cznie z finansowymi kosztami. <\/h4>\n<\/div>\n<\/div><\/div><\/div><\/div><\/section><section class=\"kc-elm kc-css-39726 kc_row\"><div class=\"kc-row-container  kc-container\"><div class=\"kc-wrap-columns\"><div class=\"kc-elm kc-css-364286 kc_col-sm-12 kc_column kc_col-sm-12\"><div class=\"kc-col-container\">\n<div class=\"kc-elm kc-css-593203 kc-title-wrap \">\n\n\t<h4 class=\"kc_title\">Wspomniany projekt mia\u0142 charakter interdyscyplinarny. Celem takiego dzia\u0142ania jest  kszta\u0142towanie samodzielno\u015bci my\u015blenia w sytuacji problemowej, odpowiedzialno\u015bci, kreatywno\u015bci, cierpliwo\u015bci w rozwi\u0105zywaniu napotkanych problem\u00f3w oraz \u015bcis\u0142a wsp\u00f3\u0142praca zespo\u0142owa.<\/h4>\n<\/div>\n<\/div><\/div><\/div><\/div><\/section><section class=\"kc-elm kc-css-955072 kc_row\"><div class=\"kc-row-container  kc-container\"><div class=\"kc-wrap-columns\"><div class=\"kc-elm kc-css-581093 kc_col-sm-7 kc_column kc_col-sm-7\"><div class=\"kc-col-container\"><div class=\"kc-elm kc-css-697108 kc_text_block\"><\/p>\n<p style=\"--tw-border-spacing-x: 0; --tw-border-spacing-y: 0; --tw-translate-x: 0; --tw-translate-y: 0; --tw-rotate: 0; --tw-skew-x: 0; --tw-skew-y: 0; --tw-scale-x: 1; --tw-scale-y: 1; --tw-scroll-snap-strictness: proximity; --tw-ring-offset-width: 0px; --tw-ring-offset-color: #fff; --tw-ring-color: #3b82f680; --tw-ring-offset-shadow: 0 0 #0000; --tw-ring-shadow: 0 0 #0000; --tw-shadow: 0 0 #0000; --tw-shadow-colored: 0 0 #0000; line-height: normal; margin: 1em 0px; max-width: 100%;\">Mo\u017cna by\u0142o odkry\u0107 jakie\u015b ciekawe miasteczko albo pod\u0105\u017ca\u0107 szlakiem bobr\u00f3w.\u00a0<\/p>\n<p style=\"--tw-border-spacing-x: 0; --tw-border-spacing-y: 0; --tw-translate-x: 0; --tw-translate-y: 0; --tw-rotate: 0; --tw-skew-x: 0; --tw-skew-y: 0; --tw-scale-x: 1; --tw-scale-y: 1; --tw-scroll-snap-strictness: proximity; --tw-ring-offset-width: 0px; --tw-ring-offset-color: #fff; --tw-ring-color: #3b82f680; --tw-ring-offset-shadow: 0 0 #0000; --tw-ring-shadow: 0 0 #0000; --tw-shadow: 0 0 #0000; --tw-shadow-colored: 0 0 #0000; line-height: normal; margin: 1em 0px; max-width: 100%;\">Wa\u017cne by\u0142o, aby wyprawa pokaza\u0142a dziedzictwo kulturowo-przyrodnicze Wielkopolski.<\/p>\n<p style=\"--tw-border-spacing-x: 0; --tw-border-spacing-y: 0; --tw-translate-x: 0; --tw-translate-y: 0; --tw-rotate: 0; --tw-skew-x: 0; --tw-skew-y: 0; --tw-scale-x: 1; --tw-scale-y: 1; --tw-scroll-snap-strictness: proximity; --tw-ring-offset-width: 0px; --tw-ring-offset-color: #fff; --tw-ring-color: #3b82f680; --tw-ring-offset-shadow: 0 0 #0000; --tw-ring-shadow: 0 0 #0000; --tw-shadow: 0 0 #0000; --tw-shadow-colored: 0 0 #0000; line-height: normal; margin: 1em 0px; max-width: 100%;\">Uczniowie samodzielnie dobrali si\u0119 w zespo\u0142y oraz zaprosili do wsp\u00f3\u0142pracy nauczycieli.\u00a0<\/p>\n<p style=\"--tw-border-spacing-x: 0; --tw-border-spacing-y: 0; --tw-translate-x: 0; --tw-translate-y: 0; --tw-rotate: 0; --tw-skew-x: 0; --tw-skew-y: 0; --tw-scale-x: 1; --tw-scale-y: 1; --tw-scroll-snap-strictness: proximity; --tw-ring-offset-width: 0px; --tw-ring-offset-color: #fff; --tw-ring-color: #3b82f680; --tw-ring-offset-shadow: 0 0 #0000; --tw-ring-shadow: 0 0 #0000; --tw-shadow: 0 0 #0000; --tw-shadow-colored: 0 0 #0000; line-height: normal; margin: 1em 0px; max-width: 100%;\">I nast\u0105pi\u0142 czas pracy: podzia\u0142 zada\u0144, zbieranie materia\u0142\u00f3w, opracowanie koszt\u00f3w wyjazdu.\u00a0<\/p>\n<p style=\"--tw-border-spacing-x: 0; --tw-border-spacing-y: 0; --tw-translate-x: 0; --tw-translate-y: 0; --tw-rotate: 0; --tw-skew-x: 0; --tw-skew-y: 0; --tw-scale-x: 1; --tw-scale-y: 1; --tw-scroll-snap-strictness: proximity; --tw-ring-offset-width: 0px; --tw-ring-offset-color: #fff; --tw-ring-color: #3b82f680; --tw-ring-offset-shadow: 0 0 #0000; --tw-ring-shadow: 0 0 #0000; --tw-shadow: 0 0 #0000; --tw-shadow-colored: 0 0 #0000; line-height: normal; margin: 1em 0px; max-width: 100%;\">\u00a0W\u00a0<span style=\"font-style: inherit;\">czwartek 21 marca przez dwie pierwsze godziny grupy pod czujnym okiem opiekun\u00f3w pracowa\u0142y nad ko\u0144cowym efektem.\u00a0<\/span><\/p>\n<p style=\"--tw-border-spacing-x: 0; --tw-border-spacing-y: 0; --tw-translate-x: 0; --tw-translate-y: 0; --tw-rotate: 0; --tw-skew-x: 0; --tw-skew-y: 0; --tw-scale-x: 1; --tw-scale-y: 1; --tw-scroll-snap-strictness: proximity; --tw-ring-offset-width: 0px; --tw-ring-offset-color: #fff; --tw-ring-color: #3b82f680; --tw-ring-offset-shadow: 0 0 #0000; --tw-ring-shadow: 0 0 #0000; --tw-shadow: 0 0 #0000; --tw-shadow-colored: 0 0 #0000; line-height: normal; margin: 1em 0px; max-width: 100%;\"><span style=\"font-style: inherit;\">\u00a0W ko\u0144cu \u2013 w pi\u0105tek 22 marca przyst\u0105pili do publicznych prezentacji. Zatem grupy proponowa\u0142y wycieczki do historycznych miejsc zwi\u0105zanych z pocz\u0105tkami pa\u0144stwa polskiego takich jak: Ostr\u00f3w Lednicki oraz Biskupin, zwiedzanie Go\u0142uchowa, Rogalina i Muzeum im. A. Fiedlera w Puszczykowie, Cichowa, Poznania, przejazdy drezynami, wej\u015bcie na Osow\u0105 G\u00f3r\u0119, sp\u0142yw kajakowy rzek\u0105 We\u0142n\u0105 na odcinku Nowy M\u0142yn-Jaracz.<\/span><\/p>\n<p>\n<\/div><\/div><\/div><div class=\"kc-elm kc-css-304743 kc_col-sm-5 kc_column kc_col-sm-5\"><div class=\"kc-col-container\"><div class=\"kc-elm kc-css-667785 kc_shortcode kc_single_image\">\n\n        <img decoding=\"async\" src=\"https:\/\/spolecznajedynka.pl\/lo\/wp-content\/uploads\/sites\/2\/2024\/04\/433887380_404424682330369_6874788388783031131_n.jpg\" class=\"\" alt=\"\" \/>    <\/div>\n<\/div><\/div><\/div><\/div><\/section><section class=\"kc-elm kc-css-27320 kc_row\"><div class=\"kc-row-container  kc-container\"><div class=\"kc-wrap-columns\"><div class=\"kc-elm kc-css-370795 kc_col-sm-5 kc_column kc_col-sm-5\"><div class=\"kc-col-container\"><div class=\"kc-elm kc-css-347951 kc_shortcode kc_single_image\">\n\n        <img decoding=\"async\" src=\"https:\/\/spolecznajedynka.pl\/lo\/wp-content\/uploads\/sites\/2\/2024\/04\/433905172_404425088996995_7332902943989703677_n-e1712355011202.jpg\" class=\"\" alt=\"\" \/>    <\/div>\n<\/div><\/div><div class=\"kc-elm kc-css-513328 kc_col-sm-7 kc_column kc_col-sm-7\"><div class=\"kc-col-container\"><div class=\"kc-elm kc-css-468613 kc_text_block\"><\/p>\n<p>Uczniowie nie tylko prezentowali, ale tak\u017ce odpowiadali na pytania kole\u017canek i koleg\u00f3w oraz nauczycieli co do przebiegu trasy, realnego czasu wycieczki, koszt\u00f3w.<\/p>\n<p>Po zaprezentowaniu wszystkich pomys\u0142\u00f3w nadszed\u0142 czas na wybranie tego\u2026najciekawszego, kt\u00f3ry zostanie zrealizowany.\u00a0<\/p>\n<p>Ka\u017cdy z obecnych m\u00f3g\u0142 odda\u0107 jeden g\u0142os na wybrany przez siebie projekt.<\/p>\n<p>W czasie podliczania g\u0142os\u00f3w, uczniowie i opiekunowie podsumowali prac\u0119 projektow\u0105.\u00a0<\/p>\n<p>\n<\/div><\/div><\/div><\/div><\/div><\/section><section class=\"kc-elm kc-css-146205 kc_row\"><div class=\"kc-row-container  kc-container\"><div class=\"kc-wrap-columns\"><div class=\"kc-elm kc-css-589265 kc_col-sm-7 kc_column kc_col-sm-7\"><div class=\"kc-col-container\"><div class=\"kc-elm kc-css-548174 kc_text_block\"><\/p>\n<p>Do ewaluacji wykorzystali\u015bmy jedn\u0105 z rutyn my\u015blenia krytycznego, a mianowicie drabin\u0119 metapoznania.<\/p>\n<p>Obecni w sali odpowiadali na 4 pytania:\u00a0<\/p>\n<p>a) Czego si\u0119 nauczy\u0142am\/nauczy\u0142em? Przyk\u0142adowe odpowiedzi: kontroli czasu; aby nie zostawia\u0107 pracy na ostatni moment; pracy zespo\u0142owej.\u00a0<\/p>\n<p>b) Jak si\u0119 nauczy\u0142am\/nauczy\u0142em? Pracuj\u0105c w grupie; poprzez znajdowanie kompromisu, poprzez podzia\u0142 obowi\u0105zk\u00f3w; zdobywaj\u0105c informacje dzwoni\u0105c do r\u00f3\u017cnych firm.\u00a0<\/p>\n<p>c) Po co si\u0119 nauczy\u0142am\/ nauczy\u0142em? Aby umie\u0107 si\u0119 komunikowa\u0107 w grupie\u00a0 i zaplanowa\u0107 prac\u0119; \u017ceby nauczy\u0107 si\u0119 odpowiedzialno\u015bci za projekt; sprawdzi\u0107 si\u0119 w innej roli, by lepiej radzi\u0107 sobie z emocjami; \u017ceby kolejna praca zespo\u0142owa wygl\u0105da\u0142a lepiej.\u00a0<\/p>\n<p>d) W jakiej sytuacji mog\u0119 to wykorzysta\u0107? W nast\u0119pnych pracach grupowych; w przysz\u0142o\u015bci-gdy w moim zawodzie b\u0119dzie potrzebna dobra komunikacja z lud\u017ami; wiedz\u0119 \u2013 podczas wycieczek.\u00a0<\/p>\n<p>Zdecydowana wi\u0119kszo\u015b\u0107 zwr\u00f3ci\u0142a uwag\u0119 na mocne strony metody projektu takie jak wolno\u015b\u0107 wyboru, integracja zespo\u0142u, odpowiedzialno\u015b\u0107, wymiana do\u015bwiadcze\u0144, mo\u017cliwo\u015b\u0107\u00a0 pracy poza sal\u0105 lekcyjn\u0105.<\/p>\n<p>\n<\/div><\/div><\/div><div class=\"kc-elm kc-css-738771 kc_col-sm-5 kc_column kc_col-sm-5\"><div class=\"kc-col-container\"><div class=\"kc-elm kc-css-11291 kc_shortcode kc_single_image\">\n\n        <img decoding=\"async\" src=\"https:\/\/spolecznajedynka.pl\/lo\/wp-content\/uploads\/sites\/2\/2024\/04\/433958213_404422568997247_997024783160730912_n.jpg\" class=\"\" alt=\"\" \/>    <\/div>\n<\/div><\/div><\/div><\/div><\/section><section class=\"kc-elm kc-css-35059 kc_row\"><div class=\"kc-row-container  kc-container\"><div class=\"kc-wrap-columns\"><div class=\"kc-elm kc-css-885328 kc_col-sm-7 kc_column kc_col-sm-7\"><div class=\"kc-col-container\"><div class=\"kc-elm kc-css-268555 kc_shortcode kc_single_image\">\n\n        <img decoding=\"async\" src=\"https:\/\/spolecznajedynka.pl\/lo\/wp-content\/uploads\/sites\/2\/2024\/04\/IMG_2534-scaled.jpg\" class=\"\" alt=\"\" \/>    <\/div>\n<\/div><\/div><div class=\"kc-elm kc-css-731670 kc_col-sm-5 kc_column kc_col-sm-5\"><div class=\"kc-col-container\"><div class=\"kc-elm kc-css-335327 kc_text_block\"><\/p>\n<p>A na koniec wa\u017cna informacja. Najwi\u0119cej g\u0142os\u00f3w zdoby\u0142 projekt \u201eSp\u0142yw kajakowy\u00a0 rzek\u0105 We\u0142n\u0105 na odcinku Nowy M\u0142yn \u2013 Jaracz\u201d. Dziewczyny wraz z opiekunk\u0105 p. Paulin\u0105 Dreliszak ju\u017c przyst\u0105pi\u0142y do poszukania dogodnego terminu\u2026. zatem czekamy na realizacj\u0119.<\/p>\n<\/p>\n<p>Opiekunami pozosta\u0142ych grup byli: p. Ewa Miler, p. Agata Gerard, p. Jolanta Syroczy\u0144ska-Thiel, p. Ma\u0142gorzata Kaczmarek-Giergasz, p. Przemyslaw Strzy\u017cy\u0144ski p. Mariusz Ka\u017amierczak.<\/p>\n<p>Podsumowania moderowa\u0142a pani Ma\u0142gorzata Andrzejewska.<\/p>\n<p>\n<\/div><\/div><\/div><\/div><\/div><\/section><\/p>\n","protected":false},"excerpt":{"rendered":"","protected":false},"author":2,"featured_media":0,"parent":0,"menu_order":0,"comment_status":"closed","ping_status":"closed","template":"","meta":{"_acf_changed":false,"footnotes":""},"class_list":["post-957","page","type-page","status-publish","hentry"],"acf":[],"yoast_head":"<!-- This site is optimized with the Yoast SEO plugin v27.4 - https:\/\/yoast.com\/product\/yoast-seo-wordpress\/ -->\n<title>Metoda projektowa - Spo\u0142eczne Liceum Og\u00f3lnokszta\u0142c\u0105ce nr 1 w Poznaniu<\/title>\n<meta name=\"robots\" content=\"index, follow, max-snippet:-1, max-image-preview:large, max-video-preview:-1\" \/>\n<link rel=\"canonical\" href=\"https:\/\/spolecznajedynka.pl\/lo\/projekty\/\" \/>\n<meta property=\"og:locale\" content=\"pl_PL\" \/>\n<meta property=\"og:type\" content=\"article\" \/>\n<meta property=\"og:title\" content=\"Metoda projektowa - Spo\u0142eczne Liceum Og\u00f3lnokszta\u0142c\u0105ce nr 1 w Poznaniu\" \/>\n<meta property=\"og:description\" content=\"Projekty edukacyjne ju\u017c od wielu lat stanowi\u0105 integraln\u0105 cz\u0119\u015b\u0107 procesu uczenia si\u0119 w szkole podstawowej. Tak\u017ce w liceum sta\u0142y si\u0119...\" \/>\n<meta property=\"og:url\" content=\"https:\/\/spolecznajedynka.pl\/lo\/projekty\/\" \/>\n<meta property=\"og:site_name\" content=\"Spo\u0142eczne Liceum Og\u00f3lnokszta\u0142c\u0105ce nr 1 w Poznaniu\" \/>\n<meta property=\"article:publisher\" content=\"https:\/\/www.facebook.com\/p\/Liceum-Spoeczna-Jedynka-Pozna-100082885224687\" \/>\n<meta property=\"article:modified_time\" content=\"2024-11-29T00:09:39+00:00\" \/>\n<meta property=\"og:image\" content=\"https:\/\/spolecznajedynka.pl\/lo\/wp-content\/uploads\/sites\/2\/2024\/04\/434030024_404422262330611_4817968510704240513_n.jpg\" \/>\n<meta name=\"twitter:card\" content=\"summary_large_image\" \/>\n<meta name=\"twitter:label1\" content=\"Szacowany czas czytania\" \/>\n\t<meta name=\"twitter:data1\" content=\"3 minuty\" \/>\n<script type=\"application\/ld+json\" class=\"yoast-schema-graph\">{\"@context\":\"https:\\\/\\\/schema.org\",\"@graph\":[{\"@type\":\"WebPage\",\"@id\":\"https:\\\/\\\/spolecznajedynka.pl\\\/lo\\\/projekty\\\/\",\"url\":\"https:\\\/\\\/spolecznajedynka.pl\\\/lo\\\/projekty\\\/\",\"name\":\"Metoda projektowa - Spo\u0142eczne Liceum Og\u00f3lnokszta\u0142c\u0105ce nr 1 w Poznaniu\",\"isPartOf\":{\"@id\":\"https:\\\/\\\/spolecznajedynka.pl\\\/lo\\\/#website\"},\"primaryImageOfPage\":{\"@id\":\"https:\\\/\\\/spolecznajedynka.pl\\\/lo\\\/projekty\\\/#primaryimage\"},\"image\":{\"@id\":\"https:\\\/\\\/spolecznajedynka.pl\\\/lo\\\/projekty\\\/#primaryimage\"},\"thumbnailUrl\":\"https:\\\/\\\/spolecznajedynka.pl\\\/lo\\\/wp-content\\\/uploads\\\/sites\\\/2\\\/2024\\\/04\\\/434030024_404422262330611_4817968510704240513_n.jpg\",\"datePublished\":\"2024-04-05T21:48:08+00:00\",\"dateModified\":\"2024-11-29T00:09:39+00:00\",\"breadcrumb\":{\"@id\":\"https:\\\/\\\/spolecznajedynka.pl\\\/lo\\\/projekty\\\/#breadcrumb\"},\"inLanguage\":\"pl-PL\",\"potentialAction\":[{\"@type\":\"ReadAction\",\"target\":[\"https:\\\/\\\/spolecznajedynka.pl\\\/lo\\\/projekty\\\/\"]}]},{\"@type\":\"ImageObject\",\"inLanguage\":\"pl-PL\",\"@id\":\"https:\\\/\\\/spolecznajedynka.pl\\\/lo\\\/projekty\\\/#primaryimage\",\"url\":\"https:\\\/\\\/spolecznajedynka.pl\\\/lo\\\/wp-content\\\/uploads\\\/sites\\\/2\\\/2024\\\/04\\\/434030024_404422262330611_4817968510704240513_n.jpg\",\"contentUrl\":\"https:\\\/\\\/spolecznajedynka.pl\\\/lo\\\/wp-content\\\/uploads\\\/sites\\\/2\\\/2024\\\/04\\\/434030024_404422262330611_4817968510704240513_n.jpg\",\"width\":1200,\"height\":1200},{\"@type\":\"BreadcrumbList\",\"@id\":\"https:\\\/\\\/spolecznajedynka.pl\\\/lo\\\/projekty\\\/#breadcrumb\",\"itemListElement\":[{\"@type\":\"ListItem\",\"position\":1,\"name\":\"Strona g\u0142\u00f3wna\",\"item\":\"https:\\\/\\\/spolecznajedynka.pl\\\/lo\\\/\"},{\"@type\":\"ListItem\",\"position\":2,\"name\":\"Metoda projektowa\"}]},{\"@type\":\"WebSite\",\"@id\":\"https:\\\/\\\/spolecznajedynka.pl\\\/lo\\\/#website\",\"url\":\"https:\\\/\\\/spolecznajedynka.pl\\\/lo\\\/\",\"name\":\"Spo\u0142eczne Liceum Og\u00f3lnokszta\u0142c\u0105ce nr 1 w Poznaniu\",\"description\":\"\",\"publisher\":{\"@id\":\"https:\\\/\\\/spolecznajedynka.pl\\\/lo\\\/#organization\"},\"potentialAction\":[{\"@type\":\"SearchAction\",\"target\":{\"@type\":\"EntryPoint\",\"urlTemplate\":\"https:\\\/\\\/spolecznajedynka.pl\\\/lo\\\/?s={search_term_string}\"},\"query-input\":{\"@type\":\"PropertyValueSpecification\",\"valueRequired\":true,\"valueName\":\"search_term_string\"}}],\"inLanguage\":\"pl-PL\"},{\"@type\":\"Organization\",\"@id\":\"https:\\\/\\\/spolecznajedynka.pl\\\/lo\\\/#organization\",\"name\":\"Spo\u0142eczne Liceum Og\u00f3lnokszta\u0142c\u0105ce nr 1 w Poznaniu\",\"url\":\"https:\\\/\\\/spolecznajedynka.pl\\\/lo\\\/\",\"logo\":{\"@type\":\"ImageObject\",\"inLanguage\":\"pl-PL\",\"@id\":\"https:\\\/\\\/spolecznajedynka.pl\\\/lo\\\/#\\\/schema\\\/logo\\\/image\\\/\",\"url\":\"https:\\\/\\\/spolecznajedynka.pl\\\/lo\\\/wp-content\\\/uploads\\\/sites\\\/2\\\/2023\\\/08\\\/logo-lo.png\",\"contentUrl\":\"https:\\\/\\\/spolecznajedynka.pl\\\/lo\\\/wp-content\\\/uploads\\\/sites\\\/2\\\/2023\\\/08\\\/logo-lo.png\",\"width\":651,\"height\":355,\"caption\":\"Spo\u0142eczne Liceum Og\u00f3lnokszta\u0142c\u0105ce nr 1 w Poznaniu\"},\"image\":{\"@id\":\"https:\\\/\\\/spolecznajedynka.pl\\\/lo\\\/#\\\/schema\\\/logo\\\/image\\\/\"},\"sameAs\":[\"https:\\\/\\\/www.facebook.com\\\/p\\\/Liceum-Spoeczna-Jedynka-Pozna-100082885224687\",\"https:\\\/\\\/www.instagram.com\\\/spolecznajedynka\\\/\",\"https:\\\/\\\/www.tiktok.com\\\/@lospoleczna1\"]}]}<\/script>\n<!-- \/ Yoast SEO plugin. -->","yoast_head_json":{"title":"Metoda projektowa - Spo\u0142eczne Liceum Og\u00f3lnokszta\u0142c\u0105ce nr 1 w Poznaniu","robots":{"index":"index","follow":"follow","max-snippet":"max-snippet:-1","max-image-preview":"max-image-preview:large","max-video-preview":"max-video-preview:-1"},"canonical":"https:\/\/spolecznajedynka.pl\/lo\/projekty\/","og_locale":"pl_PL","og_type":"article","og_title":"Metoda projektowa - Spo\u0142eczne Liceum Og\u00f3lnokszta\u0142c\u0105ce nr 1 w Poznaniu","og_description":"Projekty edukacyjne ju\u017c od wielu lat stanowi\u0105 integraln\u0105 cz\u0119\u015b\u0107 procesu uczenia si\u0119 w szkole podstawowej. Tak\u017ce w liceum sta\u0142y si\u0119...","og_url":"https:\/\/spolecznajedynka.pl\/lo\/projekty\/","og_site_name":"Spo\u0142eczne Liceum Og\u00f3lnokszta\u0142c\u0105ce nr 1 w Poznaniu","article_publisher":"https:\/\/www.facebook.com\/p\/Liceum-Spoeczna-Jedynka-Pozna-100082885224687","article_modified_time":"2024-11-29T00:09:39+00:00","og_image":[{"url":"https:\/\/spolecznajedynka.pl\/lo\/wp-content\/uploads\/sites\/2\/2024\/04\/434030024_404422262330611_4817968510704240513_n.jpg","type":"","width":"","height":""}],"twitter_card":"summary_large_image","twitter_misc":{"Szacowany czas czytania":"3 minuty"},"schema":{"@context":"https:\/\/schema.org","@graph":[{"@type":"WebPage","@id":"https:\/\/spolecznajedynka.pl\/lo\/projekty\/","url":"https:\/\/spolecznajedynka.pl\/lo\/projekty\/","name":"Metoda projektowa - Spo\u0142eczne Liceum Og\u00f3lnokszta\u0142c\u0105ce nr 1 w Poznaniu","isPartOf":{"@id":"https:\/\/spolecznajedynka.pl\/lo\/#website"},"primaryImageOfPage":{"@id":"https:\/\/spolecznajedynka.pl\/lo\/projekty\/#primaryimage"},"image":{"@id":"https:\/\/spolecznajedynka.pl\/lo\/projekty\/#primaryimage"},"thumbnailUrl":"https:\/\/spolecznajedynka.pl\/lo\/wp-content\/uploads\/sites\/2\/2024\/04\/434030024_404422262330611_4817968510704240513_n.jpg","datePublished":"2024-04-05T21:48:08+00:00","dateModified":"2024-11-29T00:09:39+00:00","breadcrumb":{"@id":"https:\/\/spolecznajedynka.pl\/lo\/projekty\/#breadcrumb"},"inLanguage":"pl-PL","potentialAction":[{"@type":"ReadAction","target":["https:\/\/spolecznajedynka.pl\/lo\/projekty\/"]}]},{"@type":"ImageObject","inLanguage":"pl-PL","@id":"https:\/\/spolecznajedynka.pl\/lo\/projekty\/#primaryimage","url":"https:\/\/spolecznajedynka.pl\/lo\/wp-content\/uploads\/sites\/2\/2024\/04\/434030024_404422262330611_4817968510704240513_n.jpg","contentUrl":"https:\/\/spolecznajedynka.pl\/lo\/wp-content\/uploads\/sites\/2\/2024\/04\/434030024_404422262330611_4817968510704240513_n.jpg","width":1200,"height":1200},{"@type":"BreadcrumbList","@id":"https:\/\/spolecznajedynka.pl\/lo\/projekty\/#breadcrumb","itemListElement":[{"@type":"ListItem","position":1,"name":"Strona g\u0142\u00f3wna","item":"https:\/\/spolecznajedynka.pl\/lo\/"},{"@type":"ListItem","position":2,"name":"Metoda projektowa"}]},{"@type":"WebSite","@id":"https:\/\/spolecznajedynka.pl\/lo\/#website","url":"https:\/\/spolecznajedynka.pl\/lo\/","name":"Spo\u0142eczne Liceum Og\u00f3lnokszta\u0142c\u0105ce nr 1 w Poznaniu","description":"","publisher":{"@id":"https:\/\/spolecznajedynka.pl\/lo\/#organization"},"potentialAction":[{"@type":"SearchAction","target":{"@type":"EntryPoint","urlTemplate":"https:\/\/spolecznajedynka.pl\/lo\/?s={search_term_string}"},"query-input":{"@type":"PropertyValueSpecification","valueRequired":true,"valueName":"search_term_string"}}],"inLanguage":"pl-PL"},{"@type":"Organization","@id":"https:\/\/spolecznajedynka.pl\/lo\/#organization","name":"Spo\u0142eczne Liceum Og\u00f3lnokszta\u0142c\u0105ce nr 1 w Poznaniu","url":"https:\/\/spolecznajedynka.pl\/lo\/","logo":{"@type":"ImageObject","inLanguage":"pl-PL","@id":"https:\/\/spolecznajedynka.pl\/lo\/#\/schema\/logo\/image\/","url":"https:\/\/spolecznajedynka.pl\/lo\/wp-content\/uploads\/sites\/2\/2023\/08\/logo-lo.png","contentUrl":"https:\/\/spolecznajedynka.pl\/lo\/wp-content\/uploads\/sites\/2\/2023\/08\/logo-lo.png","width":651,"height":355,"caption":"Spo\u0142eczne Liceum Og\u00f3lnokszta\u0142c\u0105ce nr 1 w Poznaniu"},"image":{"@id":"https:\/\/spolecznajedynka.pl\/lo\/#\/schema\/logo\/image\/"},"sameAs":["https:\/\/www.facebook.com\/p\/Liceum-Spoeczna-Jedynka-Pozna-100082885224687","https:\/\/www.instagram.com\/spolecznajedynka\/","https:\/\/www.tiktok.com\/@lospoleczna1"]}]}},"_links":{"self":[{"href":"https:\/\/spolecznajedynka.pl\/lo\/wp-json\/wp\/v2\/pages\/957","targetHints":{"allow":["GET"]}}],"collection":[{"href":"https:\/\/spolecznajedynka.pl\/lo\/wp-json\/wp\/v2\/pages"}],"about":[{"href":"https:\/\/spolecznajedynka.pl\/lo\/wp-json\/wp\/v2\/types\/page"}],"author":[{"embeddable":true,"href":"https:\/\/spolecznajedynka.pl\/lo\/wp-json\/wp\/v2\/users\/2"}],"replies":[{"embeddable":true,"href":"https:\/\/spolecznajedynka.pl\/lo\/wp-json\/wp\/v2\/comments?post=957"}],"version-history":[{"count":5,"href":"https:\/\/spolecznajedynka.pl\/lo\/wp-json\/wp\/v2\/pages\/957\/revisions"}],"predecessor-version":[{"id":1312,"href":"https:\/\/spolecznajedynka.pl\/lo\/wp-json\/wp\/v2\/pages\/957\/revisions\/1312"}],"wp:attachment":[{"href":"https:\/\/spolecznajedynka.pl\/lo\/wp-json\/wp\/v2\/media?parent=957"}],"curies":[{"name":"wp","href":"https:\/\/api.w.org\/{rel}","templated":true}]}}