{"id":190,"date":"2023-09-26T09:17:31","date_gmt":"2023-09-26T07:17:31","guid":{"rendered":"https:\/\/zarzadzanie.smarthost.pl\/sp1\/lo\/?page_id=190"},"modified":"2025-09-05T14:53:04","modified_gmt":"2025-09-05T12:53:04","slug":"zajecia-pozalekcyjne-2025-2026","status":"publish","type":"page","link":"https:\/\/spolecznajedynka.pl\/lo\/zajecia-pozalekcyjne-2025-2026\/","title":{"rendered":"Zaj\u0119cia pozalekcyjne 2025\/2026"},"content":{"rendered":"<p><section data-kc-equalheight=\"true\" data-kc-equalheight-align=\"middle\" class=\"kc-elm kc-css-35711 kc_row section-photo-text photo-left .kc_column\"><div class=\"kc-row-container  kc-container\"><div class=\"kc-wrap-columns\"><div class=\"kc-elm kc-css-619069 kc_col-sm-6 kc_column kc_col-sm-6\"><div class=\"kc-col-container\"><div class=\"kc-elm kc-css-392846 kc_shortcode kc_single_image\">\n\n        <img decoding=\"async\" src=\"https:\/\/spolecznajedynka.pl\/lo\/wp-content\/uploads\/sites\/2\/2023\/09\/zajecia-pozalekcyjne.jpg\" class=\"\" alt=\"\" \/>    <\/div>\n<\/div><\/div><div class=\"kc-elm kc-css-54596 kc_col-sm-6 kc_column kc_col-sm-6\"><div class=\"kc-col-container\"><div class=\"kc-elm kc-css-45337 kc_text_block\"><\/p>\n<h2 class=\"fsz28\">Zaj\u0119cia dodatkowe Pozna\u0144 \u2013 dlaczego w\u0142a\u015bnie w\u00a0naszej szkole?<\/h2>\n<p>Polecamy bogaty program dodatkowych lekcji dopasowanych do potrzeb dzieci i\u00a0m\u0142odzie\u017cy r\u00f3\u017cni\u0105cej si\u0119 wiekiem, cechami charakteru i\u00a0potrzebami. Zaj\u0119cia pozalekcyjne w\u00a0szkole podstawowej to doskona\u0142y spos\u00f3b, aby uczniowie mogli zdobywa\u0107 nowe umiej\u0119tno\u015bci w\u00a0dobrze znanym sobie miejscu i\u00a0w sprawdzonym gronie.<\/p>\n<p>Nasze zaj\u0119cia dodatkowe w\u00a0Poznaniu to:<\/p>\n<ul>\n<li>rozbudowana oferta lekcji dostosowanych do potrzeb dzieci o\u00a0r\u00f3\u017cnych predyspozycjach i\u00a0zainteresowaniach,<\/li>\n<li>pasjonuj\u0105ce programy u\u0142o\u017cone w\u00a0taki spos\u00f3b, aby zaciekawia\u0107 i\u00a0sk\u0142ania\u0107 do pracy indywidualnej oraz grupowej,<\/li>\n<li>starannie dobrana kadra do\u015bwiadczonych nauczycieli, psycholog\u00f3w i\u00a0trener\u00f3w potrafi\u0105cych pracowa\u0107 z\u00a0m\u0142odzie\u017c\u0105,<\/li>\n<li>zastosowanie nowoczesnych metod nauczania,<\/li>\n<li>gwarancja skupienia si\u0119 na ka\u017cdym uczniu.<\/li>\n<\/ul>\n<p>Poznaj aktualne plany lekcji i\u00a0dobierz zaj\u0119cia dodatkowe, kt\u00f3re zaprocentuj\u0105 w\u00a0przysz\u0142o\u015bci, daj\u0105c Twojemu dziecku cenne umiej\u0119tno\u015bci u\u0142atwiaj\u0105ce wkraczanie w\u00a0doros\u0142o\u015b\u0107.<\/p>\n<p>\n<\/div><\/div><\/div><\/div><\/div><\/section><section class=\"kc-elm kc-css-427377 kc_row\"><div class=\"kc-row-container  kc-container\"><div class=\"kc-wrap-columns\"><div class=\"kc-elm kc-css-342103 kc_col-sm-2 kc_column kc_col-sm-2\"><div class=\"kc-col-container\"><\/div><\/div><div class=\"kc-elm kc-css-290604 kc_col-sm-8 kc_column kc_col-sm-8\"><div class=\"kc-col-container\">\n<div class=\"kc-elm kc-css-146163 kc-title-wrap \">\n\n\t<h3 class=\"kc_title\">Oferta zaj\u0119\u0107<\/h3>\n<\/div>\n<div class=\"kc-elm kc-css-448049\" style=\"height: 20px; clear: both; width:100%;\"><\/div><div class=\"kc-elm kc-css-858615 kc_text_block\"><\/p>\n<p><a href=\"https:\/\/spolecznajedynka.pl\/sp\/wp-content\/uploads\/sites\/3\/2025\/09\/Instrukcja-zapisow-na-zajecia-pozalekcyjne.pdf\" target=\"_blank\" rel=\"noopener\">Instrukcja zapis\u00f3w (PDF, 0.5MB)<\/a><\/p>\n<p><iframe loading=\"lazy\" src=\"https:\/\/docs.google.com\/spreadsheets\/d\/e\/2PACX-1vTi1FrYf8Om2plhx4KrAklMz2-PzTGpM585yz-Y4ok7Ld1JWABIESWT12ljEeXLeLFWDmASdt74XSFZ\/pubhtml?gid=1344550504&amp;single=true&amp;widget=true&amp;headers=false\" width=\"100%\" height=\"600\"><\/iframe><\/p>\n<p><span style=\"font-weight: 400;\">Zaj\u0119cia pozalekcyjne w szko\u0142ach pozwalaj\u0105 wykracza\u0107 poza podstawowy plan nauczania, w kt\u00f3rym nie zawsze jest czas na skupienie si\u0119 na jednostkach i ich zainteresowaniach. Du\u017ca ilo\u015b\u0107 materia\u0142u nie sprzyja wydobywaniu potencja\u0142u czy odkrywaniu talent\u00f3w. Dodatkowe lekcje to mo\u017cliwo\u015b\u0107 wszechstronnego rozwoju. Pomagaj\u0105 dziecku poznawa\u0107 tajemnice otaczaj\u0105cego nas \u015bwiata, towarzysz\u0105cych mu zjawisk oraz zwyczaje i obyczaje spo\u0142eczne. Zaj\u0119cia dodatkowe w szkole podstawowej to dobry pomys\u0142, aby ju\u017c od najm\u0142odszych lat odpowiada\u0107 na indywidualne potrzeby uczni\u00f3w, odkrywa\u0107 ich najmocniejsze strony i wspiera\u0107 ich rozw\u00f3j.<\/span><\/p>\n<p>\n<\/div><\/div><\/div><div class=\"kc-elm kc-css-614300 kc_col-sm-2 kc_column kc_col-sm-2\"><div class=\"kc-col-container\"><\/div><\/div><\/div><\/div><\/section><\/p>\n","protected":false},"excerpt":{"rendered":"","protected":false},"author":2,"featured_media":0,"parent":0,"menu_order":0,"comment_status":"closed","ping_status":"closed","template":"","meta":{"_acf_changed":false,"footnotes":""},"class_list":["post-190","page","type-page","status-publish","hentry"],"acf":[],"yoast_head":"<!-- This site is optimized with the Yoast SEO plugin v27.4 - https:\/\/yoast.com\/product\/yoast-seo-wordpress\/ -->\n<title>Zaj\u0119cia pozalekcyjne 2025\/2026 - Spo\u0142eczne Liceum Og\u00f3lnokszta\u0142c\u0105ce nr 1 w Poznaniu<\/title>\n<meta name=\"robots\" content=\"index, follow, max-snippet:-1, max-image-preview:large, max-video-preview:-1\" \/>\n<link rel=\"canonical\" href=\"https:\/\/spolecznajedynka.pl\/lo\/zajecia-pozalekcyjne-2025-2026\/\" \/>\n<meta property=\"og:locale\" content=\"pl_PL\" \/>\n<meta property=\"og:type\" content=\"article\" \/>\n<meta property=\"og:title\" content=\"Zaj\u0119cia pozalekcyjne 2025\/2026 - Spo\u0142eczne Liceum Og\u00f3lnokszta\u0142c\u0105ce nr 1 w Poznaniu\" \/>\n<meta property=\"og:description\" content=\"Zaj\u0119cia dodatkowe Pozna\u0144 \u2013 dlaczego w\u0142a\u015bnie w\u00a0naszej szkole? Polecamy bogaty program dodatkowych lekcji dopasowanych do potrzeb dzieci i\u00a0m\u0142odzie\u017cy r\u00f3\u017cni\u0105cej si\u0119...\" \/>\n<meta property=\"og:url\" content=\"https:\/\/spolecznajedynka.pl\/lo\/zajecia-pozalekcyjne-2025-2026\/\" \/>\n<meta property=\"og:site_name\" content=\"Spo\u0142eczne Liceum Og\u00f3lnokszta\u0142c\u0105ce nr 1 w Poznaniu\" \/>\n<meta property=\"article:publisher\" content=\"https:\/\/www.facebook.com\/p\/Liceum-Spoeczna-Jedynka-Pozna-100082885224687\" \/>\n<meta property=\"article:modified_time\" content=\"2025-09-05T12:53:04+00:00\" \/>\n<meta property=\"og:image\" content=\"https:\/\/spolecznajedynka.pl\/lo\/wp-content\/uploads\/sites\/2\/2023\/09\/zajecia-pozalekcyjne.jpg\" \/>\n<meta name=\"twitter:card\" content=\"summary_large_image\" \/>\n<meta name=\"twitter:label1\" content=\"Szacowany czas czytania\" \/>\n\t<meta name=\"twitter:data1\" content=\"2 minuty\" \/>\n<script type=\"application\/ld+json\" class=\"yoast-schema-graph\">{\"@context\":\"https:\\\/\\\/schema.org\",\"@graph\":[{\"@type\":\"WebPage\",\"@id\":\"https:\\\/\\\/spolecznajedynka.pl\\\/lo\\\/zajecia-pozalekcyjne-2025-2026\\\/\",\"url\":\"https:\\\/\\\/spolecznajedynka.pl\\\/lo\\\/zajecia-pozalekcyjne-2025-2026\\\/\",\"name\":\"Zaj\u0119cia pozalekcyjne 2025\\\/2026 - Spo\u0142eczne Liceum Og\u00f3lnokszta\u0142c\u0105ce nr 1 w Poznaniu\",\"isPartOf\":{\"@id\":\"https:\\\/\\\/spolecznajedynka.pl\\\/lo\\\/#website\"},\"primaryImageOfPage\":{\"@id\":\"https:\\\/\\\/spolecznajedynka.pl\\\/lo\\\/zajecia-pozalekcyjne-2025-2026\\\/#primaryimage\"},\"image\":{\"@id\":\"https:\\\/\\\/spolecznajedynka.pl\\\/lo\\\/zajecia-pozalekcyjne-2025-2026\\\/#primaryimage\"},\"thumbnailUrl\":\"https:\\\/\\\/spolecznajedynka.pl\\\/lo\\\/wp-content\\\/uploads\\\/sites\\\/2\\\/2023\\\/09\\\/zajecia-pozalekcyjne.jpg\",\"datePublished\":\"2023-09-26T07:17:31+00:00\",\"dateModified\":\"2025-09-05T12:53:04+00:00\",\"breadcrumb\":{\"@id\":\"https:\\\/\\\/spolecznajedynka.pl\\\/lo\\\/zajecia-pozalekcyjne-2025-2026\\\/#breadcrumb\"},\"inLanguage\":\"pl-PL\",\"potentialAction\":[{\"@type\":\"ReadAction\",\"target\":[\"https:\\\/\\\/spolecznajedynka.pl\\\/lo\\\/zajecia-pozalekcyjne-2025-2026\\\/\"]}]},{\"@type\":\"ImageObject\",\"inLanguage\":\"pl-PL\",\"@id\":\"https:\\\/\\\/spolecznajedynka.pl\\\/lo\\\/zajecia-pozalekcyjne-2025-2026\\\/#primaryimage\",\"url\":\"https:\\\/\\\/spolecznajedynka.pl\\\/lo\\\/wp-content\\\/uploads\\\/sites\\\/2\\\/2023\\\/09\\\/zajecia-pozalekcyjne.jpg\",\"contentUrl\":\"https:\\\/\\\/spolecznajedynka.pl\\\/lo\\\/wp-content\\\/uploads\\\/sites\\\/2\\\/2023\\\/09\\\/zajecia-pozalekcyjne.jpg\",\"width\":1400,\"height\":933},{\"@type\":\"BreadcrumbList\",\"@id\":\"https:\\\/\\\/spolecznajedynka.pl\\\/lo\\\/zajecia-pozalekcyjne-2025-2026\\\/#breadcrumb\",\"itemListElement\":[{\"@type\":\"ListItem\",\"position\":1,\"name\":\"Strona g\u0142\u00f3wna\",\"item\":\"https:\\\/\\\/spolecznajedynka.pl\\\/lo\\\/\"},{\"@type\":\"ListItem\",\"position\":2,\"name\":\"Zaj\u0119cia pozalekcyjne 2025\\\/2026\"}]},{\"@type\":\"WebSite\",\"@id\":\"https:\\\/\\\/spolecznajedynka.pl\\\/lo\\\/#website\",\"url\":\"https:\\\/\\\/spolecznajedynka.pl\\\/lo\\\/\",\"name\":\"Spo\u0142eczne Liceum Og\u00f3lnokszta\u0142c\u0105ce nr 1 w Poznaniu\",\"description\":\"\",\"publisher\":{\"@id\":\"https:\\\/\\\/spolecznajedynka.pl\\\/lo\\\/#organization\"},\"potentialAction\":[{\"@type\":\"SearchAction\",\"target\":{\"@type\":\"EntryPoint\",\"urlTemplate\":\"https:\\\/\\\/spolecznajedynka.pl\\\/lo\\\/?s={search_term_string}\"},\"query-input\":{\"@type\":\"PropertyValueSpecification\",\"valueRequired\":true,\"valueName\":\"search_term_string\"}}],\"inLanguage\":\"pl-PL\"},{\"@type\":\"Organization\",\"@id\":\"https:\\\/\\\/spolecznajedynka.pl\\\/lo\\\/#organization\",\"name\":\"Spo\u0142eczne Liceum Og\u00f3lnokszta\u0142c\u0105ce nr 1 w Poznaniu\",\"url\":\"https:\\\/\\\/spolecznajedynka.pl\\\/lo\\\/\",\"logo\":{\"@type\":\"ImageObject\",\"inLanguage\":\"pl-PL\",\"@id\":\"https:\\\/\\\/spolecznajedynka.pl\\\/lo\\\/#\\\/schema\\\/logo\\\/image\\\/\",\"url\":\"https:\\\/\\\/spolecznajedynka.pl\\\/lo\\\/wp-content\\\/uploads\\\/sites\\\/2\\\/2023\\\/08\\\/logo-lo.png\",\"contentUrl\":\"https:\\\/\\\/spolecznajedynka.pl\\\/lo\\\/wp-content\\\/uploads\\\/sites\\\/2\\\/2023\\\/08\\\/logo-lo.png\",\"width\":651,\"height\":355,\"caption\":\"Spo\u0142eczne Liceum Og\u00f3lnokszta\u0142c\u0105ce nr 1 w Poznaniu\"},\"image\":{\"@id\":\"https:\\\/\\\/spolecznajedynka.pl\\\/lo\\\/#\\\/schema\\\/logo\\\/image\\\/\"},\"sameAs\":[\"https:\\\/\\\/www.facebook.com\\\/p\\\/Liceum-Spoeczna-Jedynka-Pozna-100082885224687\",\"https:\\\/\\\/www.instagram.com\\\/spolecznajedynka\\\/\",\"https:\\\/\\\/www.tiktok.com\\\/@lospoleczna1\"]}]}<\/script>\n<!-- \/ Yoast SEO plugin. -->","yoast_head_json":{"title":"Zaj\u0119cia pozalekcyjne 2025\/2026 - Spo\u0142eczne Liceum Og\u00f3lnokszta\u0142c\u0105ce nr 1 w Poznaniu","robots":{"index":"index","follow":"follow","max-snippet":"max-snippet:-1","max-image-preview":"max-image-preview:large","max-video-preview":"max-video-preview:-1"},"canonical":"https:\/\/spolecznajedynka.pl\/lo\/zajecia-pozalekcyjne-2025-2026\/","og_locale":"pl_PL","og_type":"article","og_title":"Zaj\u0119cia pozalekcyjne 2025\/2026 - Spo\u0142eczne Liceum Og\u00f3lnokszta\u0142c\u0105ce nr 1 w Poznaniu","og_description":"Zaj\u0119cia dodatkowe Pozna\u0144 \u2013 dlaczego w\u0142a\u015bnie w\u00a0naszej szkole? Polecamy bogaty program dodatkowych lekcji dopasowanych do potrzeb dzieci i\u00a0m\u0142odzie\u017cy r\u00f3\u017cni\u0105cej si\u0119...","og_url":"https:\/\/spolecznajedynka.pl\/lo\/zajecia-pozalekcyjne-2025-2026\/","og_site_name":"Spo\u0142eczne Liceum Og\u00f3lnokszta\u0142c\u0105ce nr 1 w Poznaniu","article_publisher":"https:\/\/www.facebook.com\/p\/Liceum-Spoeczna-Jedynka-Pozna-100082885224687","article_modified_time":"2025-09-05T12:53:04+00:00","og_image":[{"url":"https:\/\/spolecznajedynka.pl\/lo\/wp-content\/uploads\/sites\/2\/2023\/09\/zajecia-pozalekcyjne.jpg","type":"","width":"","height":""}],"twitter_card":"summary_large_image","twitter_misc":{"Szacowany czas czytania":"2 minuty"},"schema":{"@context":"https:\/\/schema.org","@graph":[{"@type":"WebPage","@id":"https:\/\/spolecznajedynka.pl\/lo\/zajecia-pozalekcyjne-2025-2026\/","url":"https:\/\/spolecznajedynka.pl\/lo\/zajecia-pozalekcyjne-2025-2026\/","name":"Zaj\u0119cia pozalekcyjne 2025\/2026 - Spo\u0142eczne Liceum Og\u00f3lnokszta\u0142c\u0105ce nr 1 w Poznaniu","isPartOf":{"@id":"https:\/\/spolecznajedynka.pl\/lo\/#website"},"primaryImageOfPage":{"@id":"https:\/\/spolecznajedynka.pl\/lo\/zajecia-pozalekcyjne-2025-2026\/#primaryimage"},"image":{"@id":"https:\/\/spolecznajedynka.pl\/lo\/zajecia-pozalekcyjne-2025-2026\/#primaryimage"},"thumbnailUrl":"https:\/\/spolecznajedynka.pl\/lo\/wp-content\/uploads\/sites\/2\/2023\/09\/zajecia-pozalekcyjne.jpg","datePublished":"2023-09-26T07:17:31+00:00","dateModified":"2025-09-05T12:53:04+00:00","breadcrumb":{"@id":"https:\/\/spolecznajedynka.pl\/lo\/zajecia-pozalekcyjne-2025-2026\/#breadcrumb"},"inLanguage":"pl-PL","potentialAction":[{"@type":"ReadAction","target":["https:\/\/spolecznajedynka.pl\/lo\/zajecia-pozalekcyjne-2025-2026\/"]}]},{"@type":"ImageObject","inLanguage":"pl-PL","@id":"https:\/\/spolecznajedynka.pl\/lo\/zajecia-pozalekcyjne-2025-2026\/#primaryimage","url":"https:\/\/spolecznajedynka.pl\/lo\/wp-content\/uploads\/sites\/2\/2023\/09\/zajecia-pozalekcyjne.jpg","contentUrl":"https:\/\/spolecznajedynka.pl\/lo\/wp-content\/uploads\/sites\/2\/2023\/09\/zajecia-pozalekcyjne.jpg","width":1400,"height":933},{"@type":"BreadcrumbList","@id":"https:\/\/spolecznajedynka.pl\/lo\/zajecia-pozalekcyjne-2025-2026\/#breadcrumb","itemListElement":[{"@type":"ListItem","position":1,"name":"Strona g\u0142\u00f3wna","item":"https:\/\/spolecznajedynka.pl\/lo\/"},{"@type":"ListItem","position":2,"name":"Zaj\u0119cia pozalekcyjne 2025\/2026"}]},{"@type":"WebSite","@id":"https:\/\/spolecznajedynka.pl\/lo\/#website","url":"https:\/\/spolecznajedynka.pl\/lo\/","name":"Spo\u0142eczne Liceum Og\u00f3lnokszta\u0142c\u0105ce nr 1 w Poznaniu","description":"","publisher":{"@id":"https:\/\/spolecznajedynka.pl\/lo\/#organization"},"potentialAction":[{"@type":"SearchAction","target":{"@type":"EntryPoint","urlTemplate":"https:\/\/spolecznajedynka.pl\/lo\/?s={search_term_string}"},"query-input":{"@type":"PropertyValueSpecification","valueRequired":true,"valueName":"search_term_string"}}],"inLanguage":"pl-PL"},{"@type":"Organization","@id":"https:\/\/spolecznajedynka.pl\/lo\/#organization","name":"Spo\u0142eczne Liceum Og\u00f3lnokszta\u0142c\u0105ce nr 1 w Poznaniu","url":"https:\/\/spolecznajedynka.pl\/lo\/","logo":{"@type":"ImageObject","inLanguage":"pl-PL","@id":"https:\/\/spolecznajedynka.pl\/lo\/#\/schema\/logo\/image\/","url":"https:\/\/spolecznajedynka.pl\/lo\/wp-content\/uploads\/sites\/2\/2023\/08\/logo-lo.png","contentUrl":"https:\/\/spolecznajedynka.pl\/lo\/wp-content\/uploads\/sites\/2\/2023\/08\/logo-lo.png","width":651,"height":355,"caption":"Spo\u0142eczne Liceum Og\u00f3lnokszta\u0142c\u0105ce nr 1 w Poznaniu"},"image":{"@id":"https:\/\/spolecznajedynka.pl\/lo\/#\/schema\/logo\/image\/"},"sameAs":["https:\/\/www.facebook.com\/p\/Liceum-Spoeczna-Jedynka-Pozna-100082885224687","https:\/\/www.instagram.com\/spolecznajedynka\/","https:\/\/www.tiktok.com\/@lospoleczna1"]}]}},"_links":{"self":[{"href":"https:\/\/spolecznajedynka.pl\/lo\/wp-json\/wp\/v2\/pages\/190","targetHints":{"allow":["GET"]}}],"collection":[{"href":"https:\/\/spolecznajedynka.pl\/lo\/wp-json\/wp\/v2\/pages"}],"about":[{"href":"https:\/\/spolecznajedynka.pl\/lo\/wp-json\/wp\/v2\/types\/page"}],"author":[{"embeddable":true,"href":"https:\/\/spolecznajedynka.pl\/lo\/wp-json\/wp\/v2\/users\/2"}],"replies":[{"embeddable":true,"href":"https:\/\/spolecznajedynka.pl\/lo\/wp-json\/wp\/v2\/comments?post=190"}],"version-history":[{"count":6,"href":"https:\/\/spolecznajedynka.pl\/lo\/wp-json\/wp\/v2\/pages\/190\/revisions"}],"predecessor-version":[{"id":1761,"href":"https:\/\/spolecznajedynka.pl\/lo\/wp-json\/wp\/v2\/pages\/190\/revisions\/1761"}],"wp:attachment":[{"href":"https:\/\/spolecznajedynka.pl\/lo\/wp-json\/wp\/v2\/media?parent=190"}],"curies":[{"name":"wp","href":"https:\/\/api.w.org\/{rel}","templated":true}]}}