{"id":166,"date":"2023-09-25T21:49:03","date_gmt":"2023-09-25T19:49:03","guid":{"rendered":"https:\/\/zarzadzanie.smarthost.pl\/sp1\/lo\/?page_id=166"},"modified":"2026-04-01T23:15:01","modified_gmt":"2026-04-01T21:15:01","slug":"rekrutacja-do-liceum-poznan","status":"publish","type":"page","link":"https:\/\/spolecznajedynka.pl\/lo\/dolacz-do-nas\/rekrutacja-do-liceum-poznan\/","title":{"rendered":"Rekrutacja do liceum Pozna\u0144"},"content":{"rendered":"<p><section class=\"kc-elm kc_row\"><div class=\"kc-row-container  kc-container\"><div class=\"kc-wrap-columns\"><div class=\"kc-elm kc_column kc_col-sm-12\"><div class=\"kc-col-container\">\n<div class=\"kc-elm kc-title-wrap \">\n\n\t<h1 class=\"kc_title\">The Title<\/h1>\n<\/div>\n<div class=\"kc-elm kc_text_block\"><\/p>\n<h3>Nie przegap wa\u017cnych termin\u00f3w:<\/h3>\n<p>\n<\/div><div class=\"kc-elm\" style=\"height: 20px; clear: both; width:100%;\"><\/div><div class=\"kc-carousel_images align-center\" style=\"border:1px dashed #ccc;\"><br \/><h3>Carousel Images: No images upload<\/h3><\/div><div class=\"kc-elm\" style=\"height: 20px; clear: both; width:100%;\"><\/div><\/div><\/div><\/div><\/div><\/section><section class=\"kc-elm kc_row\"><div class=\"kc-row-container  kc-container\"><div class=\"kc-wrap-columns\"><div class=\"kc-elm kc_column kc_col-sm-12\"><div class=\"kc-col-container\"><div class=\"kc-elm kc_text_block\"><\/p>\n<h3 style=\\\"text-align: left;\\\"><strong>EGZAMIN WEWN\u0118TRZNY<\/strong><\/h3>\n<div style=\\\"text-align: left;\\\"><strong>\u00a0<\/strong><\/div>\n<h4 style=\\\"text-align: left;\\\"><strong>To wa\u017cny moment w harmonogramie tegorocznej rekrutacji. <\/strong><\/h4>\n<h4 style=\\\"text-align: left;\\\"><strong>W pi\u0105tek 11 kwietnia odb\u0119dzie si\u0119 egzamin wewn\u0119trzny z j\u0119zyka polskiego, matematyki i j\u0119zyka angielskiego.<\/strong><\/h4>\n<div style=\\\"text-align: left;\\\">\n<hr \/>\n<\/div>\n<div style=\\\"text-align: left;\\\">\u00a0<\/div>\n<p style=\\\"text-align: left;\\\">Wszystkie cz\u0119\u015bci egzaminu b\u0119d\u0105 mia\u0142y miejsce 11.04.2025 w nast\u0119puj\u0105cych godzinach:<\/p>\n<ul>\n<li style=\\\"text-align: left;\\\">10:00 &#8211; 11:00 &#8211; egzamin z j\u0119zyka polskiego (60 min),<\/li>\n<li style=\\\"text-align: left;\\\">11:30 &#8211; 12:15 &#8211; egzamin z matematyki (45 min),<\/li>\n<li style=\\\"text-align: left;\\\">12:30 &#8211; 13:15 &#8211; egzamin z j\u0119zyka angielskiego (45 min).<\/li>\n<\/ul>\n<p>\n<\/div><\/div><\/div><\/div><\/div><\/section><section class=\"kc-elm kc_row\"><div class=\"kc-row-container  kc-container\"><div class=\"kc-wrap-columns\"><div class=\"kc-elm kc_column kc_col-sm-12\"><div class=\"kc-col-container\"><div class=\"kc-elm kc_shortcode kc_single_image\">\n\n        <img decoding=\"async\" src=\"https:\/\/spolecznajedynka.pl\/lo\/wp-content\/plugins\/kingcomposer\/assets\/images\/get_start.jpg\" class=\"kc_image_empty\" alt=\"\" \/>    <\/div>\n<div class=\"kc-elm\" style=\"height: 20px; clear: both; width:100%;\"><\/div>\n<div class=\"kc-elm\">\n\t<a class=\"kc_button\" href=\"#\" onclick=\"\">\n\t\tText Button\t<\/a>\n<\/div>\n<div class=\"kc-elm\" style=\"height: 20px; clear: both; width:100%;\"><\/div>\n<div class=\"kc-elm\">\n\t<a class=\"kc_button\" href=\"#\" onclick=\"\">\n\t\tText Button\t<\/a>\n<\/div>\n<\/div><\/div><\/div><\/div><\/section><section class=\"kc-elm kc_row\"><div class=\"kc-row-container  kc-container\"><div class=\"kc-wrap-columns\"><div class=\"kc-elm kc_column kc_col-sm-12\"><div class=\"kc-col-container\">\n<div class=\"kc-elm kc-title-wrap \">\n\n\t<h1 class=\"kc_title\">The Title<\/h1>\n<\/div>\n<div class=\"kc-elm\" style=\"height: 20px; clear: both; width:100%;\"><\/div><div class=\"kc-elm kc_text_block\"><\/p>\n<ol>\n<li>Rekrutacja w terminie podstawowym odbywa si\u0119 na podstawie:\n<p>&#8211; autoprezentacji kandydata<\/p>\n<p>&#8211; rozmowy wst\u0119pnej<\/p>\n<p>&#8211; egzaminu wewn\u0119trznego<\/p>\n<p>&#8211; wynik\u00f3w uzyskanych na \u015bwiadectwie z 7. klasy<\/p>\n<\/li>\n<li>Rekrutacja uzupe\u0142niaj\u0105ca odbywa si\u0119 na podstawie:\n<p>&#8211; autoprezentacji kandydata<\/p>\n<p>&#8211; rozmowy wst\u0119pnej<\/p>\n<p>&#8211; wynik\u00f3w egzaminu \u00f3smoklasisty<\/p>\n<p>&#8211; wynik\u00f3w uzyskanych na \u015bwiadectwie z 8. klasy<\/p>\n<\/li>\n<li>Rozmowa wst\u0119pna obejmuje tematy zwi\u0105zane z zainteresowaniami kandydata. Jest r\u00f3wnie\u017c okazj\u0105, by zaprezentowa\u0107 kompetencje spo\u0142eczne, umiej\u0119tno\u015b\u0107 logicznego my\u015blenia i kreatywno\u015b\u0107 w swobodnej wymianie my\u015bli. Rezerwacja terminu rozmowy wst\u0119pnej odbywa si\u0119 <a href=\\\"https:\/\/calendar.google.com\/calendar\/u\/0\/appointments\/schedules\/AcZssZ0nB4hg-5uom9DiEx_SyVRSlDuJwSUZrdUXW1eqaiBsAg0XY8RwOBhgv8u60Cu7aVk0iQnO3Yrh\\\"><strong>pod tym linkiem.<\/strong><\/a><\/li>\n<li>Autoprezentacja kandydata mo\u017ce mie\u0107 posta\u0107 filmu lub prezentacji z nagran\u0105 \u015bcie\u017ck\u0105 d\u017awi\u0119kow\u0105, czas trwania maksymalnie trzy minuty. Autoprezentacj\u0119 nale\u017cy przes\u0142a\u0107 na adres rekrutacja@spolecznajedynka.pl najp\u00f3\u017aniej trzy dni przed rozmow\u0105 wst\u0119pn\u0105.<\/li>\n<li>Op\u0142ata rekrutacyjna wynosi 200 z\u0142 i jest wnoszona jest najp\u00f3\u017aniej trzy dni przed pierwszym spotkaniem rekrutacyjnym na rachunek bankowy szko\u0142y.<\/li>\n<\/ol>\n<p><strong><a style=\\\"font-style: inherit;\\\" href=\\\"#zasady-rekrutacji\\\">Pe\u0142ne zasady rekrutacji<\/a><\/strong><\/p>\n<ol>\n<li style=\\\"list-style-type: none;\\\">\u00a0<\/li>\n<\/ol>\n<p>\n<\/div><\/div><\/div><\/div><\/div><\/section><section class=\"kc-elm kc_row\"><div class=\"kc-row-container  kc-container\"><div class=\"kc-wrap-columns\"><div class=\"kc-elm kc_column kc_col-sm-12\"><div class=\"kc-col-container\"><div class=\"kc-elm kc_text_block\"><\/p>\n<p>\n<\/div><\/div><\/div><div class=\"kc-elm kc_column kc_col-sm-12\"><div class=\"kc-col-container\">\n<div class=\"kc-elm kc-title-wrap \">\n\n\t<h1 class=\"kc_title\">The Title<\/h1>\n<\/div>\n<div class=\"kc-elm kc_text_block\"><\/p>\n<p>Rezerwacja terminu rozmowy wst\u0119pnej kandydata odbywa si\u0119 za pomoc\u0105 kalendarza &#8211; link poni\u017cej.<\/p>\n<p>\n<\/div>\n<div class=\"kc-elm\">\n\t<a class=\"kc_button\" href=\"#\" onclick=\"\">\n\t\tText Button\t<\/a>\n<\/div>\n<\/div><\/div><div class=\"kc-elm kc_column kc_col-sm-12\"><div class=\"kc-col-container\"><div class=\"kc-elm kc_text_block\"><\/p>\n<p>\n<\/div><\/div><\/div><\/div><\/div><\/section><section class=\"kc-elm kc_row\"><div class=\"kc-row-container  kc-container\"><div class=\"kc-wrap-columns\"><div class=\"kc-elm kc_column kc_col-sm-12\"><div class=\"kc-col-container\">\n<div class=\"kc-elm kc-title-wrap \">\n\n\t<h1 class=\"kc_title\">The Title<\/h1>\n<\/div>\n<div class=\"kc-elm\" style=\"height: 20px; clear: both; width:100%;\"><\/div><div class=\"kc-elm kc_accordion_wrapper\">\n<div class=\"kc-elm kc_accordion_section group \"><h3 class=\"kc_accordion_header ui-accordion-header\"><span class=\"ui-accordion-header-icon ui-icon\"><\/span><a href=\"#new-accordion-tab\" data-prevent=\"scroll\"><i class=\"\"><\/i>  New Accordion Tab<\/a><\/h3><div class=\"kc_accordion_content ui-accordion-content kc_clearfix\"><div class=\"kc-panel-body\"><div class=\"kc-elm kc_text_block\"><\/p>\n<p><strong>przyjmowanie zg\u0142osze\u0144 do Liceum Spo\u0142ecznej Jedynki.<\/strong><\/p>\n<p>\n<\/div><\/div><\/div><\/div><div class=\"kc-elm kc_accordion_section group \"><h3 class=\"kc_accordion_header ui-accordion-header\"><span class=\"ui-accordion-header-icon ui-icon\"><\/span><a href=\"#new-accordion-tab\" data-prevent=\"scroll\"><i class=\"\"><\/i>  New Accordion Tab<\/a><\/h3><div class=\"kc_accordion_content ui-accordion-content kc_clearfix\"><div class=\"kc-panel-body\"><div class=\"kc-elm kc_text_block\"><\/p>\n<ul>\n<li><strong>dostarczenie \u015bwiadectwa uko\u0144czenia klasy si\u00f3dmej i odpisu ocen \u015br\u00f3drocznych z I p\u00f3\u0142rocza klasy \u00f3smej<\/strong><\/li>\n<\/ul>\n<p>\n<\/div><\/div><\/div><\/div><div class=\"kc-elm kc_accordion_section group \"><h3 class=\"kc_accordion_header ui-accordion-header\"><span class=\"ui-accordion-header-icon ui-icon\"><\/span><a href=\"#new-accordion-tab\" data-prevent=\"scroll\"><i class=\"\"><\/i>  New Accordion Tab<\/a><\/h3><div class=\"kc_accordion_content ui-accordion-content kc_clearfix\"><div class=\"kc-panel-body\"><div class=\"kc-elm kc_text_block\"><\/p>\n<p><b>dostarczenie autoprezentacji<\/b><\/p>\n<p>\n<\/div><\/div><\/div><\/div><div class=\"kc-elm kc_accordion_section group \"><h3 class=\"kc_accordion_header ui-accordion-header\"><span class=\"ui-accordion-header-icon ui-icon\"><\/span><a href=\"#new-accordion-tab\" data-prevent=\"scroll\"><i class=\"\"><\/i>  New Accordion Tab<\/a><\/h3><div class=\"kc_accordion_content ui-accordion-content kc_clearfix\"><div class=\"kc-panel-body\"><div class=\"kc-elm kc_text_block\"><\/p>\n<p><b>egzamin wewn\u0119trzny z j\u0119zyka polskiego, matematyki i j\u0119zyka angielskiego<\/b><\/p>\n<p>\n<\/div><div class=\"kc-elm kc_shortcode kc_single_image\">\n\n        <img decoding=\"async\" src=\"https:\/\/spolecznajedynka.pl\/lo\/wp-content\/plugins\/kingcomposer\/assets\/images\/get_start.jpg\" class=\"kc_image_empty\" alt=\"\" \/>    <\/div>\n<\/div><\/div><\/div><div class=\"kc-elm kc_accordion_section group \"><h3 class=\"kc_accordion_header ui-accordion-header\"><span class=\"ui-accordion-header-icon ui-icon\"><\/span><a href=\"#new-accordion-tab\" data-prevent=\"scroll\"><i class=\"\"><\/i>  New Accordion Tab<\/a><\/h3><div class=\"kc_accordion_content ui-accordion-content kc_clearfix\"><div class=\"kc-panel-body\"><div class=\"kc-elm kc_text_block\"><\/p>\n<p><b>\u00a0rozmowy wst\u0119pne wg terminarza podanego na stronie szko\u0142y<\/b><\/p>\n<p>\n<\/div><\/div><\/div><\/div><div class=\"kc-elm kc_accordion_section group \"><h3 class=\"kc_accordion_header ui-accordion-header\"><span class=\"ui-accordion-header-icon ui-icon\"><\/span><a href=\"#new-accordion-tab\" data-prevent=\"scroll\"><i class=\"\"><\/i>  New Accordion Tab<\/a><\/h3><div class=\"kc_accordion_content ui-accordion-content kc_clearfix\"><div class=\"kc-panel-body\"><div class=\"kc-elm kc_text_block\"><\/p>\n<p><b>wyniki rekrutacji<\/b><\/p>\n<p>\n<\/div><\/div><\/div><\/div><div class=\"kc-elm kc_accordion_section group \"><h3 class=\"kc_accordion_header ui-accordion-header\"><span class=\"ui-accordion-header-icon ui-icon\"><\/span><a href=\"#new-accordion-tab\" data-prevent=\"scroll\"><i class=\"\"><\/i>  New Accordion Tab<\/a><\/h3><div class=\"kc_accordion_content ui-accordion-content kc_clearfix\"><div class=\"kc-panel-body\"><div class=\"kc-elm kc_text_block\"><\/p>\n<p><b>\u2060podpisanie umowy<\/b><\/p>\n<p>\n<\/div><\/div><\/div><\/div><\/div>\n<\/div><\/div><\/div><\/div><\/section><section class=\"kc-elm kc_row\"><div class=\"kc-row-container  kc-container\"><div class=\"kc-wrap-columns\"><div class=\"kc-elm kc_column kc_col-sm-12\"><div class=\"kc-col-container\"><div class=\"kc-elm kc_text_block\"><\/p>\n<h3 style=\\\"text-align: left;\\\"><strong>Rozmowa wst\u0119pna<\/strong><\/h3>\n<h4 style=\\\"text-align: left;\\\"><strong>Cz\u0119\u015bci\u0105 procesu rekrutacji jest rozmowa wst\u0119pna.<\/strong><\/h4>\n<div style=\\\"text-align: left;\\\">\n<hr>\n<\/div>\n<div style=\\\"text-align: left;\\\">\u00a0<\/div>\n<p>Rozmow\u0119 z kandydatem prowadzi zesp\u00f3\u0142 z\u0142o\u017cony z nauczycieli.<\/p>\n<p>Dotyczy ona zainteresowa\u0144 kandydata, wiedzy og\u00f3lnej, wsp\u00f3\u0142czesnych problem\u00f3w \u017cycia spo\u0142ecznego, kultury i sztuki.<\/p>\n<p>Celem rozmowy jest tak\u017ce sprawdzenie kompetencji spo\u0142ecznych kandydata, umiej\u0119tno\u015bci logicznego my\u015blenia i kreatywno\u015bci.<\/p>\n<p>Rozmowa trwa ok. 25 minut.<\/p>\n<hr>\n<p><a style=\\\"text-decoration: none;\\\" href=\\\"https:\/\/calendar.google.com\/calendar\/u\/0\/appointments\/schedules\/AcZssZ1qDDCX7iSNEc75o_0iySM7x92O1IY0O3ET1PBBcI1aqu4gR0AqLd6fbejmLL3KOdtvL1L1YVdC\\\" target=\\\"_blank\\\" rel=\\\"noopener\\\"><button style=\\\"background-color: #1b3a57; color: white; padding: 10px 20px; border: none; border-radius: 8px; font-size: 16px; cursor: pointer;\\\"><br \/>Zarezerwuj spotkanie<\/button><br \/><\/a><\/p>\n<p>\n<\/div><\/div><\/div><\/div><\/div><\/section><section class=\"kc-elm kc_row\"><div class=\"kc-row-container  kc-container\"><div class=\"kc-wrap-columns\"><div class=\"kc-elm kc_column kc_col-sm-12\"><div class=\"kc-col-container\">\n<div class=\"kc-elm kc-title-wrap \">\n\n\t<h1 class=\"kc_title\">The Title<\/h1>\n<\/div>\n<div class=\"kc-elm\" style=\"height: 20px; clear: both; width:100%;\"><\/div><div class=\"kc-elm kc-raw-code\">Sample Code<\/div><\/div><\/div><\/div><\/div><\/section><section class=\"kc-elm kc_row\"><div class=\"kc-row-container  kc-container\"><div class=\"kc-wrap-columns\"><div class=\"kc-elm kc_column kc_col-sm-12\"><div class=\"kc-col-container\">\n<div class=\"kc-elm kc-title-wrap \">\n\n\t<h1 class=\"kc_title\">The Title<\/h1>\n<\/div>\n<div class=\"kc-elm\" style=\"height: 20px; clear: both; width:100%;\"><\/div>\n<div class=\"kc-elm kc-title-wrap \">\n\n\t<h1 class=\"kc_title\">The Title<\/h1>\n<\/div>\n<div class=\"kc-elm\" style=\"height: 20px; clear: both; width:100%;\"><\/div><div class=\"kc-elm kc_text_block\"><\/p>\n<h4 class=\\\"recruitmentProcessArticle\\\">I. Kryteria rekrutacji<\/h4>\n<p><span style=\\\"font-weight: 400;\\\">Decyzja o przyj\u0119ciu do Spo\u0142ecznego Liceum Og\u00f3lnokszta\u0142c\u0105cego nr 1 im. \u015bw. Urszuli Led\u00f3chowskiej w Poznaniu STO jest podejmowana na podstawie:<\/span><\/p>\n<ol>\n<li style=\\\"font-weight: 400;\\\" aria-level=\\\"1\\\"><span style=\\\"font-weight: 400;\\\">autoprezentacji kandydata (maks. 35 punkt\u00f3w);<\/span><\/li>\n<li style=\\\"font-weight: 400;\\\" aria-level=\\\"1\\\"><span style=\\\"font-weight: 400;\\\">wynik\u00f3w rozmowy wst\u0119pnej (maks. 60 punkt\u00f3w);<\/span><\/li>\n<li style=\\\"font-weight: 400;\\\" aria-level=\\\"1\\\"><span style=\\\"font-weight: 400;\\\">wynik\u00f3w egzaminu (maks. 45 punkt\u00f3w):<\/span>\n<ul>\n<li style=\\\"font-weight: 400;\\\" aria-level=\\\"2\\\"><span style=\\\"font-weight: 400;\\\">w rekrutacji podstawowej: wynik\u00f3w uzyskanych przez kandydata na wewn\u0119trznym egzaminie wst\u0119pnym z j\u0119zyka polskiego, matematyki i j\u0119zyka angielskiego,<\/span><\/li>\n<li style=\\\"font-weight: 400;\\\" aria-level=\\\"2\\\"><span style=\\\"font-weight: 400;\\\">w rekrutacji uzupe\u0142niaj\u0105cej: wynik\u00f3w egzaminu \u00f3smoklasisty;<\/span><\/li>\n<\/ul>\n<\/li>\n<li style=\\\"font-weight: 400;\\\" aria-level=\\\"1\\\"><span style=\\\"font-weight: 400;\\\">wynik\u00f3w uzyskanych na \u015bwiadectwie (maks. 80 punkt\u00f3w):\u00a0<\/span>\n<ul>\n<li style=\\\"font-weight: 400;\\\" aria-level=\\\"2\\\"><span style=\\\"font-weight: 400;\\\">w rekrutacji podstawowej: \u015bwiadectwo z si\u00f3dmej klasy,<\/span><\/li>\n<li style=\\\"font-weight: 400;\\\" aria-level=\\\"2\\\"><span style=\\\"font-weight: 400;\\\">w rekrutacji uzupe\u0142niaj\u0105cej: \u015bwiadectwo uko\u0144czenia szko\u0142y podstawowej.<\/span><\/li>\n<\/ul>\n<\/li>\n<\/ol>\n<h4><b>II. Przebieg rekrutacji i zasady przyznawania punkt\u00f3w<\/b><\/h4>\n<ol>\n<li style=\\\"font-weight: 400;\\\" aria-level=\\\"1\\\"><b>Zg\u0142oszenie kandydata i op\u0142ata rekrutacyjna. <\/b><span style=\\\"font-weight: 400;\\\">Uczniowie staraj\u0105cy si\u0119 o przyj\u0119cie do klasy pierwszej wype\u0142niaj\u0105 wniosek zamieszczony na stronie internetowej szko\u0142y. Formularz zawiera niezb\u0119dne dane osobowe ucznia, inne dane niezb\u0119dne dla podj\u0119cia decyzji o przyj\u0119ciu do szko\u0142y oraz wyb\u00f3r deklarowanych przedmiot\u00f3w rozszerzonych. Rodzice ucznia zobowi\u0105zani s\u0105 do uiszczenia bezzwrotnej op\u0142aty rekrutacyjnej w kwocie 200 z\u0142 na rachunek bankowy szko\u0142y najp\u00f3\u017aniej trzy dni przed pierwszym spotkaniem rekrutacyjnym.<\/span><\/li>\n<li style=\\\"font-weight: 400;\\\" aria-level=\\\"1\\\"><b>Autoprezentacja kandydata. <\/b><span style=\\\"font-weight: 400;\\\">Uczniowie staraj\u0105cy si\u0119 o przyj\u0119cie do klasy pierwszej przygotowuj\u0105 kr\u00f3tk\u0105 autoprezentacj\u0119, przedstawiaj\u0105c w niej swoje zainteresowania, osi\u0105gni\u0119cia. Mo\u017ce ona mie\u0107 posta\u0107 filmu lub prezentacji z nagran\u0105 \u015bcie\u017ck\u0105 d\u017awi\u0119kow\u0105; czas trwania\u00a0 maksymalnie 3 minuty. Autoprezentacja powinna zosta\u0107 przes\u0142ana na adres <\/span><a href=\\\"mailto:rekrutacja@spolecznajedynka.pl\\\"><span style=\\\"font-weight: 400;\\\">rekrutacja@spolecznajedynka.pl<\/span><\/a><span style=\\\"font-weight: 400;\\\"> najp\u00f3\u017aniej trzy dni przed rozmow\u0105 wst\u0119pn\u0105. Autoprezentacja jest oceniana w skali: 35, 30, 25, 20, 15 lub 10 punkt\u00f3w.<\/span><\/li>\n<li style=\\\"font-weight: 400;\\\" aria-level=\\\"1\\\"><b>Rozmowa wst\u0119pna. <\/b><span style=\\\"font-weight: 400;\\\">Rozmow\u0119 z kandydatem prowadzi zesp\u00f3\u0142 z\u0142o\u017cony z nauczycieli. Rozmowa dotyczy zainteresowa\u0144 kandydata, wiedzy og\u00f3lnej, wsp\u00f3\u0142czesnych problem\u00f3w \u017cycia spo\u0142ecznego, kultury i sztuki. Jej celem jest tak\u017ce sprawdzenie kompetencji spo\u0142ecznych kandydata, umiej\u0119tno\u015bci logicznego my\u015blenia i kreatywno\u015bci. Rozmowa trwa ok. 25 minut i jest oceniana w skali: 60, 50, 40, 30, 20 lub 10 punkt\u00f3w.<\/span><\/li>\n<li style=\\\"font-weight: 400;\\\" aria-level=\\\"1\\\"><b>Punkty za egzamin. <\/b><span style=\\\"font-weight: 400;\\\">Kandydaci bior\u0105cy udzia\u0142 w rekrutacji podstawowej przyst\u0119puj\u0105 do wewn\u0119trznego egzaminu z j\u0119zyka polskiego, matematyki i j\u0119zyka angielskiego. Kandydat mo\u017ce uzyska\u0107 \u0142\u0105cznie 45 punkt\u00f3w za egzamin. Sum\u0119 wynik\u00f3w procentowych wszystkich cz\u0119\u015bci egzaminu mno\u017cy si\u0119 przez 0,15.\u00a0<\/span><\/li>\n<\/ol>\n<p><span style=\\\"font-weight: 400;\\\">Kandydaci bior\u0105cy udzia\u0142 w rekrutacji uzupe\u0142niaj\u0105cej mog\u0105 uzyska\u0107 \u0142\u0105cznie 45 punkt\u00f3w za egzamin \u00f3smoklasisty. Sum\u0119 wynik\u00f3w procentowych wszystkich cz\u0119\u015bci egzaminu mno\u017cy si\u0119 przez 0,15.\u00a0<\/span><\/p>\n<ol>\n<li style=\\\"font-weight: 400;\\\" aria-level=\\\"1\\\"><b>Punkty za \u015bwiadectwo.<\/b><span style=\\\"font-weight: 400;\\\"> Rekrutacja w terminie podstawowym prowadzona jest w oparciu o wyniki ze \u015bwiadectwa uko\u0144czenia si\u00f3dmej klasy. Rekrutacja w terminie uzupe\u0142niaj\u0105cym prowadzona jest w oparciu o wyniki ze \u015bwiadectwa uko\u0144czenia szko\u0142y podstawowej.<\/span><\/li>\n<\/ol>\n<p><span style=\\\"font-weight: 400;\\\">W ka\u017cdym przypadku kandydat mo\u017ce uzyska\u0107 \u0142\u0105cznie 40 punkt\u00f3w na \u015bwiadectwie, w tym 4 punkty za ocen\u0119 zachowania i 36 punkt\u00f3w za oceny z wymienionych ni\u017cej przedmiot\u00f3w.\u00a0<\/span><\/p>\n<ol>\n<li style=\\\"font-weight: 400;\\\" aria-level=\\\"2\\\"><span style=\\\"font-weight: 400;\\\">dla kandydat\u00f3w ubiegaj\u0105cych si\u0119 o przyj\u0119cie na rozszerzenia \u0142\u0105czone z rozszerzon\u0105 matematyk\u0105:<\/span>\n<ul>\n<li style=\\\"font-weight: 400;\\\" aria-level=\\\"3\\\"><span style=\\\"font-weight: 400;\\\">ocena z matematyki,<\/span><\/li>\n<li style=\\\"font-weight: 400;\\\" aria-level=\\\"3\\\"><span style=\\\"font-weight: 400;\\\">najwy\u017csza ocena spo\u015br\u00f3d przedmiot\u00f3w: chemia, fizyka, biologia,<\/span><\/li>\n<li style=\\\"font-weight: 400;\\\" aria-level=\\\"3\\\"><span style=\\\"font-weight: 400;\\\">najwy\u017csza ocena spo\u015br\u00f3d przedmiot\u00f3w: historia, geografia,<\/span><\/li>\n<li style=\\\"font-weight: 400;\\\" aria-level=\\\"3\\\"><span style=\\\"font-weight: 400;\\\">ocena z j\u0119zyka angielskiego.<\/span><\/li>\n<\/ul>\n<\/li>\n<li style=\\\"font-weight: 400;\\\" aria-level=\\\"2\\\"><span style=\\\"font-weight: 400;\\\">dla kandydat\u00f3w ubiegaj\u0105cych si\u0119 o przyj\u0119cie na rozszerzenia \u0142\u0105czone z podstawow\u0105 matematyk\u0105:<\/span>\n<ul>\n<li style=\\\"font-weight: 400;\\\" aria-level=\\\"3\\\"><span style=\\\"font-weight: 400;\\\">najwy\u017csza ocena spo\u015br\u00f3d przedmiot\u00f3w: matematyka, j\u0119zyk polski,<\/span><\/li>\n<li style=\\\"font-weight: 400;\\\" aria-level=\\\"3\\\"><span style=\\\"font-weight: 400;\\\">najwy\u017csza ocena spo\u015br\u00f3d przedmiot\u00f3w: chemia, fizyka, biologia,<\/span><\/li>\n<li style=\\\"font-weight: 400;\\\" aria-level=\\\"3\\\"><span style=\\\"font-weight: 400;\\\">najwy\u017csza ocena spo\u015br\u00f3d przedmiot\u00f3w: historia, geografia,<\/span><\/li>\n<li style=\\\"font-weight: 400;\\\" aria-level=\\\"3\\\"><span style=\\\"font-weight: 400;\\\">ocena z j\u0119zyka angielskiego.<\/span><\/li>\n<\/ul>\n<\/li>\n<\/ol>\n<p><span style=\\\"font-weight: 400;\\\">Wymienione oceny przeliczane s\u0105 na punkty w nast\u0119puj\u0105cy spos\u00f3b:<\/span><\/p>\n<ul>\n<li style=\\\"font-weight: 400;\\\" aria-level=\\\"3\\\"><span style=\\\"font-weight: 400;\\\">celuj\u0105cy &#8211; 9 punkt\u00f3w,<\/span><\/li>\n<li style=\\\"font-weight: 400;\\\" aria-level=\\\"3\\\"><span style=\\\"font-weight: 400;\\\">bardzo dobry &#8211; 8 punkt\u00f3w,<\/span><\/li>\n<li style=\\\"font-weight: 400;\\\" aria-level=\\\"3\\\"><span style=\\\"font-weight: 400;\\\">dobry &#8211; 5 punkt\u00f3w,<\/span><\/li>\n<li style=\\\"font-weight: 400;\\\" aria-level=\\\"3\\\"><span style=\\\"font-weight: 400;\\\">dostateczny &#8211; 1 punkt,<\/span><\/li>\n<li style=\\\"font-weight: 400;\\\" aria-level=\\\"3\\\"><span style=\\\"font-weight: 400;\\\">dopuszczaj\u0105cy &#8211; 0 punkt\u00f3w.<\/span><\/li>\n<\/ul>\n<p><span style=\\\"font-weight: 400;\\\">Ocena zachowania przeliczana jest na punkty w nast\u0119puj\u0105cy spos\u00f3b:<\/span><\/p>\n<ul>\n<li style=\\\"font-weight: 400;\\\" aria-level=\\\"3\\\"><span style=\\\"font-weight: 400;\\\">ocena wzorowa &#8211; 4 punkty,<\/span><\/li>\n<li style=\\\"font-weight: 400;\\\" aria-level=\\\"3\\\"><span style=\\\"font-weight: 400;\\\">ocena bardzo dobra &#8211; 2 punkty.<\/span><\/li>\n<\/ul>\n<ol>\n<li style=\\\"font-weight: 400;\\\" aria-level=\\\"1\\\"><b>Punkty za udokumentowane osi\u0105gni\u0119cia naukowe i sportowe.<\/b><span style=\\\"font-weight: 400;\\\"> Kandydat mo\u017ce uzyska\u0107 \u0142\u0105cznie 20 punkt\u00f3w za udokumentowane osi\u0105gni\u0119cia naukowe i sportowe.<\/span><\/li>\n<li style=\\\"font-weight: 400;\\\" aria-level=\\\"1\\\"><b>Punkty za udokumentowan\u0105 dzia\u0142alno\u015b\u0107 spo\u0142eczn\u0105.<\/b><span style=\\\"font-weight: 400;\\\"> Kandydat mo\u017ce uzyska\u0107 \u0142\u0105cznie 20 punkt\u00f3w za udokumentowan\u0105 dzia\u0142alno\u015b\u0107 spo\u0142eczn\u0105.<\/span><\/li>\n<\/ol>\n<h4><b>III. Laureaci og\u00f3lnopolskich olimpiad i konkurs\u00f3w przedmiotowych<\/b><\/h4>\n<ol>\n<li style=\\\"font-weight: 400;\\\" aria-level=\\\"1\\\"><span style=\\\"font-weight: 400;\\\">Laureaci i finali\u015bci og\u00f3lnopolskich olimpiad przedmiotowych oraz laureaci konkurs\u00f3w przedmiotowych o zasi\u0119gu wojew\u00f3dzkim lub ponadwojew\u00f3dzkim, przeprowadzonych zgodnie z przepisami wydanymi na podstawie art. 22 ust. 2 pkt 8 ustawy o systemie o\u015bwiaty uzyskuj\u0105 125 punkt\u00f3w z cz\u0119\u015bci oceny, o kt\u00f3rej mowa w punkcie II.4 &#8211; II.7.<\/span><\/li>\n<li style=\\\"font-weight: 400;\\\" aria-level=\\\"1\\\"><span style=\\\"font-weight: 400;\\\">Kandydaci spe\u0142niaj\u0105cy warunki, o kt\u00f3rych mowa w punkcie 1. dokonuj\u0105 autoprezentacji i odbywaj\u0105 rozmow\u0119 wst\u0119pn\u0105 zgodnie z zasadami opisanymi w p. II.2 oraz II.3.<\/span><\/li>\n<\/ol>\n<h4><b>IV. Kandydaci z zagranicy<\/b><\/h4>\n<p><span style=\\\"font-weight: 400;\\\">Warunkiem przyj\u0119cia do szko\u0142y osoby, kt\u00f3ra uczy\u0142a si\u0119 za granic\u0105, jest:<\/span><\/p>\n<ol>\n<li style=\\\"font-weight: 400;\\\" aria-level=\\\"1\\\"><span style=\\\"font-weight: 400;\\\">okazanie \u015bwiadectwa uprawniaj\u0105cego do podj\u0119cia nauki na poziomie liceum;<\/span><\/li>\n<li style=\\\"font-weight: 400;\\\" aria-level=\\\"1\\\"><span style=\\\"font-weight: 400;\\\">przedstawienie autoprezentacj\u0119, przedstawiaj\u0105cej zainteresowania, pasje, osi\u0105gni\u0119cia kandydata; mo\u017ce ona mie\u0107 posta\u0107 filmu lub prezentacji z nagran\u0105 \u015bcie\u017ck\u0105 d\u017awi\u0119kow\u0105; czas trwania\u00a0 maksymalnie 3 minuty;<\/span><\/li>\n<li style=\\\"font-weight: 400;\\\" aria-level=\\\"1\\\"><span style=\\\"font-weight: 400;\\\">odbycie rozmowy wst\u0119pnej prowadzonej przez zesp\u00f3\u0142 z\u0142o\u017cony z nauczycieli j\u0119zyka polskiego, matematyki i j\u0119zyka angielskiego. Celem rozmowy jest ocena zdolno\u015bci do podj\u0119cia nauki na poziomie liceum.<\/span><\/li>\n<\/ol>\n<p><span style=\\\"font-weight: 400;\\\">Decyzj\u0119 o przyj\u0119ciu podejmuje dyrektor w oparciu o opini\u0119 zespo\u0142u i dost\u0119pno\u015b\u0107 wolnych miejsc.<\/span><\/p>\n<h4><b>V. Terminy rekrutacji i op\u0142aty<\/b><\/h4>\n<p><span style=\\\"font-weight: 400;\\\">Rekrutacja w terminie podstawowym:<\/span><\/p>\n<ul>\n<li style=\\\"font-weight: 400;\\\" aria-level=\\\"1\\\"><span style=\\\"font-weight: 400;\\\">przyjmowanie zg\u0142osze\u0144 &#8211; do 24 kwietnia 2026<\/span><\/li>\n<li style=\\\"font-weight: 400;\\\" aria-level=\\\"1\\\"><span style=\\\"font-weight: 400;\\\">dostarczenie \u015bwiadectwa uko\u0144czenia klasy si\u00f3dmej i odpisu ocen \u015br\u00f3drocznych z I p\u00f3\u0142rocza klasy \u00f3smej &#8211; do 25 kwietnia 2026<\/span><\/li>\n<li style=\\\"font-weight: 400;\\\" aria-level=\\\"1\\\"><span style=\\\"font-weight: 400;\\\">egzamin wewn\u0119trzny z j\u0119zyka polskiego, matematyki i j\u0119zyka angielskiego: 25 kwietnia 2026<\/span><\/li>\n<li style=\\\"font-weight: 400;\\\" aria-level=\\\"1\\\"><span style=\\\"font-weight: 400;\\\">dostarczenie autoprezentacji &#8211; dwa dni przed rozmow\u0105 rekrutacyjn\u0105<\/span><\/li>\n<li style=\\\"font-weight: 400;\\\" aria-level=\\\"1\\\"><span style=\\\"font-weight: 400;\\\">rozmowy wst\u0119pne &#8211; 10 kwietnia &#8211; 6 maja 2026 (wg terminarza podanego na stronie szko\u0142y)<\/span><\/li>\n<li style=\\\"font-weight: 400;\\\" aria-level=\\\"1\\\"><span style=\\\"font-weight: 400;\\\">wyniki rekrutacji: 8 maja 2026<\/span><\/li>\n<li style=\\\"font-weight: 400;\\\" aria-level=\\\"1\\\"><span style=\\\"font-weight: 400;\\\">podpisanie um\u00f3w edukacyjnych: w terminie 2 tygodni od otrzymania umowy<\/span><\/li>\n<\/ul>\n<p>\n<\/div><\/div><\/div><\/div><\/div><\/section><section class=\"kc-elm kc_row\"><div class=\"kc-row-container  kc-container\"><div class=\"kc-wrap-columns\"><div class=\"kc-elm kc_column kc_col-sm-12\"><div class=\"kc-col-container\"><div class=\"kc-elm kc_text_block\"><\/p>\n<p>Rekrutacja do liceum w Poznaniu to wa\u017cny proces w \u017cyciu ucznia, maj\u0105cy cz\u0119sto g\u0142\u00f3wny wp\u0142yw na przebieg jego dalszej kariery. Decyzji o wyborze liceum i wzi\u0119ciu udzia\u0142u w naborze nie warto zostawia\u0107 na ostatni\u0105 chwil\u0119. Je\u015bli my\u015blisz powa\u017cnie o swojej przysz\u0142o\u015bci, ju\u017c dzi\u015b zapoznaj si\u0119 z kryteriami rekrutacji do Spo\u0142ecznego Liceum Og\u00f3lnokszta\u0142c\u0105cym nr 1 im. \u015bw. Urszuli Led\u00f3chowskiej w Poznaniu Spo\u0142ecznego Towarzystwa O\u015bwiatowego.<\/p>\n<h3 class=\\\"fsz28\\\"><strong>Rekrutacja do liceum Pozna\u0144 &#8211; zasady rekrutacji<\/strong><\/h3>\n<p>Przeczytaj uwa\u017cnie zasady rekrutacji do liceum w\u00a0Poznaniu. Dzi\u0119ki temu zrozumiesz, na czym powiniene\u015b si\u0119 szczeg\u00f3lnie skupi\u0107 i\u00a0co nale\u017cy przygotowa\u0107, by osi\u0105gn\u0105\u0107 wymagane progi punktowe. Praktycznie r\u00f3wnowa\u017cne s\u0105 nagrana autoprezentacja kandydata i\u00a0rezultat rozmowy wst\u0119pnej na \u017cywo, jak i\u00a0\u015bwiadectwo uko\u0144czenia szko\u0142y podstawowej i\u00a0wyniki egzamin\u00f3w. Szczeg\u00f3\u0142owe zasady przyznawania punkt\u00f3w s\u0105 jawne.<\/p>\n<p>Du\u017cym atutem w\u00a0procesie naboru do liceum jest uczestnictwo w\u00a0fina\u0142ach konkurs\u00f3w i\u00a0przedmiotowych olimpiad. Do sk\u0142adania wniosk\u00f3w o\u00a0przyj\u0119cie do naszej szko\u0142y zapraszamy r\u00f3wnie\u017c kandydat\u00f3w z\u00a0zagranicy.<\/p>\n<p>Wniosek o\u00a0przyj\u0119cie do pierwszej klasy wype\u0142nisz online. Uwa\u017cnie i\u00a0zgodnie z\u00a0prawd\u0105 odpowiadaj na pytania z\u00a0formularza.\u00a0 By unikn\u0105\u0107 nieporozumie\u0144, zwr\u00f3\u0107 r\u00f3wnie\u017c uwag\u0119 na terminy rekrutacji i\u00a0zasady uiszczania niezb\u0119dnych op\u0142at. Je\u015bli zostaniesz przyj\u0119ty w\u00a0szeregi naszych uczni\u00f3w, przygotuj si\u0119 do testu z\u00a0j\u0119zyka angielskiego, kt\u00f3ry przyporz\u0105dkuje Ci\u0119 do odpowiedniej grupy. W\u00a0wypadku braku pozytywnej decyzji o\u00a0przyj\u0119ciu do LO, mo\u017cesz wzi\u0105\u0107 udzia\u0142 w\u00a0rekrutacji uzupe\u0142niaj\u0105cej, w\u00a0kt\u00f3rej nieco \u0142atwiej jest spe\u0142ni\u0107 kryteria punktacji.<\/p>\n<p>Skontaktuj si\u0119 z\u00a0nami, je\u015bli cokolwiek budzi Twoje w\u0105tpliwo\u015bci. Ch\u0119tnie odpowiemy na wszystkie pytania.<\/p>\n<p>\n<\/div><\/div><\/div><div class=\"kc-elm kc_column kc_col-sm-12\"><div class=\"kc-col-container\"><div class=\"kc-elm kc_shortcode kc_single_image\">\n\n        <img decoding=\"async\" src=\"https:\/\/spolecznajedynka.pl\/lo\/wp-content\/plugins\/kingcomposer\/assets\/images\/get_start.jpg\" class=\"kc_image_empty\" alt=\"\" \/>    <\/div>\n<\/div><\/div><\/div><\/div><\/section><section class=\"kc-elm kc_row\"><div class=\"kc-row-container  kc-container\"><div class=\"kc-wrap-columns\"><div class=\"kc-elm kc_column kc_col-sm-12\"><div class=\"kc-col-container\">\n<div class=\"kc-elm kc-title-wrap \">\n\n\t<h1 class=\"kc_title\">The Title<\/h1>\n<\/div>\n<div class=\"kc-elm\" style=\"height: 20px; clear: both; width:100%;\"><\/div>\n<div class=\"kc-elm kc-title-wrap \">\n\n\t<h1 class=\"kc_title\">The Title<\/h1>\n<\/div>\n<div class=\"kc-elm\" style=\"height: 20px; clear: both; width:100%;\"><\/div><div class=\"kc-elm kc_text_block\"><\/p>\n<table class=\\\"table\\\">\n<tbody>\n<tr>\n<td><a href=\\\"https:\/\/liceum.spolecznajedynka.pl\/rekrutacja-do-liceum-poznan\/zgloszenie-do-klasy-i\\\">przyjmowanie zg\u0142osze\u0144 kandydat\u00f3w\u00a0<\/a><\/td>\n<td><strong>do 24 czerwca 2023<\/strong><\/td>\n<\/tr>\n<tr>\n<td>rozmowy wst\u0119pne<\/td>\n<td>\n<p><strong>kwiecie\u0144 2023<\/strong><br \/><strong>czerwiec 2023<\/strong><br \/><strong>lipiec 2023<\/strong><\/p>\n<p>(harmonogram zostanie opublikowany w\u00a0marcu)<\/td>\n<\/tr>\n<tr>\n<td>dostarczenie kopii \u015bwiadectw i\u00a0za\u015bwiadcze\u0144 o\u00a0wynikach egzaminu<\/td>\n<td><strong>do 11 lipca 2023<\/strong><\/td>\n<\/tr>\n<tr>\n<td>\u00a0og\u0142oszenie wynik\u00f3w<\/td>\n<td><strong>do 14 lipca 2023<\/strong><\/td>\n<\/tr>\n<tr>\n<td>\u00a0podpisanie um\u00f3w edukacyjnych<\/td>\n<td><strong>do 24 lipca 2023<\/strong><\/td>\n<\/tr>\n<\/tbody>\n<\/table>\n<p>\n<\/div><\/div><\/div><\/div><\/div><\/section><\/p>\n","protected":false},"excerpt":{"rendered":"","protected":false},"author":2,"featured_media":0,"parent":174,"menu_order":0,"comment_status":"closed","ping_status":"closed","template":"","meta":{"_acf_changed":false,"footnotes":""},"class_list":["post-166","page","type-page","status-publish","hentry"],"acf":[],"yoast_head":"<!-- This site is optimized with the Yoast SEO plugin v27.5 - https:\/\/yoast.com\/product\/yoast-seo-wordpress\/ -->\n<title>Rekrutacja do liceum Pozna\u0144 - Spo\u0142eczne Liceum Og\u00f3lnokszta\u0142c\u0105ce nr 1 w Poznaniu<\/title>\n<meta name=\"robots\" content=\"index, follow, max-snippet:-1, max-image-preview:large, max-video-preview:-1\" \/>\n<link rel=\"canonical\" href=\"https:\/\/spolecznajedynka.pl\/lo\/dolacz-do-nas\/rekrutacja-do-liceum-poznan\/\" \/>\n<meta property=\"og:locale\" content=\"pl_PL\" \/>\n<meta property=\"og:type\" content=\"article\" \/>\n<meta property=\"og:title\" content=\"Rekrutacja do liceum Pozna\u0144 - Spo\u0142eczne Liceum Og\u00f3lnokszta\u0142c\u0105ce nr 1 w Poznaniu\" \/>\n<meta property=\"og:description\" content=\"The Title Nie przegap wa\u017cnych termin\u00f3w: Carousel Images: No images upload EGZAMIN WEWN\u0118TRZNY \u00a0 To wa\u017cny moment w harmonogramie tegorocznej...\" \/>\n<meta property=\"og:url\" content=\"https:\/\/spolecznajedynka.pl\/lo\/dolacz-do-nas\/rekrutacja-do-liceum-poznan\/\" \/>\n<meta property=\"og:site_name\" content=\"Spo\u0142eczne Liceum Og\u00f3lnokszta\u0142c\u0105ce nr 1 w Poznaniu\" \/>\n<meta property=\"article:publisher\" content=\"https:\/\/www.facebook.com\/p\/Liceum-Spoeczna-Jedynka-Pozna-100082885224687\" \/>\n<meta property=\"article:modified_time\" content=\"2026-04-01T21:15:01+00:00\" \/>\n<meta property=\"og:image\" content=\"https:\/\/spolecznajedynka.pl\/lo\/wp-content\/uploads\/sites\/2\/2025\/03\/Dolacz-do-nas-1.png\" \/>\n<meta name=\"twitter:card\" content=\"summary_large_image\" \/>\n<meta name=\"twitter:label1\" content=\"Szacowany czas czytania\" \/>\n\t<meta name=\"twitter:data1\" content=\"10 minut\" \/>\n<script type=\"application\/ld+json\" class=\"yoast-schema-graph\">{\"@context\":\"https:\\\/\\\/schema.org\",\"@graph\":[{\"@type\":\"WebPage\",\"@id\":\"https:\\\/\\\/spolecznajedynka.pl\\\/lo\\\/dolacz-do-nas\\\/rekrutacja-do-liceum-poznan\\\/\",\"url\":\"https:\\\/\\\/spolecznajedynka.pl\\\/lo\\\/dolacz-do-nas\\\/rekrutacja-do-liceum-poznan\\\/\",\"name\":\"Rekrutacja do liceum Pozna\u0144 - Spo\u0142eczne Liceum Og\u00f3lnokszta\u0142c\u0105ce nr 1 w Poznaniu\",\"isPartOf\":{\"@id\":\"https:\\\/\\\/spolecznajedynka.pl\\\/lo\\\/#website\"},\"primaryImageOfPage\":{\"@id\":\"https:\\\/\\\/spolecznajedynka.pl\\\/lo\\\/dolacz-do-nas\\\/rekrutacja-do-liceum-poznan\\\/#primaryimage\"},\"image\":{\"@id\":\"https:\\\/\\\/spolecznajedynka.pl\\\/lo\\\/dolacz-do-nas\\\/rekrutacja-do-liceum-poznan\\\/#primaryimage\"},\"thumbnailUrl\":\"https:\\\/\\\/spolecznajedynka.pl\\\/lo\\\/wp-content\\\/plugins\\\/kingcomposer\\\/assets\\\/images\\\/get_start.jpg\",\"datePublished\":\"2023-09-25T19:49:03+00:00\",\"dateModified\":\"2026-04-01T21:15:01+00:00\",\"breadcrumb\":{\"@id\":\"https:\\\/\\\/spolecznajedynka.pl\\\/lo\\\/dolacz-do-nas\\\/rekrutacja-do-liceum-poznan\\\/#breadcrumb\"},\"inLanguage\":\"pl-PL\",\"potentialAction\":[{\"@type\":\"ReadAction\",\"target\":[\"https:\\\/\\\/spolecznajedynka.pl\\\/lo\\\/dolacz-do-nas\\\/rekrutacja-do-liceum-poznan\\\/\"]}]},{\"@type\":\"ImageObject\",\"inLanguage\":\"pl-PL\",\"@id\":\"https:\\\/\\\/spolecznajedynka.pl\\\/lo\\\/dolacz-do-nas\\\/rekrutacja-do-liceum-poznan\\\/#primaryimage\",\"url\":\"https:\\\/\\\/spolecznajedynka.pl\\\/lo\\\/wp-content\\\/plugins\\\/kingcomposer\\\/assets\\\/images\\\/get_start.jpg\",\"contentUrl\":\"https:\\\/\\\/spolecznajedynka.pl\\\/lo\\\/wp-content\\\/plugins\\\/kingcomposer\\\/assets\\\/images\\\/get_start.jpg\"},{\"@type\":\"BreadcrumbList\",\"@id\":\"https:\\\/\\\/spolecznajedynka.pl\\\/lo\\\/dolacz-do-nas\\\/rekrutacja-do-liceum-poznan\\\/#breadcrumb\",\"itemListElement\":[{\"@type\":\"ListItem\",\"position\":1,\"name\":\"Strona g\u0142\u00f3wna\",\"item\":\"https:\\\/\\\/spolecznajedynka.pl\\\/lo\\\/\"},{\"@type\":\"ListItem\",\"position\":2,\"name\":\"Do\u0142\u0105cz do nas\",\"item\":\"https:\\\/\\\/spolecznajedynka.pl\\\/lo\\\/dolacz-do-nas\\\/\"},{\"@type\":\"ListItem\",\"position\":3,\"name\":\"Rekrutacja do liceum Pozna\u0144\"}]},{\"@type\":\"WebSite\",\"@id\":\"https:\\\/\\\/spolecznajedynka.pl\\\/lo\\\/#website\",\"url\":\"https:\\\/\\\/spolecznajedynka.pl\\\/lo\\\/\",\"name\":\"Spo\u0142eczne Liceum Og\u00f3lnokszta\u0142c\u0105ce nr 1 w Poznaniu\",\"description\":\"\",\"publisher\":{\"@id\":\"https:\\\/\\\/spolecznajedynka.pl\\\/lo\\\/#organization\"},\"potentialAction\":[{\"@type\":\"SearchAction\",\"target\":{\"@type\":\"EntryPoint\",\"urlTemplate\":\"https:\\\/\\\/spolecznajedynka.pl\\\/lo\\\/?s={search_term_string}\"},\"query-input\":{\"@type\":\"PropertyValueSpecification\",\"valueRequired\":true,\"valueName\":\"search_term_string\"}}],\"inLanguage\":\"pl-PL\"},{\"@type\":\"Organization\",\"@id\":\"https:\\\/\\\/spolecznajedynka.pl\\\/lo\\\/#organization\",\"name\":\"Spo\u0142eczne Liceum Og\u00f3lnokszta\u0142c\u0105ce nr 1 w Poznaniu\",\"url\":\"https:\\\/\\\/spolecznajedynka.pl\\\/lo\\\/\",\"logo\":{\"@type\":\"ImageObject\",\"inLanguage\":\"pl-PL\",\"@id\":\"https:\\\/\\\/spolecznajedynka.pl\\\/lo\\\/#\\\/schema\\\/logo\\\/image\\\/\",\"url\":\"https:\\\/\\\/spolecznajedynka.pl\\\/lo\\\/wp-content\\\/uploads\\\/sites\\\/2\\\/2023\\\/08\\\/logo-lo.png\",\"contentUrl\":\"https:\\\/\\\/spolecznajedynka.pl\\\/lo\\\/wp-content\\\/uploads\\\/sites\\\/2\\\/2023\\\/08\\\/logo-lo.png\",\"width\":651,\"height\":355,\"caption\":\"Spo\u0142eczne Liceum Og\u00f3lnokszta\u0142c\u0105ce nr 1 w Poznaniu\"},\"image\":{\"@id\":\"https:\\\/\\\/spolecznajedynka.pl\\\/lo\\\/#\\\/schema\\\/logo\\\/image\\\/\"},\"sameAs\":[\"https:\\\/\\\/www.facebook.com\\\/p\\\/Liceum-Spoeczna-Jedynka-Pozna-100082885224687\",\"https:\\\/\\\/www.instagram.com\\\/spolecznajedynka\\\/\",\"https:\\\/\\\/www.tiktok.com\\\/@lospoleczna1\"]}]}<\/script>\n<!-- \/ Yoast SEO plugin. -->","yoast_head_json":{"title":"Rekrutacja do liceum Pozna\u0144 - Spo\u0142eczne Liceum Og\u00f3lnokszta\u0142c\u0105ce nr 1 w Poznaniu","robots":{"index":"index","follow":"follow","max-snippet":"max-snippet:-1","max-image-preview":"max-image-preview:large","max-video-preview":"max-video-preview:-1"},"canonical":"https:\/\/spolecznajedynka.pl\/lo\/dolacz-do-nas\/rekrutacja-do-liceum-poznan\/","og_locale":"pl_PL","og_type":"article","og_title":"Rekrutacja do liceum Pozna\u0144 - Spo\u0142eczne Liceum Og\u00f3lnokszta\u0142c\u0105ce nr 1 w Poznaniu","og_description":"The Title Nie przegap wa\u017cnych termin\u00f3w: Carousel Images: No images upload EGZAMIN WEWN\u0118TRZNY \u00a0 To wa\u017cny moment w harmonogramie tegorocznej...","og_url":"https:\/\/spolecznajedynka.pl\/lo\/dolacz-do-nas\/rekrutacja-do-liceum-poznan\/","og_site_name":"Spo\u0142eczne Liceum Og\u00f3lnokszta\u0142c\u0105ce nr 1 w Poznaniu","article_publisher":"https:\/\/www.facebook.com\/p\/Liceum-Spoeczna-Jedynka-Pozna-100082885224687","article_modified_time":"2026-04-01T21:15:01+00:00","og_image":[{"url":"https:\/\/spolecznajedynka.pl\/lo\/wp-content\/uploads\/sites\/2\/2025\/03\/Dolacz-do-nas-1.png","type":"","width":"","height":""}],"twitter_card":"summary_large_image","twitter_misc":{"Szacowany czas czytania":"10 minut"},"schema":{"@context":"https:\/\/schema.org","@graph":[{"@type":"WebPage","@id":"https:\/\/spolecznajedynka.pl\/lo\/dolacz-do-nas\/rekrutacja-do-liceum-poznan\/","url":"https:\/\/spolecznajedynka.pl\/lo\/dolacz-do-nas\/rekrutacja-do-liceum-poznan\/","name":"Rekrutacja do liceum Pozna\u0144 - Spo\u0142eczne Liceum Og\u00f3lnokszta\u0142c\u0105ce nr 1 w Poznaniu","isPartOf":{"@id":"https:\/\/spolecznajedynka.pl\/lo\/#website"},"primaryImageOfPage":{"@id":"https:\/\/spolecznajedynka.pl\/lo\/dolacz-do-nas\/rekrutacja-do-liceum-poznan\/#primaryimage"},"image":{"@id":"https:\/\/spolecznajedynka.pl\/lo\/dolacz-do-nas\/rekrutacja-do-liceum-poznan\/#primaryimage"},"thumbnailUrl":"https:\/\/spolecznajedynka.pl\/lo\/wp-content\/plugins\/kingcomposer\/assets\/images\/get_start.jpg","datePublished":"2023-09-25T19:49:03+00:00","dateModified":"2026-04-01T21:15:01+00:00","breadcrumb":{"@id":"https:\/\/spolecznajedynka.pl\/lo\/dolacz-do-nas\/rekrutacja-do-liceum-poznan\/#breadcrumb"},"inLanguage":"pl-PL","potentialAction":[{"@type":"ReadAction","target":["https:\/\/spolecznajedynka.pl\/lo\/dolacz-do-nas\/rekrutacja-do-liceum-poznan\/"]}]},{"@type":"ImageObject","inLanguage":"pl-PL","@id":"https:\/\/spolecznajedynka.pl\/lo\/dolacz-do-nas\/rekrutacja-do-liceum-poznan\/#primaryimage","url":"https:\/\/spolecznajedynka.pl\/lo\/wp-content\/plugins\/kingcomposer\/assets\/images\/get_start.jpg","contentUrl":"https:\/\/spolecznajedynka.pl\/lo\/wp-content\/plugins\/kingcomposer\/assets\/images\/get_start.jpg"},{"@type":"BreadcrumbList","@id":"https:\/\/spolecznajedynka.pl\/lo\/dolacz-do-nas\/rekrutacja-do-liceum-poznan\/#breadcrumb","itemListElement":[{"@type":"ListItem","position":1,"name":"Strona g\u0142\u00f3wna","item":"https:\/\/spolecznajedynka.pl\/lo\/"},{"@type":"ListItem","position":2,"name":"Do\u0142\u0105cz do nas","item":"https:\/\/spolecznajedynka.pl\/lo\/dolacz-do-nas\/"},{"@type":"ListItem","position":3,"name":"Rekrutacja do liceum Pozna\u0144"}]},{"@type":"WebSite","@id":"https:\/\/spolecznajedynka.pl\/lo\/#website","url":"https:\/\/spolecznajedynka.pl\/lo\/","name":"Spo\u0142eczne Liceum Og\u00f3lnokszta\u0142c\u0105ce nr 1 w Poznaniu","description":"","publisher":{"@id":"https:\/\/spolecznajedynka.pl\/lo\/#organization"},"potentialAction":[{"@type":"SearchAction","target":{"@type":"EntryPoint","urlTemplate":"https:\/\/spolecznajedynka.pl\/lo\/?s={search_term_string}"},"query-input":{"@type":"PropertyValueSpecification","valueRequired":true,"valueName":"search_term_string"}}],"inLanguage":"pl-PL"},{"@type":"Organization","@id":"https:\/\/spolecznajedynka.pl\/lo\/#organization","name":"Spo\u0142eczne Liceum Og\u00f3lnokszta\u0142c\u0105ce nr 1 w Poznaniu","url":"https:\/\/spolecznajedynka.pl\/lo\/","logo":{"@type":"ImageObject","inLanguage":"pl-PL","@id":"https:\/\/spolecznajedynka.pl\/lo\/#\/schema\/logo\/image\/","url":"https:\/\/spolecznajedynka.pl\/lo\/wp-content\/uploads\/sites\/2\/2023\/08\/logo-lo.png","contentUrl":"https:\/\/spolecznajedynka.pl\/lo\/wp-content\/uploads\/sites\/2\/2023\/08\/logo-lo.png","width":651,"height":355,"caption":"Spo\u0142eczne Liceum Og\u00f3lnokszta\u0142c\u0105ce nr 1 w Poznaniu"},"image":{"@id":"https:\/\/spolecznajedynka.pl\/lo\/#\/schema\/logo\/image\/"},"sameAs":["https:\/\/www.facebook.com\/p\/Liceum-Spoeczna-Jedynka-Pozna-100082885224687","https:\/\/www.instagram.com\/spolecznajedynka\/","https:\/\/www.tiktok.com\/@lospoleczna1"]}]}},"_links":{"self":[{"href":"https:\/\/spolecznajedynka.pl\/lo\/wp-json\/wp\/v2\/pages\/166","targetHints":{"allow":["GET"]}}],"collection":[{"href":"https:\/\/spolecznajedynka.pl\/lo\/wp-json\/wp\/v2\/pages"}],"about":[{"href":"https:\/\/spolecznajedynka.pl\/lo\/wp-json\/wp\/v2\/types\/page"}],"author":[{"embeddable":true,"href":"https:\/\/spolecznajedynka.pl\/lo\/wp-json\/wp\/v2\/users\/2"}],"replies":[{"embeddable":true,"href":"https:\/\/spolecznajedynka.pl\/lo\/wp-json\/wp\/v2\/comments?post=166"}],"version-history":[{"count":6,"href":"https:\/\/spolecznajedynka.pl\/lo\/wp-json\/wp\/v2\/pages\/166\/revisions"}],"predecessor-version":[{"id":168,"href":"https:\/\/spolecznajedynka.pl\/lo\/wp-json\/wp\/v2\/pages\/166\/revisions\/168"}],"up":[{"embeddable":true,"href":"https:\/\/spolecznajedynka.pl\/lo\/wp-json\/wp\/v2\/pages\/174"}],"wp:attachment":[{"href":"https:\/\/spolecznajedynka.pl\/lo\/wp-json\/wp\/v2\/media?parent=166"}],"curies":[{"name":"wp","href":"https:\/\/api.w.org\/{rel}","templated":true}]}}