{"id":1310,"date":"2024-11-29T01:09:19","date_gmt":"2024-11-29T00:09:19","guid":{"rendered":"https:\/\/spolecznajedynka.pl\/lo\/?page_id=1310"},"modified":"2024-11-29T01:09:19","modified_gmt":"2024-11-29T00:09:19","slug":"przestrzen-akceptacji-w-spolecznej-jedynce","status":"publish","type":"page","link":"https:\/\/spolecznajedynka.pl\/lo\/przestrzen-akceptacji-w-spolecznej-jedynce\/","title":{"rendered":"Przestrze\u0144 akceptacji w Spo\u0142ecznej Jedynce"},"content":{"rendered":"<div class=\"\" data-block=\"true\" data-editor=\"ukgi\" data-offset-key=\"2fsbq-0-0\">\n<div class=\"_1mf _1mj\" data-offset-key=\"2fsbq-0-0\"><span data-offset-key=\"2fsbq-0-0\">PRZESTRZE\u0143 AKCEPTACJI W SPO\u0141ECZNEJ JEDYNCE &#8211; INFORMACJE O PROJEKCIE<\/span><\/div>\n<\/div>\n<div class=\"\" data-block=\"true\" data-editor=\"ukgi\" data-offset-key=\"d155f-0-0\">\n<div class=\"_1mf _1mj\" data-offset-key=\"d155f-0-0\"><span data-offset-key=\"d155f-0-0\">\u00a0<\/span><\/div>\n<\/div>\n<div class=\"\" data-block=\"true\" data-editor=\"ukgi\" data-offset-key=\"fk5q9-0-0\">\n<div class=\"_1mf _1mj\" data-offset-key=\"fk5q9-0-0\"><span data-offset-key=\"fk5q9-0-0\">Samodzielne Ko\u0142o Terenowe nr 15 Spo\u0142ecznego Towarzystwa O\u015bwiatowego realizuje projekt pt. \u201ePrzestrze\u0144 akceptacji w Spo\u0142ecznej Jedynce\u201d w terminie 01.11.2024-31.01.2027 r.<\/span><\/div>\n<\/div>\n<div class=\"\" data-block=\"true\" data-editor=\"ukgi\" data-offset-key=\"nded-0-0\">\n<div data-offset-key=\"nded-0-0\"><\/div>\n<div class=\"_1mf _1mj\" data-offset-key=\"nded-0-0\">Projekt realizowany jest w ramach Funduszy Europejskich dla Wielkopolski na lata 2021-2027.<\/div>\n<\/div>\n<div class=\"\" data-block=\"true\" data-editor=\"ukgi\" data-offset-key=\"2fuio-0-0\">\n<div class=\"_1mf _1mj\" data-offset-key=\"2fuio-0-0\"><span data-offset-key=\"2fuio-0-0\">Warto\u015b\u0107 ca\u0142kowita projektu: 2 716 953,06 PLN<\/span><\/div>\n<\/div>\n<div class=\"\" data-block=\"true\" data-editor=\"ukgi\" data-offset-key=\"95nnn-0-0\">\n<div class=\"_1mf _1mj\" data-offset-key=\"95nnn-0-0\"><span data-offset-key=\"95nnn-0-0\">Wk\u0142ad Funduszy Europejskich: 1 901 867,14 PLN<\/span><\/div>\n<\/div>\n<div class=\"\" data-block=\"true\" data-editor=\"ukgi\" data-offset-key=\"ftpf6-0-0\">\n<div class=\"_1mf _1mj\" data-offset-key=\"ftpf6-0-0\"><span data-offset-key=\"ftpf6-0-0\">\u00a0<\/span><\/div>\n<\/div>\n<div class=\"\" data-block=\"true\" data-editor=\"ukgi\" data-offset-key=\"f8hph-0-0\">\n<div class=\"_1mf _1mj\" data-offset-key=\"f8hph-0-0\"><span data-offset-key=\"f8hph-0-0\">Celem g\u0142\u00f3wnym projektu jest zapewnienie dost\u0119pu do dobrej jako\u015bci w\u0142\u0105czaj\u0105cego kszta\u0142cenia dla 616 (325K, 291M) uczennic\/uczni\u00f3w kszta\u0142cenia og\u00f3lnego i przedszkolnego, w tym w szczeg\u00f3lno\u015bci dla 361 (197K, 164M) uczni\u00f3w ze specjalnymi potrzebami edukacyjnymi, ucz\u0119szczaj\u0105cych do Spo\u0142ecznej Szko\u0142y Podstawowej nr 1 i Liceum Og\u00f3lnokszta\u0142c\u0105cego nr 1 w Poznaniu poprzez organizacj\u0119 zaj\u0119\u0107 dodatkowych, zapewnienie im odpowiednich warunk\u00f3w do rozwijania indywidualnego potencja\u0142u oraz popraw\u0119 dost\u0119pno\u015bci infrastruktury i wyposa\u017cenia szk\u00f3\u0142, z uwzgl\u0119dnieniem zr\u00f3\u017cnicowania ich potrzeb, a tak\u017ce podniesienie kwalifikacji przez 73 (60 K, 13 M) nauczycielek\/nauczycieli, w okresie 27 miesi\u0119cy trwania projektu, w terminie od 01.11.2024 roku do 31.01.2027 roku.<\/span><\/div>\n<\/div>\n<div class=\"\" data-block=\"true\" data-editor=\"ukgi\" data-offset-key=\"49nbl-0-0\">\n<div class=\"_1mf _1mj\" data-offset-key=\"49nbl-0-0\"><span data-offset-key=\"49nbl-0-0\">\u00a0<\/span><\/div>\n<\/div>\n<div class=\"\" data-block=\"true\" data-editor=\"ukgi\" data-offset-key=\"9cbdl-0-0\">\n<div class=\"_1mf _1mj\" data-offset-key=\"9cbdl-0-0\"><span data-offset-key=\"9cbdl-0-0\">GRUPA DOCELOWA: to 616 uczennic\/ uczni\u00f3w (325K, 291M) i ich 73 nauczycielek\/ nauczycieli (60K, 13M) mieszkaj\u0105cych na terenie wojew\u00f3dztwa wielkopolskiego.<\/span><\/div>\n<\/div>\n<div class=\"\" data-block=\"true\" data-editor=\"ukgi\" data-offset-key=\"28mos-0-0\">\n<div class=\"_1mf _1mj\" data-offset-key=\"28mos-0-0\"><span data-offset-key=\"28mos-0-0\">Wsparcie b\u0119dzie obejmowa\u0142o rozszerzenie oferty edukacyjnej o dodatkowe zaj\u0119cia<\/span><\/div>\n<\/div>\n<div class=\"\" data-block=\"true\" data-editor=\"ukgi\" data-offset-key=\"3e3rm-0-0\">\n<div class=\"_1mf _1mj\" data-offset-key=\"3e3rm-0-0\"><span data-offset-key=\"3e3rm-0-0\">edukacyjne i specjalistyczne oraz organizacj\u0119 szkole\u0144 dla kadry. Elementem projektu jest r\u00f3wnie\u017c zakup niezb\u0119dnych pomocy do zaj\u0119\u0107 edukacyjnych i dydaktycznych, sprz\u0119tu, wyposa\u017cenia, dostosowanie budynku do potrzeb os\u00f3b niepe\u0142nosprawnych.<\/span><\/div>\n<\/div>\n<div class=\"\" data-block=\"true\" data-editor=\"ukgi\" data-offset-key=\"8r6r6-0-0\">\n<div data-offset-key=\"8r6r6-0-0\"><\/div>\n<div class=\"_1mf _1mj\" data-offset-key=\"8r6r6-0-0\">\u00a0Udzia\u0142 w projekcie dla uczestnik\u00f3w- beneficjent\u00f3w ostatecznych, tj. nauczycielek\/ nauczycieli i uczennic\/ uczni\u00f3w jest ca\u0142kowicie nieodp\u0142atny. Ca\u0142o\u015b\u0107 wydatk\u00f3w zwi\u0105zanych z realizacj\u0105 projektu finansowane b\u0119dzie ze \u015brodk\u00f3w Unii Europejskiej (EFS+)- 70%, bud\u017cetu pa\u0144stwa- 20% oraz wk\u0142adu w\u0142asnego- 10 %.<\/div>\n<\/div>\n<div class=\"\" data-block=\"true\" data-editor=\"ukgi\" data-offset-key=\"et7d9-0-0\">\n<div class=\"_1mf _1mj\" data-offset-key=\"et7d9-0-0\"><span data-offset-key=\"et7d9-0-0\">\u00a0<\/span><\/div>\n<\/div>\n<div class=\"\" data-block=\"true\" data-editor=\"ukgi\" data-offset-key=\"2j19j-0-0\">\n<div class=\"_1mf _1mj\" data-offset-key=\"2j19j-0-0\"><span class=\"_5zk7\" spellcheck=\"false\" data-offset-key=\"2j19j-0-0\"><span data-offset-key=\"2j19j-0-0\">#FunduszeEU<\/span><\/span> <span class=\"_5zk7\" spellcheck=\"false\" data-offset-key=\"2j19j-2-0\"><span data-offset-key=\"2j19j-2-0\">#FunduszeEuropejskie<\/span><\/span><\/div>\n<\/div>\n","protected":false},"excerpt":{"rendered":"<p>PRZESTRZE\u0143 AKCEPTACJI W SPO\u0141ECZNEJ JEDYNCE &#8211; INFORMACJE O PROJEKCIE \u00a0 Samodzielne Ko\u0142o Terenowe nr 15 Spo\u0142ecznego Towarzystwa O\u015bwiatowego realizuje projekt&#8230;<\/p>\n","protected":false},"author":2,"featured_media":0,"parent":0,"menu_order":0,"comment_status":"closed","ping_status":"closed","template":"","meta":{"_acf_changed":false,"footnotes":""},"class_list":["post-1310","page","type-page","status-publish","hentry"],"acf":[],"yoast_head":"<!-- This site is optimized with the Yoast SEO plugin v27.5 - https:\/\/yoast.com\/product\/yoast-seo-wordpress\/ -->\n<title>Przestrze\u0144 akceptacji w Spo\u0142ecznej Jedynce - Spo\u0142eczne Liceum Og\u00f3lnokszta\u0142c\u0105ce nr 1 w Poznaniu<\/title>\n<meta name=\"robots\" content=\"index, follow, max-snippet:-1, max-image-preview:large, max-video-preview:-1\" \/>\n<link rel=\"canonical\" href=\"https:\/\/spolecznajedynka.pl\/lo\/przestrzen-akceptacji-w-spolecznej-jedynce\/\" \/>\n<meta property=\"og:locale\" content=\"pl_PL\" \/>\n<meta property=\"og:type\" content=\"article\" \/>\n<meta property=\"og:title\" content=\"Przestrze\u0144 akceptacji w Spo\u0142ecznej Jedynce - Spo\u0142eczne Liceum Og\u00f3lnokszta\u0142c\u0105ce nr 1 w Poznaniu\" \/>\n<meta property=\"og:description\" content=\"PRZESTRZE\u0143 AKCEPTACJI W SPO\u0141ECZNEJ JEDYNCE &#8211; INFORMACJE O PROJEKCIE \u00a0 Samodzielne Ko\u0142o Terenowe nr 15 Spo\u0142ecznego Towarzystwa O\u015bwiatowego realizuje projekt...\" \/>\n<meta property=\"og:url\" content=\"https:\/\/spolecznajedynka.pl\/lo\/przestrzen-akceptacji-w-spolecznej-jedynce\/\" \/>\n<meta property=\"og:site_name\" content=\"Spo\u0142eczne Liceum Og\u00f3lnokszta\u0142c\u0105ce nr 1 w Poznaniu\" \/>\n<meta property=\"article:publisher\" content=\"https:\/\/www.facebook.com\/p\/Liceum-Spoeczna-Jedynka-Pozna-100082885224687\" \/>\n<meta name=\"twitter:card\" content=\"summary_large_image\" \/>\n<meta name=\"twitter:label1\" content=\"Szacowany czas czytania\" \/>\n\t<meta name=\"twitter:data1\" content=\"2 minuty\" \/>\n<script type=\"application\/ld+json\" class=\"yoast-schema-graph\">{\"@context\":\"https:\\\/\\\/schema.org\",\"@graph\":[{\"@type\":\"WebPage\",\"@id\":\"https:\\\/\\\/spolecznajedynka.pl\\\/lo\\\/przestrzen-akceptacji-w-spolecznej-jedynce\\\/\",\"url\":\"https:\\\/\\\/spolecznajedynka.pl\\\/lo\\\/przestrzen-akceptacji-w-spolecznej-jedynce\\\/\",\"name\":\"Przestrze\u0144 akceptacji w Spo\u0142ecznej Jedynce - Spo\u0142eczne Liceum Og\u00f3lnokszta\u0142c\u0105ce nr 1 w Poznaniu\",\"isPartOf\":{\"@id\":\"https:\\\/\\\/spolecznajedynka.pl\\\/lo\\\/#website\"},\"datePublished\":\"2024-11-29T00:09:19+00:00\",\"breadcrumb\":{\"@id\":\"https:\\\/\\\/spolecznajedynka.pl\\\/lo\\\/przestrzen-akceptacji-w-spolecznej-jedynce\\\/#breadcrumb\"},\"inLanguage\":\"pl-PL\",\"potentialAction\":[{\"@type\":\"ReadAction\",\"target\":[\"https:\\\/\\\/spolecznajedynka.pl\\\/lo\\\/przestrzen-akceptacji-w-spolecznej-jedynce\\\/\"]}]},{\"@type\":\"BreadcrumbList\",\"@id\":\"https:\\\/\\\/spolecznajedynka.pl\\\/lo\\\/przestrzen-akceptacji-w-spolecznej-jedynce\\\/#breadcrumb\",\"itemListElement\":[{\"@type\":\"ListItem\",\"position\":1,\"name\":\"Strona g\u0142\u00f3wna\",\"item\":\"https:\\\/\\\/spolecznajedynka.pl\\\/lo\\\/\"},{\"@type\":\"ListItem\",\"position\":2,\"name\":\"Przestrze\u0144 akceptacji w Spo\u0142ecznej Jedynce\"}]},{\"@type\":\"WebSite\",\"@id\":\"https:\\\/\\\/spolecznajedynka.pl\\\/lo\\\/#website\",\"url\":\"https:\\\/\\\/spolecznajedynka.pl\\\/lo\\\/\",\"name\":\"Spo\u0142eczne Liceum Og\u00f3lnokszta\u0142c\u0105ce nr 1 w Poznaniu\",\"description\":\"\",\"publisher\":{\"@id\":\"https:\\\/\\\/spolecznajedynka.pl\\\/lo\\\/#organization\"},\"potentialAction\":[{\"@type\":\"SearchAction\",\"target\":{\"@type\":\"EntryPoint\",\"urlTemplate\":\"https:\\\/\\\/spolecznajedynka.pl\\\/lo\\\/?s={search_term_string}\"},\"query-input\":{\"@type\":\"PropertyValueSpecification\",\"valueRequired\":true,\"valueName\":\"search_term_string\"}}],\"inLanguage\":\"pl-PL\"},{\"@type\":\"Organization\",\"@id\":\"https:\\\/\\\/spolecznajedynka.pl\\\/lo\\\/#organization\",\"name\":\"Spo\u0142eczne Liceum Og\u00f3lnokszta\u0142c\u0105ce nr 1 w Poznaniu\",\"url\":\"https:\\\/\\\/spolecznajedynka.pl\\\/lo\\\/\",\"logo\":{\"@type\":\"ImageObject\",\"inLanguage\":\"pl-PL\",\"@id\":\"https:\\\/\\\/spolecznajedynka.pl\\\/lo\\\/#\\\/schema\\\/logo\\\/image\\\/\",\"url\":\"https:\\\/\\\/spolecznajedynka.pl\\\/lo\\\/wp-content\\\/uploads\\\/sites\\\/2\\\/2023\\\/08\\\/logo-lo.png\",\"contentUrl\":\"https:\\\/\\\/spolecznajedynka.pl\\\/lo\\\/wp-content\\\/uploads\\\/sites\\\/2\\\/2023\\\/08\\\/logo-lo.png\",\"width\":651,\"height\":355,\"caption\":\"Spo\u0142eczne Liceum Og\u00f3lnokszta\u0142c\u0105ce nr 1 w Poznaniu\"},\"image\":{\"@id\":\"https:\\\/\\\/spolecznajedynka.pl\\\/lo\\\/#\\\/schema\\\/logo\\\/image\\\/\"},\"sameAs\":[\"https:\\\/\\\/www.facebook.com\\\/p\\\/Liceum-Spoeczna-Jedynka-Pozna-100082885224687\",\"https:\\\/\\\/www.instagram.com\\\/spolecznajedynka\\\/\",\"https:\\\/\\\/www.tiktok.com\\\/@lospoleczna1\"]}]}<\/script>\n<!-- \/ Yoast SEO plugin. -->","yoast_head_json":{"title":"Przestrze\u0144 akceptacji w Spo\u0142ecznej Jedynce - Spo\u0142eczne Liceum Og\u00f3lnokszta\u0142c\u0105ce nr 1 w Poznaniu","robots":{"index":"index","follow":"follow","max-snippet":"max-snippet:-1","max-image-preview":"max-image-preview:large","max-video-preview":"max-video-preview:-1"},"canonical":"https:\/\/spolecznajedynka.pl\/lo\/przestrzen-akceptacji-w-spolecznej-jedynce\/","og_locale":"pl_PL","og_type":"article","og_title":"Przestrze\u0144 akceptacji w Spo\u0142ecznej Jedynce - Spo\u0142eczne Liceum Og\u00f3lnokszta\u0142c\u0105ce nr 1 w Poznaniu","og_description":"PRZESTRZE\u0143 AKCEPTACJI W SPO\u0141ECZNEJ JEDYNCE &#8211; INFORMACJE O PROJEKCIE \u00a0 Samodzielne Ko\u0142o Terenowe nr 15 Spo\u0142ecznego Towarzystwa O\u015bwiatowego realizuje projekt...","og_url":"https:\/\/spolecznajedynka.pl\/lo\/przestrzen-akceptacji-w-spolecznej-jedynce\/","og_site_name":"Spo\u0142eczne Liceum Og\u00f3lnokszta\u0142c\u0105ce nr 1 w Poznaniu","article_publisher":"https:\/\/www.facebook.com\/p\/Liceum-Spoeczna-Jedynka-Pozna-100082885224687","twitter_card":"summary_large_image","twitter_misc":{"Szacowany czas czytania":"2 minuty"},"schema":{"@context":"https:\/\/schema.org","@graph":[{"@type":"WebPage","@id":"https:\/\/spolecznajedynka.pl\/lo\/przestrzen-akceptacji-w-spolecznej-jedynce\/","url":"https:\/\/spolecznajedynka.pl\/lo\/przestrzen-akceptacji-w-spolecznej-jedynce\/","name":"Przestrze\u0144 akceptacji w Spo\u0142ecznej Jedynce - Spo\u0142eczne Liceum Og\u00f3lnokszta\u0142c\u0105ce nr 1 w Poznaniu","isPartOf":{"@id":"https:\/\/spolecznajedynka.pl\/lo\/#website"},"datePublished":"2024-11-29T00:09:19+00:00","breadcrumb":{"@id":"https:\/\/spolecznajedynka.pl\/lo\/przestrzen-akceptacji-w-spolecznej-jedynce\/#breadcrumb"},"inLanguage":"pl-PL","potentialAction":[{"@type":"ReadAction","target":["https:\/\/spolecznajedynka.pl\/lo\/przestrzen-akceptacji-w-spolecznej-jedynce\/"]}]},{"@type":"BreadcrumbList","@id":"https:\/\/spolecznajedynka.pl\/lo\/przestrzen-akceptacji-w-spolecznej-jedynce\/#breadcrumb","itemListElement":[{"@type":"ListItem","position":1,"name":"Strona g\u0142\u00f3wna","item":"https:\/\/spolecznajedynka.pl\/lo\/"},{"@type":"ListItem","position":2,"name":"Przestrze\u0144 akceptacji w Spo\u0142ecznej Jedynce"}]},{"@type":"WebSite","@id":"https:\/\/spolecznajedynka.pl\/lo\/#website","url":"https:\/\/spolecznajedynka.pl\/lo\/","name":"Spo\u0142eczne Liceum Og\u00f3lnokszta\u0142c\u0105ce nr 1 w Poznaniu","description":"","publisher":{"@id":"https:\/\/spolecznajedynka.pl\/lo\/#organization"},"potentialAction":[{"@type":"SearchAction","target":{"@type":"EntryPoint","urlTemplate":"https:\/\/spolecznajedynka.pl\/lo\/?s={search_term_string}"},"query-input":{"@type":"PropertyValueSpecification","valueRequired":true,"valueName":"search_term_string"}}],"inLanguage":"pl-PL"},{"@type":"Organization","@id":"https:\/\/spolecznajedynka.pl\/lo\/#organization","name":"Spo\u0142eczne Liceum Og\u00f3lnokszta\u0142c\u0105ce nr 1 w Poznaniu","url":"https:\/\/spolecznajedynka.pl\/lo\/","logo":{"@type":"ImageObject","inLanguage":"pl-PL","@id":"https:\/\/spolecznajedynka.pl\/lo\/#\/schema\/logo\/image\/","url":"https:\/\/spolecznajedynka.pl\/lo\/wp-content\/uploads\/sites\/2\/2023\/08\/logo-lo.png","contentUrl":"https:\/\/spolecznajedynka.pl\/lo\/wp-content\/uploads\/sites\/2\/2023\/08\/logo-lo.png","width":651,"height":355,"caption":"Spo\u0142eczne Liceum Og\u00f3lnokszta\u0142c\u0105ce nr 1 w Poznaniu"},"image":{"@id":"https:\/\/spolecznajedynka.pl\/lo\/#\/schema\/logo\/image\/"},"sameAs":["https:\/\/www.facebook.com\/p\/Liceum-Spoeczna-Jedynka-Pozna-100082885224687","https:\/\/www.instagram.com\/spolecznajedynka\/","https:\/\/www.tiktok.com\/@lospoleczna1"]}]}},"_links":{"self":[{"href":"https:\/\/spolecznajedynka.pl\/lo\/wp-json\/wp\/v2\/pages\/1310","targetHints":{"allow":["GET"]}}],"collection":[{"href":"https:\/\/spolecznajedynka.pl\/lo\/wp-json\/wp\/v2\/pages"}],"about":[{"href":"https:\/\/spolecznajedynka.pl\/lo\/wp-json\/wp\/v2\/types\/page"}],"author":[{"embeddable":true,"href":"https:\/\/spolecznajedynka.pl\/lo\/wp-json\/wp\/v2\/users\/2"}],"replies":[{"embeddable":true,"href":"https:\/\/spolecznajedynka.pl\/lo\/wp-json\/wp\/v2\/comments?post=1310"}],"version-history":[{"count":1,"href":"https:\/\/spolecznajedynka.pl\/lo\/wp-json\/wp\/v2\/pages\/1310\/revisions"}],"predecessor-version":[{"id":1311,"href":"https:\/\/spolecznajedynka.pl\/lo\/wp-json\/wp\/v2\/pages\/1310\/revisions\/1311"}],"wp:attachment":[{"href":"https:\/\/spolecznajedynka.pl\/lo\/wp-json\/wp\/v2\/media?parent=1310"}],"curies":[{"name":"wp","href":"https:\/\/api.w.org\/{rel}","templated":true}]}}