{"version":"1.0","provider_name":"Biblioteka Spo\u0142ecznej Jedynki","provider_url":"https:\/\/spolecznajedynka.pl\/biblioteka","author_name":"Admin Top","author_url":"https:\/\/spolecznajedynka.pl\/biblioteka\/author\/admin_top\/","title":"Spotkanie z Joann\u0105 Olech - zapowied\u017a - Biblioteka Spo\u0142ecznej Jedynki","type":"rich","width":600,"height":338,"html":"<blockquote class=\"wp-embedded-content\" data-secret=\"8L2BZXHRe8\"><a href=\"https:\/\/spolecznajedynka.pl\/biblioteka\/wydarzenia\/spotkanie-z-joanna-olech-zapowiedz\/\">Spotkanie z Joann\u0105 Olech &#8211; zapowied\u017a<\/a><\/blockquote><iframe sandbox=\"allow-scripts\" security=\"restricted\" src=\"https:\/\/spolecznajedynka.pl\/biblioteka\/wydarzenia\/spotkanie-z-joanna-olech-zapowiedz\/embed\/#?secret=8L2BZXHRe8\" width=\"600\" height=\"338\" title=\"&#8222;Spotkanie z Joann\u0105 Olech &#8211; zapowied\u017a&#8221; &#8212; Biblioteka Spo\u0142ecznej Jedynki\" data-secret=\"8L2BZXHRe8\" frameborder=\"0\" marginwidth=\"0\" marginheight=\"0\" scrolling=\"no\" class=\"wp-embedded-content\"><\/iframe><script type=\"text\/javascript\">\n\/* <![CDATA[ *\/\n\/*! This file is auto-generated *\/\n!function(d,l){\"use strict\";l.querySelector&&d.addEventListener&&\"undefined\"!=typeof URL&&(d.wp=d.wp||{},d.wp.receiveEmbedMessage||(d.wp.receiveEmbedMessage=function(e){var t=e.data;if((t||t.secret||t.message||t.value)&&!\/[^a-zA-Z0-9]\/.test(t.secret)){for(var s,r,n,a=l.querySelectorAll('iframe[data-secret=\"'+t.secret+'\"]'),o=l.querySelectorAll('blockquote[data-secret=\"'+t.secret+'\"]'),c=new RegExp(\"^https?:$\",\"i\"),i=0;i<o.length;i++)o[i].style.display=\"none\";for(i=0;i<a.length;i++)s=a[i],e.source===s.contentWindow&&(s.removeAttribute(\"style\"),\"height\"===t.message?(1e3<(r=parseInt(t.value,10))?r=1e3:~~r<200&&(r=200),s.height=r):\"link\"===t.message&&(r=new URL(s.getAttribute(\"src\")),n=new URL(t.value),c.test(n.protocol))&&n.host===r.host&&l.activeElement===s&&(d.top.location.href=t.value))}},d.addEventListener(\"message\",d.wp.receiveEmbedMessage,!1),l.addEventListener(\"DOMContentLoaded\",function(){for(var e,t,s=l.querySelectorAll(\"iframe.wp-embedded-content\"),r=0;r<s.length;r++)(t=(e=s[r]).getAttribute(\"data-secret\"))||(t=Math.random().toString(36).substring(2,12),e.src+=\"#?secret=\"+t,e.setAttribute(\"data-secret\",t)),e.contentWindow.postMessage({message:\"ready\",secret:t},\"*\")},!1)))}(window,document);\n\/\/# sourceURL=https:\/\/spolecznajedynka.pl\/biblioteka\/wp-includes\/js\/wp-embed.min.js\n\/* ]]> *\/\n<\/script>\n","thumbnail_url":"https:\/\/spolecznajedynka.pl\/biblioteka\/wp-content\/uploads\/sites\/4\/2025\/11\/504784642_4243833462512033_8585721037853113981_n.jpg","thumbnail_width":849,"thumbnail_height":600,"description":"W \u015brod\u0119, 11 pa\u017adziernika, b\u0119dziemy go\u015bci\u0107 w szkole znan\u0105, nagradzan\u0105 i lubian\u0105 pisark\u0119, Joann\u0119 Olech. Od godziny 7.30 wszystkich ch\u0119tni..."}